{"id":8845,"date":"2011-06-03T21:26:34","date_gmt":"2011-06-03T19:26:34","guid":{"rendered":"http:\/\/www.denkfried.de\/wp\/?page_id=8845"},"modified":"2015-12-28T20:08:06","modified_gmt":"2015-12-28T19:08:06","slug":"tempelhof","status":"publish","type":"page","link":"http:\/\/www.denkfried.de\/wp\/?page_id=8845","title":{"rendered":"Denkm\u00e4ler"},"content":{"rendered":"<p>&nbsp;<\/p>\n<p><span style=\"text-decoration: underline;\"><strong>Berlin-Tempelhof &#8211; Denkm\u00e4ler<\/strong><\/span><\/p>\n<p>Bericht und Bilder von Thomas\u00a0<a href=\"http:\/\/g-bb.jimdo.com\/\">Gefallenendenkm\u00e4ler Berlin\/Brandenburg<\/a><\/p>\n<div id='gallery-1' class='gallery galleryid-8845 gallery-columns-4 gallery-size-thumbnail'><dl class='gallery-item'>\n\t\t\t<dt class='gallery-icon landscape'>\n\t\t\t\t<a href='http:\/\/www.denkfried.de\/wp\/?attachment_id=36247'><img loading=\"lazy\" decoding=\"async\" width=\"150\" height=\"150\" src=\"http:\/\/www.denkfried.de\/wp\/wp-content\/uploads\/2011\/06\/Berlin-Tempelhof-Kriegerdenkmal-150x150.jpg\" class=\"attachment-thumbnail size-thumbnail\" alt=\"\" aria-describedby=\"gallery-1-36247\" \/><\/a>\n\t\t\t<\/dt>\n\t\t\t\t<dd class='wp-caption-text gallery-caption' id='gallery-1-36247'>\n\t\t\t\tKriegerdenkmal\n\t\t\t\t<\/dd><\/dl><dl class='gallery-item'>\n\t\t\t<dt class='gallery-icon portrait'>\n\t\t\t\t<a href='http:\/\/www.denkfried.de\/wp\/?attachment_id=37693'><img loading=\"lazy\" decoding=\"async\" width=\"150\" height=\"150\" src=\"http:\/\/www.denkfried.de\/wp\/wp-content\/uploads\/2011\/06\/Berlin-Tempelhof-Gefallenendenkmal-150x150.jpg\" class=\"attachment-thumbnail size-thumbnail\" alt=\"\" aria-describedby=\"gallery-1-37693\" \/><\/a>\n\t\t\t<\/dt>\n\t\t\t\t<dd class='wp-caption-text gallery-caption' id='gallery-1-37693'>\n\t\t\t\tKriegerdenkmal\n\t\t\t\t<\/dd><\/dl><dl class='gallery-item'>\n\t\t\t<dt class='gallery-icon landscape'>\n\t\t\t\t<a href='http:\/\/www.denkfried.de\/wp\/?attachment_id=38728'><img loading=\"lazy\" decoding=\"async\" width=\"150\" height=\"150\" src=\"http:\/\/www.denkfried.de\/wp\/wp-content\/uploads\/2011\/06\/Berlin-Tempelhof-Kriegerdenkmal1-150x150.jpg\" class=\"attachment-thumbnail size-thumbnail\" alt=\"\" aria-describedby=\"gallery-1-38728\" \/><\/a>\n\t\t\t<\/dt>\n\t\t\t\t<dd class='wp-caption-text gallery-caption' id='gallery-1-38728'>\n\t\t\t\tKriegerdenkmal\n\t\t\t\t<\/dd><\/dl><dl class='gallery-item'>\n\t\t\t<dt class='gallery-icon landscape'>\n\t\t\t\t<a href='http:\/\/www.denkfried.de\/wp\/?attachment_id=34415'><img loading=\"lazy\" decoding=\"async\" width=\"150\" height=\"150\" src=\"http:\/\/www.denkfried.de\/wp\/wp-content\/uploads\/2011\/06\/ruett_arena_denkmal_Ehrenmal-Tempelhof-2-150x150.jpg\" class=\"attachment-thumbnail size-thumbnail\" alt=\"\" aria-describedby=\"gallery-1-34415\" \/><\/a>\n\t\t\t<\/dt>\n\t\t\t\t<dd class='wp-caption-text gallery-caption' id='gallery-1-34415'>\n\t\t\t\tR\u00fctt-Arena\n\t\t\t\t<\/dd><\/dl><br style=\"clear: both\" \/><dl class='gallery-item'>\n\t\t\t<dt class='gallery-icon landscape'>\n\t\t\t\t<a href='http:\/\/www.denkfried.de\/wp\/?attachment_id=14764'><img loading=\"lazy\" decoding=\"async\" width=\"150\" height=\"150\" src=\"http:\/\/www.denkfried.de\/wp\/wp-content\/uploads\/2011\/06\/DSCF0141-150x150.jpg\" class=\"attachment-thumbnail size-thumbnail\" alt=\"\" aria-describedby=\"gallery-1-14764\" \/><\/a>\n\t\t\t<\/dt>\n\t\t\t\t<dd class='wp-caption-text gallery-caption' id='gallery-1-14764'>\n\t\t\t\tSportlerdenkmal\n\t\t\t\t<\/dd><\/dl><dl class='gallery-item'>\n\t\t\t<dt class='gallery-icon portrait'>\n\t\t\t\t<a href='http:\/\/www.denkfried.de\/wp\/?attachment_id=14761'><img loading=\"lazy\" decoding=\"async\" width=\"150\" height=\"150\" src=\"http:\/\/www.denkfried.de\/wp\/wp-content\/uploads\/2011\/06\/DSCF0138-150x150.jpg\" class=\"attachment-thumbnail size-thumbnail\" alt=\"\" aria-describedby=\"gallery-1-14761\" \/><\/a>\n\t\t\t<\/dt>\n\t\t\t\t<dd class='wp-caption-text gallery-caption' id='gallery-1-14761'>\n\t\t\t\tSportlerdenkmal\n\t\t\t\t<\/dd><\/dl><dl class='gallery-item'>\n\t\t\t<dt class='gallery-icon landscape'>\n\t\t\t\t<a href='http:\/\/www.denkfried.de\/wp\/?attachment_id=34527'><img loading=\"lazy\" decoding=\"async\" width=\"150\" height=\"150\" src=\"http:\/\/www.denkfried.de\/wp\/wp-content\/uploads\/2011\/06\/Berlin-Tempelhof-Marienh\u00f6he-Denkmal-Gedenkstein-150x150.jpg\" class=\"attachment-thumbnail size-thumbnail\" alt=\"\" aria-describedby=\"gallery-1-34527\" \/><\/a>\n\t\t\t<\/dt>\n\t\t\t\t<dd class='wp-caption-text gallery-caption' id='gallery-1-34527'>\n\t\t\t\tMarienh\u00f6he\n\t\t\t\t<\/dd><\/dl><dl class='gallery-item'>\n\t\t\t<dt class='gallery-icon landscape'>\n\t\t\t\t<a href='http:\/\/www.denkfried.de\/wp\/?attachment_id=34526'><img loading=\"lazy\" decoding=\"async\" width=\"150\" height=\"150\" src=\"http:\/\/www.denkfried.de\/wp\/wp-content\/uploads\/2011\/06\/Berlin-Tempelhof-Denkmal-150x150.jpg\" class=\"attachment-thumbnail size-thumbnail\" alt=\"\" aria-describedby=\"gallery-1-34526\" \/><\/a>\n\t\t\t<\/dt>\n\t\t\t\t<dd class='wp-caption-text gallery-caption' id='gallery-1-34526'>\n\t\t\t\tMarienh\u00f6he\n\t\t\t\t<\/dd><\/dl><br style=\"clear: both\" \/>\n\t\t<\/div>\n\n<p><span style=\"text-decoration: underline;\"><strong>Kriegerdenkmal Befreiungskriege<br \/>\n<\/strong><\/span><\/p>\n<p>Das Denkmal befand sich an der Promenade der Dorfstra\u00dfe.<\/p>\n<p><span style=\"text-decoration: underline;\"><strong>ehem. Denkmal 1914-1918<\/strong><\/span><\/p>\n<p>Ein Denkmal gab es in der ehemaligen R\u00fctt-Arena, an der Hasenheide. Eine Arena des Radsportlers Walter R\u00fctt, die Anlage wurde 1926 errichtet, durch ein Feuer jedoch 1931 fast komplett zerst\u00f6rt. An diesem Ort befindet sich wohl ein Regen-Auffangbecken f\u00fcr den damaligen Flughafen Tempelhof. Das Denkmal befand sich in der Au\u00dfenanlage des Areals. Genauer Standort beim Blogspot zu sehen. Im M\u00e4rz 1927 wurde auf dem Gel\u00e4nde der R\u00fctt-Arena ein Denkmal f\u00fcr die im Krieg gefallenen Berliner Radrennfahrer installiert. Es hatte vorher am &#8222;Nudeltopp&#8220;, der Rennbahn in Treptow, gestanden, die im Winter 1926 abgerissen wurde. Die Wahl des neuen Platzes darf man als gl\u00fccklich bezeichnen, schliesslich galt die R\u00fctt-Arena damals als das Berliner Radsportmekka schlechthin. Am Sockel des Denkmals, sind 12 Namen aufgef\u00fchrt.<\/p>\n<p>Quelle: <a href=\"http:\/\/walter-ruett.blogspot.de\/\">Walter-R\u00fctt-Blogspot.de<\/a><\/p>\n<p><span style=\"text-decoration: underline;\"><strong>Denkmal 1914-1918<\/strong><\/span><\/p>\n<p>Auf dem Gel\u00e4nde des Friedrich-Eberts Stadions, an einem Weg zwischen den Sportpl\u00e4tzen, in der Bosestr. 21\u00a0ist ein Gedenkstein.\u00a0Angebracht ist eine Metallplatte,\u00a0die Originale Platte\u00a0liegt zerbrochen vor dem Gedenkstein.<\/p>\n<p><span style=\"text-decoration: underline;\">Inschrift:<\/span><\/p>\n<address style=\"text-align: center;\"><em><strong>Unseren Verstorbenen und Gefallenen<\/strong><\/em><\/address>\n<address style=\"text-align: center;\"><em><strong>des BFC Viktoria 89 gewidmet<\/strong><\/em><\/address>\n<address style=\"text-align: center;\">\u00a0<\/address>\n<p style=\"text-align: left;\"><span style=\"text-decoration: underline;\"><strong>Denkmal Vertriebene<\/strong><\/span><\/p>\n<p style=\"text-align: left;\">Ein schlichter Gedenkstein befindet sich auf der Marienh\u00f6he. Inschrift:<\/p>\n<address style=\"text-align: center;\"><em><strong>Denen<\/strong><\/em><\/address>\n<address style=\"text-align: center;\"><em><strong>die nicht zur\u00fcck kehrten<\/strong><\/em><\/address>\n<address style=\"text-align: center;\"><em><strong>die ihre Heimat verloren<\/strong><\/em><\/address>\n<address style=\"text-align: center;\"><em><strong>die noch in Knechtschaft leben<\/strong><\/em><\/address>\n<address style=\"text-align: center;\">\u00a0<\/address>\n<address style=\"text-align: center;\">\u00a0<\/address>\n","protected":false},"excerpt":{"rendered":"<p>&nbsp; Berlin-Tempelhof &#8211; Denkm\u00e4ler Bericht und Bilder von Thomas\u00a0Gefallenendenkm\u00e4ler Berlin\/Brandenburg Kriegerdenkmal Befreiungskriege Das Denkmal befand sich an der Promenade der Dorfstra\u00dfe. ehem. Denkmal 1914-1918 Ein Denkmal gab es in der ehemaligen R\u00fctt-Arena, an der Hasenheide. Eine Arena des Radsportlers Walter &hellip; <a href=\"http:\/\/www.denkfried.de\/wp\/?page_id=8845\">Weiterlesen <span class=\"meta-nav\">&rarr;<\/span><\/a><\/p>\n","protected":false},"author":2,"featured_media":0,"parent":16791,"menu_order":0,"comment_status":"closed","ping_status":"open","template":"","meta":{"footnotes":""},"class_list":["post-8845","page","type-page","status-publish","hentry"],"_links":{"self":[{"href":"http:\/\/www.denkfried.de\/wp\/index.php?rest_route=\/wp\/v2\/pages\/8845","targetHints":{"allow":["GET"]}}],"collection":[{"href":"http:\/\/www.denkfried.de\/wp\/index.php?rest_route=\/wp\/v2\/pages"}],"about":[{"href":"http:\/\/www.denkfried.de\/wp\/index.php?rest_route=\/wp\/v2\/types\/page"}],"author":[{"embeddable":true,"href":"http:\/\/www.denkfried.de\/wp\/index.php?rest_route=\/wp\/v2\/users\/2"}],"replies":[{"embeddable":true,"href":"http:\/\/www.denkfried.de\/wp\/index.php?rest_route=%2Fwp%2Fv2%2Fcomments&post=8845"}],"version-history":[{"count":28,"href":"http:\/\/www.denkfried.de\/wp\/index.php?rest_route=\/wp\/v2\/pages\/8845\/revisions"}],"predecessor-version":[{"id":40040,"href":"http:\/\/www.denkfried.de\/wp\/index.php?rest_route=\/wp\/v2\/pages\/8845\/revisions\/40040"}],"up":[{"embeddable":true,"href":"http:\/\/www.denkfried.de\/wp\/index.php?rest_route=\/wp\/v2\/pages\/16791"}],"wp:attachment":[{"href":"http:\/\/www.denkfried.de\/wp\/index.php?rest_route=%2Fwp%2Fv2%2Fmedia&parent=8845"}],"curies":[{"name":"wp","href":"https:\/\/api.w.org\/{rel}","templated":true}]}}