{"id":7810,"date":"2011-05-12T17:00:11","date_gmt":"2011-05-12T15:00:11","guid":{"rendered":"http:\/\/www.denkfried.de\/wp\/?page_id=7810"},"modified":"2011-05-12T17:00:11","modified_gmt":"2011-05-12T15:00:11","slug":"frankenbergsa","status":"publish","type":"page","link":"http:\/\/www.denkfried.de\/wp\/?page_id=7810","title":{"rendered":"Frankenberg\/Sa."},"content":{"rendered":"<p>&nbsp;<\/p>\n<p><strong>09669 Frankenberg<\/strong><\/p>\n<p><a href=\"http:\/\/www.frankenberg-sachsen.de\/\" target=\"_blank\">www.frankenberg-sachsen.de<\/a><\/p>\n<p>Zwischen  1913 und 1916 wurde Frankenberg au\u00dferdem zu einer Garnisonstadt: auf  einem gr\u00f6\u00dferen Areal nord\u00f6stlich des Stadtkernes und jenseits der  Eisenbahnlinie baute das Deutsche Kaiserreich Kasernengeb\u00e4ude, in die  erste milit\u00e4rische Einheiten einzogen. &#8211; Nach Beendigung des Ersten  Weltkrieges und in Vorbereitung der Milit\u00e4raktionen durch das \u201eDritte  Reich\u201c wurden weitere Geb\u00e4ude hinzugef\u00fcgt und die Kaserne von  Wehrmachtseinheiten genutzt.<\/p>\n<p>Zwischen 1945 und 1956 gab es keine  milit\u00e4rische Nutzung des Komplexes; nach Gr\u00fcndung der NVA befanden sich  wechselnde Einheiten in dieser Kaserne.<\/p>\n<p>Nach der politischen  Wende ging das Gel\u00e4nde in den Besitz der Bundeswehr \u00fcber, 1991 wurde der  Stab und die Stabskompanie der Panzergrenadierbrigade 37 \u201eFreistaat  Sachsen\u201c hier stationiert. Am 3. November 1992 erhielt das  Milit\u00e4rgel\u00e4nde den Namen \u201eWettiner Kaserne\u201c; folgende weitere  Bundeswehreinheiten befinden sich nun hier ( Stand Januar 2008):<\/p>\n<p>* das Fernmeldebataillon 701 (Fernmelder),<br \/>\n* das Kraftfahrausbildungszentrum Frankenberg\/Sachsen,<br \/>\n* das Standortsanit\u00e4tszentrum,<br \/>\n* die Sportf\u00f6rdergruppe Frankenberg,<br \/>\n* der Fernmeldesektor 704.<br \/>\nQuelle: wikipedia.org<\/p>\n<p>Friedhof &#8211; Kriegsgr\u00e4berst\u00e4tte, Altenhainer Stra\u00dfe<\/p>\n","protected":false},"excerpt":{"rendered":"<p>&nbsp; 09669 Frankenberg www.frankenberg-sachsen.de Zwischen 1913 und 1916 wurde Frankenberg au\u00dferdem zu einer Garnisonstadt: auf einem gr\u00f6\u00dferen Areal nord\u00f6stlich des Stadtkernes und jenseits der Eisenbahnlinie baute das Deutsche Kaiserreich Kasernengeb\u00e4ude, in die erste milit\u00e4rische Einheiten einzogen. &#8211; Nach Beendigung des &hellip; <a href=\"http:\/\/www.denkfried.de\/wp\/?page_id=7810\">Weiterlesen <span class=\"meta-nav\">&rarr;<\/span><\/a><\/p>\n","protected":false},"author":2,"featured_media":0,"parent":7419,"menu_order":0,"comment_status":"closed","ping_status":"open","template":"","meta":{"footnotes":""},"class_list":["post-7810","page","type-page","status-publish","hentry"],"_links":{"self":[{"href":"http:\/\/www.denkfried.de\/wp\/index.php?rest_route=\/wp\/v2\/pages\/7810","targetHints":{"allow":["GET"]}}],"collection":[{"href":"http:\/\/www.denkfried.de\/wp\/index.php?rest_route=\/wp\/v2\/pages"}],"about":[{"href":"http:\/\/www.denkfried.de\/wp\/index.php?rest_route=\/wp\/v2\/types\/page"}],"author":[{"embeddable":true,"href":"http:\/\/www.denkfried.de\/wp\/index.php?rest_route=\/wp\/v2\/users\/2"}],"replies":[{"embeddable":true,"href":"http:\/\/www.denkfried.de\/wp\/index.php?rest_route=%2Fwp%2Fv2%2Fcomments&post=7810"}],"version-history":[{"count":2,"href":"http:\/\/www.denkfried.de\/wp\/index.php?rest_route=\/wp\/v2\/pages\/7810\/revisions"}],"predecessor-version":[{"id":7812,"href":"http:\/\/www.denkfried.de\/wp\/index.php?rest_route=\/wp\/v2\/pages\/7810\/revisions\/7812"}],"up":[{"embeddable":true,"href":"http:\/\/www.denkfried.de\/wp\/index.php?rest_route=\/wp\/v2\/pages\/7419"}],"wp:attachment":[{"href":"http:\/\/www.denkfried.de\/wp\/index.php?rest_route=%2Fwp%2Fv2%2Fmedia&parent=7810"}],"curies":[{"name":"wp","href":"https:\/\/api.w.org\/{rel}","templated":true}]}}