{"id":7023,"date":"2011-05-07T21:32:51","date_gmt":"2011-05-07T19:32:51","guid":{"rendered":"http:\/\/www.denkfried.de\/wp\/?page_id=7023"},"modified":"2014-04-18T09:23:30","modified_gmt":"2014-04-18T07:23:30","slug":"bautzen-taucherfriedhof","status":"publish","type":"page","link":"http:\/\/www.denkfried.de\/wp\/?page_id=7023","title":{"rendered":"Bautzen &#8211; Taucherfriedhof"},"content":{"rendered":"<p>&nbsp;<\/p>\n<p><strong>Taucherfriedhof<\/strong><\/p>\n<p>Kriegsgr\u00e4berst\u00e4tte auf dem Friedhof<\/p>\n<p>Anschrift: L\u00f6bauer Stra\u00dfe 3\u00b7 02625 Bautzen Telefon: 0 35 91\/ 4 30 85<\/p>\n<p style=\"text-align: justify;\">\nDie Stadt legte 1523 einen Friedhof an der Ausfallstra\u00dfe nach L\u00f6bau an.<br \/>\nDa die Bev\u00f6lkerung vor allem im 19. Jahrhundert zunahm, mu\u00dfte der Friedhof mehrfach erweitert werden. Es sind viele historische Grabdenkm\u00e4ler erhalten, welche wichtige Zeugnisse f\u00fcr den Glauben und das Leben der B\u00fcrgerschaft Bautzens sind. Seltenheitswert hat die barocke Gruftstra\u00dfe aus dem 18.Jahrhundert, Gr\u00e4ber aus dem 17.\/18.\/19.Jahrhundert,die Franksche Gruft sowie \u00fcber 400 historische Grabdenkmale.<\/p>\n<p style=\"text-align: justify;\">Der Taucherfriedhof geh\u00f6rt wegen der Verbindung von Naturerleben sowie Kunst- und Geistesgeschichte der Stadt zu den sch\u00f6nsten Anlagen seiner Art in der Oberlausitz.<br \/>\nAuf dem Taucherfriedhof in Bautzen wurden Soldaten und Zivilisten in Massengr\u00e4bern, in einer Gruftanlage und in Einzelgr\u00e4bern beigesetzt. Der Volksbund beteiligte sich 1993\/94 an der Suche und Exhumierung von 175 der gesch\u00e4tzten 9.000 bis 16.000 Opfer.<br \/>\nDie Opfer der K\u00e4mpfe um Bautzen von 1945 sind in schlichten Massengr\u00e4bern im Ostteil beigesetzt.<br \/>\nEs sind nur wenige Gr\u00e4ber mit einem Kreuz oder Namen versehen.<\/p>\n<p>+++++++++++++++++++++++++++++++++++++++++++++++<\/p>\n<p style=\"text-align: justify;\">Im Fr\u00fchjahr 2011 war ich wieder auf dem Friedhof unterwegs. Es ist entt\u00e4uschend zu sehen wie die gesamte Anlage der Kriegstoten &#8222;gepflegt&#8220; wird. Es gibt noch immer keine Namenstafeln der Toten au\u00dfer den wenigen Grabkreuzen. Ein Grabstein an der Mauer war sogar umgest\u00fcrzt. In einer Gruftanlage liegen auch ebenfalls Kriegstote aus den letzten Kriegstagen 1945.\u00a0 Die Gr\u00fcfte befinden sich alle in einem erb\u00e4rmlichen Zustand.\u00a0 Der Ehrenhain des 1.Weltkrieges sieht allgemein besser aus jedoch sind die Gedenksteine fast alle nicht mehr lesbar.\u00a0 Ich finde, das die Stadt Bautzen den Kriegstoten nicht die notwendige Ehre zuteil werden l\u00e4sst. Ich werde es weiter beobachten und die Entwicklung mit Fotos dokumentieren. &#8211; Ulla &#8211;<\/p>\n<div id='gallery-1' class='gallery galleryid-7023 gallery-columns-4 gallery-size-thumbnail'><dl class='gallery-item'>\n\t\t\t<dt class='gallery-icon landscape'>\n\t\t\t\t<a href='http:\/\/www.denkfried.de\/wp\/?attachment_id=7028'><img loading=\"lazy\" decoding=\"async\" width=\"150\" height=\"150\" src=\"http:\/\/www.denkfried.de\/wp\/wp-content\/uploads\/2011\/05\/P1010111-150x150.jpg\" class=\"attachment-thumbnail size-thumbnail\" alt=\"\" \/><\/a>\n\t\t\t<\/dt><\/dl><dl class='gallery-item'>\n\t\t\t<dt class='gallery-icon landscape'>\n\t\t\t\t<a href='http:\/\/www.denkfried.de\/wp\/?attachment_id=7030'><img loading=\"lazy\" decoding=\"async\" width=\"150\" height=\"150\" src=\"http:\/\/www.denkfried.de\/wp\/wp-content\/uploads\/2011\/05\/IMG_2451-150x150.jpg\" class=\"attachment-thumbnail size-thumbnail\" alt=\"\" \/><\/a>\n\t\t\t<\/dt><\/dl><dl class='gallery-item'>\n\t\t\t<dt class='gallery-icon landscape'>\n\t\t\t\t<a href='http:\/\/www.denkfried.de\/wp\/?attachment_id=7035'><img loading=\"lazy\" decoding=\"async\" width=\"150\" height=\"150\" src=\"http:\/\/www.denkfried.de\/wp\/wp-content\/uploads\/2011\/05\/IMG_24531-150x150.jpg\" class=\"attachment-thumbnail size-thumbnail\" alt=\"\" \/><\/a>\n\t\t\t<\/dt><\/dl><dl class='gallery-item'>\n\t\t\t<dt class='gallery-icon landscape'>\n\t\t\t\t<a href='http:\/\/www.denkfried.de\/wp\/?attachment_id=7034'><img loading=\"lazy\" decoding=\"async\" width=\"150\" height=\"150\" src=\"http:\/\/www.denkfried.de\/wp\/wp-content\/uploads\/2011\/05\/IMG_2456-150x150.jpg\" class=\"attachment-thumbnail size-thumbnail\" alt=\"\" \/><\/a>\n\t\t\t<\/dt><\/dl><br style=\"clear: both\" \/><dl class='gallery-item'>\n\t\t\t<dt class='gallery-icon landscape'>\n\t\t\t\t<a href='http:\/\/www.denkfried.de\/wp\/?attachment_id=7033'><img loading=\"lazy\" decoding=\"async\" width=\"150\" height=\"150\" src=\"http:\/\/www.denkfried.de\/wp\/wp-content\/uploads\/2011\/05\/IMG_2477-150x150.jpg\" class=\"attachment-thumbnail size-thumbnail\" alt=\"\" \/><\/a>\n\t\t\t<\/dt><\/dl><dl class='gallery-item'>\n\t\t\t<dt class='gallery-icon landscape'>\n\t\t\t\t<a href='http:\/\/www.denkfried.de\/wp\/?attachment_id=7032'><img loading=\"lazy\" decoding=\"async\" width=\"150\" height=\"150\" src=\"http:\/\/www.denkfried.de\/wp\/wp-content\/uploads\/2011\/05\/IMG_2468-150x150.jpg\" class=\"attachment-thumbnail size-thumbnail\" alt=\"\" \/><\/a>\n\t\t\t<\/dt><\/dl><dl class='gallery-item'>\n\t\t\t<dt class='gallery-icon landscape'>\n\t\t\t\t<a href='http:\/\/www.denkfried.de\/wp\/?attachment_id=7029'><img loading=\"lazy\" decoding=\"async\" width=\"150\" height=\"150\" src=\"http:\/\/www.denkfried.de\/wp\/wp-content\/uploads\/2011\/05\/IMG_2480-150x150.jpg\" class=\"attachment-thumbnail size-thumbnail\" alt=\"\" \/><\/a>\n\t\t\t<\/dt><\/dl><dl class='gallery-item'>\n\t\t\t<dt class='gallery-icon portrait'>\n\t\t\t\t<a href='http:\/\/www.denkfried.de\/wp\/?attachment_id=7026'><img loading=\"lazy\" decoding=\"async\" width=\"150\" height=\"150\" src=\"http:\/\/www.denkfried.de\/wp\/wp-content\/uploads\/2011\/05\/700-Denkmal-1-150x150.jpg\" class=\"attachment-thumbnail size-thumbnail\" alt=\"\" \/><\/a>\n\t\t\t<\/dt><\/dl><br style=\"clear: both\" \/><dl class='gallery-item'>\n\t\t\t<dt class='gallery-icon landscape'>\n\t\t\t\t<a href='http:\/\/www.denkfried.de\/wp\/?attachment_id=7025'><img loading=\"lazy\" decoding=\"async\" width=\"150\" height=\"150\" src=\"http:\/\/www.denkfried.de\/wp\/wp-content\/uploads\/2011\/05\/2.WK-1-150x150.jpg\" class=\"attachment-thumbnail size-thumbnail\" alt=\"\" \/><\/a>\n\t\t\t<\/dt><\/dl><dl class='gallery-item'>\n\t\t\t<dt class='gallery-icon landscape'>\n\t\t\t\t<a href='http:\/\/www.denkfried.de\/wp\/?attachment_id=7024'><img loading=\"lazy\" decoding=\"async\" width=\"150\" height=\"150\" src=\"http:\/\/www.denkfried.de\/wp\/wp-content\/uploads\/2011\/05\/P1010121-150x150.jpg\" class=\"attachment-thumbnail size-thumbnail\" alt=\"\" \/><\/a>\n\t\t\t<\/dt><\/dl>\n\t\t\t<br style='clear: both' \/>\n\t\t<\/div>\n\n<p>David Milkutat geb.: 13.09.1890 Gallus\/Wilpien wohnh. Frankenthal<\/p>\n<p>gef.: 19.04.1945 Raum Bautzen, bestattet Taucherfriedhof Grab V<\/p>\n<p>_______________________________________________________________<\/p>\n<p>Kurt Christ\u00a0 &#8211; Obergrenadier &#8211; geb.29.07.1925 N\u00fcrnberg\u00a0\u00a0\u00a0\u00a0\u00a0\u00a0\u00a0\u00a0\u00a0\u00a0 gef.: 18.04.1945 Raum Bautzen, bestattet Taucherfriedhof Grab V.<\/p>\n<p>F\u00fchrerschein ausgestellt durch Heer.Uffz.Schule d.Pz.T. Arnswalde\/Pommern am 22.01.1943<\/p>\n<p>_______________________________________________________________<\/p>\n<p>Bruno Richard Berger &#8211; Vstm. &#8211; geb. 24.11.1885\u00a0\u00a0\u00a0 wohnh.Pickau \u00a0\u00a0\u00a0\u00a0\u00a0\u00a0 gefallen 12.04.1945 Raum Bautzen, bestattet Taucherfriedhof Grab V.<\/p>\n<p>_______________________________________________________________<\/p>\n<p>Paul P\u00f6tschke &#8211; Vstm. &#8211;\u00a0 geb. 17.03.1898\u00a0 wohnh. Bautzen\u00a0 gef. 18.04.1945 Raum Bautzen, bestattet Taucherfriedhof Grab V.<\/p>\n<p>_______________________________________________________________<\/p>\n<p>&nbsp;<\/p>\n","protected":false},"excerpt":{"rendered":"<p>&nbsp; Taucherfriedhof Kriegsgr\u00e4berst\u00e4tte auf dem Friedhof Anschrift: L\u00f6bauer Stra\u00dfe 3\u00b7 02625 Bautzen Telefon: 0 35 91\/ 4 30 85 Die Stadt legte 1523 einen Friedhof an der Ausfallstra\u00dfe nach L\u00f6bau an. Da die Bev\u00f6lkerung vor allem im 19. Jahrhundert zunahm, &hellip; <a href=\"http:\/\/www.denkfried.de\/wp\/?page_id=7023\">Weiterlesen <span class=\"meta-nav\">&rarr;<\/span><\/a><\/p>\n","protected":false},"author":2,"featured_media":0,"parent":6654,"menu_order":0,"comment_status":"closed","ping_status":"open","template":"","meta":{"footnotes":""},"class_list":["post-7023","page","type-page","status-publish","hentry"],"_links":{"self":[{"href":"http:\/\/www.denkfried.de\/wp\/index.php?rest_route=\/wp\/v2\/pages\/7023","targetHints":{"allow":["GET"]}}],"collection":[{"href":"http:\/\/www.denkfried.de\/wp\/index.php?rest_route=\/wp\/v2\/pages"}],"about":[{"href":"http:\/\/www.denkfried.de\/wp\/index.php?rest_route=\/wp\/v2\/types\/page"}],"author":[{"embeddable":true,"href":"http:\/\/www.denkfried.de\/wp\/index.php?rest_route=\/wp\/v2\/users\/2"}],"replies":[{"embeddable":true,"href":"http:\/\/www.denkfried.de\/wp\/index.php?rest_route=%2Fwp%2Fv2%2Fcomments&post=7023"}],"version-history":[{"count":5,"href":"http:\/\/www.denkfried.de\/wp\/index.php?rest_route=\/wp\/v2\/pages\/7023\/revisions"}],"predecessor-version":[{"id":34908,"href":"http:\/\/www.denkfried.de\/wp\/index.php?rest_route=\/wp\/v2\/pages\/7023\/revisions\/34908"}],"up":[{"embeddable":true,"href":"http:\/\/www.denkfried.de\/wp\/index.php?rest_route=\/wp\/v2\/pages\/6654"}],"wp:attachment":[{"href":"http:\/\/www.denkfried.de\/wp\/index.php?rest_route=%2Fwp%2Fv2%2Fmedia&parent=7023"}],"curies":[{"name":"wp","href":"https:\/\/api.w.org\/{rel}","templated":true}]}}