{"id":6395,"date":"2011-05-03T20:15:57","date_gmt":"2011-05-03T18:15:57","guid":{"rendered":"http:\/\/www.denkfried.de\/wp\/?page_id=6395"},"modified":"2018-04-25T18:00:17","modified_gmt":"2018-04-25T16:00:17","slug":"arnsdorf-kgst","status":"publish","type":"page","link":"http:\/\/www.denkfried.de\/wp\/?page_id=6395","title":{"rendered":"&#8211; Arnsdorf"},"content":{"rendered":"<p>&nbsp;<\/p>\n<p><span style=\"text-decoration: underline;\"><strong>01477 Arnsdorf<\/strong><\/span><\/p>\n<p><strong>Ortsteile:<\/strong><\/p>\n<blockquote>\n<blockquote>\n<ul>\n<li><a title=\"Arnsdorf \u2013 Fischbach\" href=\"http:\/\/www.denkfried.de\/wp\/?page_id=6663\">Fischbach<\/a><\/li>\n<li><a title=\"Arnsdorf \u2013 Kleinwolmsdorf\" href=\"http:\/\/www.denkfried.de\/wp\/?page_id=7004\">Kleinwolmsdorf<\/a><\/li>\n<li><a title=\"Arnsdorf \u2013 Wallroda\" href=\"http:\/\/www.denkfried.de\/wp\/?page_id=6993\">Wallroda<\/a><\/li>\n<\/ul>\n<\/blockquote>\n<\/blockquote>\n<p>****************************************************************<\/p>\n<p>1 Kriegsgr\u00e4berst\u00e4tte mit 160 Toten- lt.Gr\u00e4berliste<\/p>\n<p><span style=\"color: #0000ff;\">In unserer Datenbank sind jedoch 163 Namen eingetragen.<\/span><\/p>\n<p><strong>Kriegsgr\u00e4berst\u00e4tte<\/strong>\/Friedhof<\/p>\n<p>Friedhof:<br \/>\nDie Er\u00f6ffnung der \u201eK\u00f6niglich-S\u00e4chsischen Pflegeanstalt Arnsdorf\u201c am 1. April 1912, die heute als \u201eS\u00e4chsisches Krankenhaus Arnsdorf\u201c eine der gr\u00f6\u00dften Sachsens ist und f\u00fcr einen \u00fcberdurchschnittlichen Bekanntheitsgrad Arnsdorfs in Ostsachsen sorgt.<br \/>\nIn der Zeit des Nationalsozialismus waren Arnsdorfer Psychiater an der sogenannten \u201eEuthanasie\u201c beteiligt. Die Anstalt diente in der Aktion T4 als Zwischenanstalt f\u00fcr die T\u00f6tungsanstalt Sonnenstein bei Pirna.<br \/>\nDas ehem.Krankenhaus f\u00fcr Neurologie und Psychiatrie war im 1. und 2.Weltkrieg auch Lazarett f\u00fcr verwundete Soldaten.<br \/>\nDie Gr\u00e4ber der im 1.Weltkrieg verstorbenen Soldaten sind nicht mehr auffindbar. Es wird vermutet, das diese sich jenseits der Stolpener Stra\u00dfe befanden.<br \/>\nIn den letzten Monaten des 2.Weltkrieges starben in diesem Lazarett etwa 160 verwundete Soldaten. Die meisten Gr\u00e4ber der im Gel\u00e4nde des Krankenhauses auf dem &#8222;Brunnenfriedhof&#8220; Bestatteten sind nicht mehr sichtbar.<br \/>\nDer v\u00f6llig neu gestaltete Friedhof wurde am Volkstrauertag 2005 der \u00d6ffentlichkeit \u00fcbergeben.<br \/>\nAn die 156 verstorbenen Soldaten und die DRK-Schwester wird auf 12 Stelen gedacht.<br \/>\nAuf dem unmittelbar benachbarten Gemeindefriedhof gibt es m\u00f6glicherweise weitere Gr\u00e4ber von Kriegsopfern.<br \/>\nW\u00e4hrend der Weltkriege diente dieser Krankenhauskomplex auch als Lazarett.<\/p>\n<p>Die Kriegsgr\u00e4berst\u00e4tte befindet sich unmittelbar neben dem Krankenhaus und dem Ortsfriedhof.<br \/>\nZust\u00e4ndig ist das S\u00e4chsische Krankenhaus Hufelandstra\u00dfe 15, 01477 Arnsdorf<\/p>\n<p>+++++++++++++++++++++++++++++++++++++++++++<\/p>\n<p style=\"padding-left: 30px;\"><span style=\"color: #ff0000;\">Die auf einem Foto abgebildete Bank wurde gestiftet und tr\u00e4gt folgenden Beschriftung:<\/span><\/p>\n<h3 style=\"padding-left: 30px;\"><span style=\"color: #ff0000;\"><em>Bank der Besinnung<br \/>\ngestiftet von den Kindern des San.Feldwebels Max Schwartz aus Karlsruhe<\/em><\/span><\/h3>\n<p><em>+++++++++++++++++++++++++++++++++++++++++++<\/em><\/p>\n<p><strong>DENKMAL<\/strong><br \/>\nan der Kirche<\/p>\n<p>Kriegerdenkmal: Inschrift<\/p>\n<blockquote>\n<address style=\"padding-left: 30px;\">\u00a0 \u00a0 \u00a0 \u00a0 \u00a0Niemand hat gr\u00f6ssere Liebe, denn die, dass er sein Leben l\u00e4sst f\u00fcr seine Freunde \u00a0 \u00a0 \u00a0 \u00a0\u00a0\u00a0\u00a0 (Joh,15.13)\u00a0\u00a0\u00a0\u00a0\u00a0\u00a0\u00a0\u00a0\u00a0\u00a0\u00a0\u00a0\u00a0\u00a0\u00a0\u00a0\u00a0\u00a0\u00a0\u00a0 Im Gedenken an unsere gefallenen und vermissten Br\u00fcder<\/address>\n<\/blockquote>\n<p><span style=\"color: #0000ff;\">58 Namen der Gemeindemitglieder aus dem 1.Weltkrieg sind in unserer Datenbank eingetragen.<\/span><\/p>\n<p>Leider ist ein Betreten des Gel\u00e4ndes nicht ohne weiteres m\u00f6glich.<\/p>\n<p>&nbsp;<\/p>\n<p>++++++++++++++++++++++++++++++++++++++++++++<\/p>\n<p>Ein Grabsteinzum Gedenken auf dem Familiengrab Trepte:<\/p>\n<p>Zum Ged\u00e4chtnis<\/p>\n<p>Uffz. Axel Trepte \u00a0 geb.4.2.1917 Dresden\u00a0 \u00a0 \u00a0 \u00a0 \u00a0 \u00a0 \u00a0 \u00a0 gef. 15.9.1942 Romanowo-Ru\u00dfland<\/p>\n<p>Sein Grab befindet sich derzeit noch an folgendem Ort: Netertowka &#8211; Ru\u00dfland<\/p>\n<p>&nbsp;<\/p>\n<div id='gallery-1' class='gallery galleryid-6395 gallery-columns-4 gallery-size-thumbnail'><dl class='gallery-item'>\n\t\t\t<dt class='gallery-icon landscape'>\n\t\t\t\t<a href='http:\/\/www.denkfried.de\/wp\/?attachment_id=6398'><img loading=\"lazy\" decoding=\"async\" width=\"150\" height=\"150\" src=\"http:\/\/www.denkfried.de\/wp\/wp-content\/uploads\/2011\/05\/P1010010-150x150.jpg\" class=\"attachment-thumbnail size-thumbnail\" alt=\"\" \/><\/a>\n\t\t\t<\/dt><\/dl><dl class='gallery-item'>\n\t\t\t<dt class='gallery-icon landscape'>\n\t\t\t\t<a href='http:\/\/www.denkfried.de\/wp\/?attachment_id=6403'><img loading=\"lazy\" decoding=\"async\" width=\"150\" height=\"150\" src=\"http:\/\/www.denkfried.de\/wp\/wp-content\/uploads\/2011\/05\/P10100481-150x150.jpg\" class=\"attachment-thumbnail size-thumbnail\" alt=\"\" \/><\/a>\n\t\t\t<\/dt><\/dl><dl class='gallery-item'>\n\t\t\t<dt class='gallery-icon landscape'>\n\t\t\t\t<a href='http:\/\/www.denkfried.de\/wp\/?attachment_id=6399'><img loading=\"lazy\" decoding=\"async\" width=\"150\" height=\"150\" src=\"http:\/\/www.denkfried.de\/wp\/wp-content\/uploads\/2011\/05\/P1010011-150x150.jpg\" class=\"attachment-thumbnail size-thumbnail\" alt=\"\" \/><\/a>\n\t\t\t<\/dt><\/dl><dl class='gallery-item'>\n\t\t\t<dt class='gallery-icon portrait'>\n\t\t\t\t<a href='http:\/\/www.denkfried.de\/wp\/?attachment_id=6401'><img loading=\"lazy\" decoding=\"async\" width=\"150\" height=\"150\" src=\"http:\/\/www.denkfried.de\/wp\/wp-content\/uploads\/2011\/05\/P1010017-150x150.jpg\" class=\"attachment-thumbnail size-thumbnail\" alt=\"\" \/><\/a>\n\t\t\t<\/dt><\/dl><br style=\"clear: both\" \/><dl class='gallery-item'>\n\t\t\t<dt class='gallery-icon portrait'>\n\t\t\t\t<a href='http:\/\/www.denkfried.de\/wp\/?attachment_id=6400'><img loading=\"lazy\" decoding=\"async\" width=\"150\" height=\"150\" src=\"http:\/\/www.denkfried.de\/wp\/wp-content\/uploads\/2011\/05\/P1010013-150x150.jpg\" class=\"attachment-thumbnail size-thumbnail\" alt=\"\" \/><\/a>\n\t\t\t<\/dt><\/dl><dl class='gallery-item'>\n\t\t\t<dt class='gallery-icon landscape'>\n\t\t\t\t<a href='http:\/\/www.denkfried.de\/wp\/?attachment_id=6397'><img loading=\"lazy\" decoding=\"async\" width=\"150\" height=\"150\" src=\"http:\/\/www.denkfried.de\/wp\/wp-content\/uploads\/2011\/05\/Korb-Sch\u00e4fer-150x150.jpg\" class=\"attachment-thumbnail size-thumbnail\" alt=\"\" \/><\/a>\n\t\t\t<\/dt><\/dl><dl class='gallery-item'>\n\t\t\t<dt class='gallery-icon landscape'>\n\t\t\t\t<a href='http:\/\/www.denkfried.de\/wp\/?attachment_id=6402'><img loading=\"lazy\" decoding=\"async\" width=\"150\" height=\"150\" src=\"http:\/\/www.denkfried.de\/wp\/wp-content\/uploads\/2011\/05\/P1010046-150x150.jpg\" class=\"attachment-thumbnail size-thumbnail\" alt=\"\" \/><\/a>\n\t\t\t<\/dt><\/dl><dl class='gallery-item'>\n\t\t\t<dt class='gallery-icon landscape'>\n\t\t\t\t<a href='http:\/\/www.denkfried.de\/wp\/?attachment_id=6396'><img loading=\"lazy\" decoding=\"async\" width=\"150\" height=\"150\" src=\"http:\/\/www.denkfried.de\/wp\/wp-content\/uploads\/2011\/05\/TrepteAxel-150x150.jpg\" class=\"attachment-thumbnail size-thumbnail\" alt=\"\" \/><\/a>\n\t\t\t<\/dt><\/dl><br style=\"clear: both\" \/>\n\t\t<\/div>\n\n<p><em><br \/>\n<\/em><\/p>\n","protected":false},"excerpt":{"rendered":"<p>&nbsp; 01477 Arnsdorf Ortsteile: Fischbach Kleinwolmsdorf Wallroda **************************************************************** 1 Kriegsgr\u00e4berst\u00e4tte mit 160 Toten- lt.Gr\u00e4berliste In unserer Datenbank sind jedoch 163 Namen eingetragen. Kriegsgr\u00e4berst\u00e4tte\/Friedhof Friedhof: Die Er\u00f6ffnung der \u201eK\u00f6niglich-S\u00e4chsischen Pflegeanstalt Arnsdorf\u201c am 1. April 1912, die heute als \u201eS\u00e4chsisches Krankenhaus Arnsdorf\u201c &hellip; <a href=\"http:\/\/www.denkfried.de\/wp\/?page_id=6395\">Weiterlesen <span class=\"meta-nav\">&rarr;<\/span><\/a><\/p>\n","protected":false},"author":2,"featured_media":0,"parent":6233,"menu_order":0,"comment_status":"closed","ping_status":"open","template":"","meta":{"footnotes":""},"class_list":["post-6395","page","type-page","status-publish","hentry"],"_links":{"self":[{"href":"http:\/\/www.denkfried.de\/wp\/index.php?rest_route=\/wp\/v2\/pages\/6395","targetHints":{"allow":["GET"]}}],"collection":[{"href":"http:\/\/www.denkfried.de\/wp\/index.php?rest_route=\/wp\/v2\/pages"}],"about":[{"href":"http:\/\/www.denkfried.de\/wp\/index.php?rest_route=\/wp\/v2\/types\/page"}],"author":[{"embeddable":true,"href":"http:\/\/www.denkfried.de\/wp\/index.php?rest_route=\/wp\/v2\/users\/2"}],"replies":[{"embeddable":true,"href":"http:\/\/www.denkfried.de\/wp\/index.php?rest_route=%2Fwp%2Fv2%2Fcomments&post=6395"}],"version-history":[{"count":18,"href":"http:\/\/www.denkfried.de\/wp\/index.php?rest_route=\/wp\/v2\/pages\/6395\/revisions"}],"predecessor-version":[{"id":41580,"href":"http:\/\/www.denkfried.de\/wp\/index.php?rest_route=\/wp\/v2\/pages\/6395\/revisions\/41580"}],"up":[{"embeddable":true,"href":"http:\/\/www.denkfried.de\/wp\/index.php?rest_route=\/wp\/v2\/pages\/6233"}],"wp:attachment":[{"href":"http:\/\/www.denkfried.de\/wp\/index.php?rest_route=%2Fwp%2Fv2%2Fmedia&parent=6395"}],"curies":[{"name":"wp","href":"https:\/\/api.w.org\/{rel}","templated":true}]}}