{"id":5924,"date":"2011-05-01T21:43:49","date_gmt":"2011-05-01T19:43:49","guid":{"rendered":"http:\/\/www.denkfried.de\/wp\/?page_id=5924"},"modified":"2011-05-01T21:43:49","modified_gmt":"2011-05-01T19:43:49","slug":"rostock-warnemunde","status":"publish","type":"page","link":"http:\/\/www.denkfried.de\/wp\/?page_id=5924","title":{"rendered":"Rostock-Warnem\u00fcnde"},"content":{"rendered":"<p>&nbsp;<\/p>\n<p><strong>18119 Rostock-Warnem\u00fcnde<\/strong><\/p>\n<p>Auf  dem zum Park umgestalteten ehemaligen Warnem\u00fcnder Friedhof befinden  sich ein Gr\u00e4berfeld mit 43 Gefallene des 1.Weltkrieges sowie ein  Gr\u00e4berfeld mit 98 Gefallenen des II.Weltkrieges.<br \/>\nAu\u00dferdem befindet sich hier ein Gedenkstein f\u00fcr die auf See gebliebenen.<\/p>\n<p>&nbsp;<\/p>\n","protected":false},"excerpt":{"rendered":"<p>&nbsp; 18119 Rostock-Warnem\u00fcnde Auf dem zum Park umgestalteten ehemaligen Warnem\u00fcnder Friedhof befinden sich ein Gr\u00e4berfeld mit 43 Gefallene des 1.Weltkrieges sowie ein Gr\u00e4berfeld mit 98 Gefallenen des II.Weltkrieges. Au\u00dferdem befindet sich hier ein Gedenkstein f\u00fcr die auf See gebliebenen. &nbsp;<\/p>\n","protected":false},"author":2,"featured_media":0,"parent":5921,"menu_order":0,"comment_status":"closed","ping_status":"open","template":"","meta":{"footnotes":""},"class_list":["post-5924","page","type-page","status-publish","hentry"],"_links":{"self":[{"href":"http:\/\/www.denkfried.de\/wp\/index.php?rest_route=\/wp\/v2\/pages\/5924","targetHints":{"allow":["GET"]}}],"collection":[{"href":"http:\/\/www.denkfried.de\/wp\/index.php?rest_route=\/wp\/v2\/pages"}],"about":[{"href":"http:\/\/www.denkfried.de\/wp\/index.php?rest_route=\/wp\/v2\/types\/page"}],"author":[{"embeddable":true,"href":"http:\/\/www.denkfried.de\/wp\/index.php?rest_route=\/wp\/v2\/users\/2"}],"replies":[{"embeddable":true,"href":"http:\/\/www.denkfried.de\/wp\/index.php?rest_route=%2Fwp%2Fv2%2Fcomments&post=5924"}],"version-history":[{"count":2,"href":"http:\/\/www.denkfried.de\/wp\/index.php?rest_route=\/wp\/v2\/pages\/5924\/revisions"}],"predecessor-version":[{"id":5926,"href":"http:\/\/www.denkfried.de\/wp\/index.php?rest_route=\/wp\/v2\/pages\/5924\/revisions\/5926"}],"up":[{"embeddable":true,"href":"http:\/\/www.denkfried.de\/wp\/index.php?rest_route=\/wp\/v2\/pages\/5921"}],"wp:attachment":[{"href":"http:\/\/www.denkfried.de\/wp\/index.php?rest_route=%2Fwp%2Fv2%2Fmedia&parent=5924"}],"curies":[{"name":"wp","href":"https:\/\/api.w.org\/{rel}","templated":true}]}}