{"id":41611,"date":"2018-08-26T20:25:50","date_gmt":"2018-08-26T18:25:50","guid":{"rendered":"http:\/\/www.denkfried.de\/wp\/?page_id=41611"},"modified":"2018-08-26T20:25:50","modified_gmt":"2018-08-26T18:25:50","slug":"stenz","status":"publish","type":"page","link":"http:\/\/www.denkfried.de\/wp\/?page_id=41611","title":{"rendered":"&#8211; Stenz"},"content":{"rendered":"<p>01936 K\u00f6nigsbr\u00fcck &#8211; <strong>Stenz<\/strong><\/p>\n<p>Stenz ist ein Wohnplatz der Stadt K\u00f6nigsbr\u00fcck und liegt an der Staatsstra\u00dfe 100\u00a0 in Richtung Radeburg.<\/p>\n<p>Die Erstnennung stammt vermutlich aus dem Jahr 1305. Nach 1564 wurden Stenz (Stra\u00dfendorf) und Bohra nach Glauschnitz angegliedert. Ab 1843 geh\u00f6rte Stenz zum Amt Radeberg mit Lau\u00dfnitz. 1892 begann man hinter der Waldschule mit der Errichtung eines Infanterie-Gefechtsschie\u00dfplatz, der durch das 106.Regiment in Betrieb genommen wurde. Der Truppen\u00fcbungsplatz wurde im selben Jahr aus der Gemeinde Stenz ausgegliedert und f\u00fchrte ab 1907 die Bezeichnung &#8222;Garnisionsverwaltung K\u00f6nigsbr\u00fcck&#8220;. Nach Fertigstellung des neuen Truppen\u00fcbungsplatzes wurde das Alte Lager zun\u00e4chst weiter genutzt. Von 1942-1944 wurde er als Standort f\u00fcr die Legion Indien genutzt. Nach dem Ende des 2.Weltkrieges nahm die Rote Armee das Gel\u00e4nde in Besitz.<\/p>\n<p>Am 1.Oktober 1939 erfolgte die Eingemeindung nach K\u00f6nigsbr\u00fcck.<\/p>\n<p>Denkmal des 1.Weltkrieges<\/p>\n<div id='gallery-1' class='gallery galleryid-41611 gallery-columns-3 gallery-size-thumbnail'><dl class='gallery-item'>\n\t\t\t<dt class='gallery-icon portrait'>\n\t\t\t\t<a href='http:\/\/www.denkfried.de\/wp\/?attachment_id=41613'><img loading=\"lazy\" decoding=\"async\" width=\"150\" height=\"150\" src=\"http:\/\/www.denkfried.de\/wp\/wp-content\/uploads\/2018\/08\/IMG_0010-150x150.jpg\" class=\"attachment-thumbnail size-thumbnail\" alt=\"\" aria-describedby=\"gallery-1-41613\" \/><\/a>\n\t\t\t<\/dt>\n\t\t\t\t<dd class='wp-caption-text gallery-caption' id='gallery-1-41613'>\n\t\t\t\tStenz 1- Gesamtaufnahme\n\t\t\t\t<\/dd><\/dl><dl class='gallery-item'>\n\t\t\t<dt class='gallery-icon portrait'>\n\t\t\t\t<a href='http:\/\/www.denkfried.de\/wp\/?attachment_id=41612'><img loading=\"lazy\" decoding=\"async\" width=\"150\" height=\"150\" src=\"http:\/\/www.denkfried.de\/wp\/wp-content\/uploads\/2018\/08\/IMG_0012-150x150.jpg\" class=\"attachment-thumbnail size-thumbnail\" alt=\"\" aria-describedby=\"gallery-1-41612\" \/><\/a>\n\t\t\t<\/dt>\n\t\t\t\t<dd class='wp-caption-text gallery-caption' id='gallery-1-41612'>\n\t\t\t\tStenz 2\n\t\t\t\t<\/dd><\/dl><dl class='gallery-item'>\n\t\t\t<dt class='gallery-icon portrait'>\n\t\t\t\t<a href='http:\/\/www.denkfried.de\/wp\/?attachment_id=41614'><img loading=\"lazy\" decoding=\"async\" width=\"150\" height=\"150\" src=\"http:\/\/www.denkfried.de\/wp\/wp-content\/uploads\/2018\/08\/IMG_0011-150x150.jpg\" class=\"attachment-thumbnail size-thumbnail\" alt=\"\" aria-describedby=\"gallery-1-41614\" \/><\/a>\n\t\t\t<\/dt>\n\t\t\t\t<dd class='wp-caption-text gallery-caption' id='gallery-1-41614'>\n\t\t\t\tStenz 3- Namen\n\t\t\t\t<\/dd><\/dl><br style=\"clear: both\" \/>\n\t\t<\/div>\n\n","protected":false},"excerpt":{"rendered":"<p>01936 K\u00f6nigsbr\u00fcck &#8211; Stenz Stenz ist ein Wohnplatz der Stadt K\u00f6nigsbr\u00fcck und liegt an der Staatsstra\u00dfe 100\u00a0 in Richtung Radeburg. Die Erstnennung stammt vermutlich aus dem Jahr 1305. Nach 1564 wurden Stenz (Stra\u00dfendorf) und Bohra nach Glauschnitz angegliedert. Ab 1843 &hellip; <a href=\"http:\/\/www.denkfried.de\/wp\/?page_id=41611\">Weiterlesen <span class=\"meta-nav\">&rarr;<\/span><\/a><\/p>\n","protected":false},"author":2,"featured_media":0,"parent":6544,"menu_order":0,"comment_status":"closed","ping_status":"closed","template":"","meta":{"footnotes":""},"class_list":["post-41611","page","type-page","status-publish","hentry"],"_links":{"self":[{"href":"http:\/\/www.denkfried.de\/wp\/index.php?rest_route=\/wp\/v2\/pages\/41611","targetHints":{"allow":["GET"]}}],"collection":[{"href":"http:\/\/www.denkfried.de\/wp\/index.php?rest_route=\/wp\/v2\/pages"}],"about":[{"href":"http:\/\/www.denkfried.de\/wp\/index.php?rest_route=\/wp\/v2\/types\/page"}],"author":[{"embeddable":true,"href":"http:\/\/www.denkfried.de\/wp\/index.php?rest_route=\/wp\/v2\/users\/2"}],"replies":[{"embeddable":true,"href":"http:\/\/www.denkfried.de\/wp\/index.php?rest_route=%2Fwp%2Fv2%2Fcomments&post=41611"}],"version-history":[{"count":1,"href":"http:\/\/www.denkfried.de\/wp\/index.php?rest_route=\/wp\/v2\/pages\/41611\/revisions"}],"predecessor-version":[{"id":41615,"href":"http:\/\/www.denkfried.de\/wp\/index.php?rest_route=\/wp\/v2\/pages\/41611\/revisions\/41615"}],"up":[{"embeddable":true,"href":"http:\/\/www.denkfried.de\/wp\/index.php?rest_route=\/wp\/v2\/pages\/6544"}],"wp:attachment":[{"href":"http:\/\/www.denkfried.de\/wp\/index.php?rest_route=%2Fwp%2Fv2%2Fmedia&parent=41611"}],"curies":[{"name":"wp","href":"https:\/\/api.w.org\/{rel}","templated":true}]}}