{"id":40652,"date":"2016-03-24T14:46:44","date_gmt":"2016-03-24T13:46:44","guid":{"rendered":"http:\/\/www.denkfried.de\/wp\/?page_id=40652"},"modified":"2016-03-24T14:50:14","modified_gmt":"2016-03-24T13:50:14","slug":"schlamau","status":"publish","type":"page","link":"http:\/\/www.denkfried.de\/wp\/?page_id=40652","title":{"rendered":"Schlamau"},"content":{"rendered":"<p>&nbsp;<\/p>\n<p>Wiesenburg\/Mark &#8211; <strong>OT Schlamau<\/strong><\/p>\n<p>Bericht und Bilder von Thomas\u00a0<a href=\"http:\/\/g-bb.jimdo.com\/\">Gefallenendenkm\u00e4ler Berlin\/Brandenburg<\/a><\/p>\n<div id='gallery-1' class='gallery galleryid-40652 gallery-columns-3 gallery-size-thumbnail'><dl class='gallery-item'>\n\t\t\t<dt class='gallery-icon landscape'>\n\t\t\t\t<a href='http:\/\/www.denkfried.de\/wp\/?attachment_id=40656'><img loading=\"lazy\" decoding=\"async\" width=\"150\" height=\"150\" src=\"http:\/\/www.denkfried.de\/wp\/wp-content\/uploads\/2016\/03\/Schlamau-Kriegerdenkmal-150x150.jpg\" class=\"attachment-thumbnail size-thumbnail\" alt=\"\" \/><\/a>\n\t\t\t<\/dt><\/dl><dl class='gallery-item'>\n\t\t\t<dt class='gallery-icon portrait'>\n\t\t\t\t<a href='http:\/\/www.denkfried.de\/wp\/?attachment_id=40654'><img loading=\"lazy\" decoding=\"async\" width=\"150\" height=\"150\" src=\"http:\/\/www.denkfried.de\/wp\/wp-content\/uploads\/2016\/03\/Schlamau-Ehrenmal-Denkmal-150x150.jpg\" class=\"attachment-thumbnail size-thumbnail\" alt=\"\" \/><\/a>\n\t\t\t<\/dt><\/dl>\n\t\t\t<br style='clear: both' \/>\n\t\t<\/div>\n\n<p>Denkmal an der Hauptstra\u00dfe f\u00fcr die Opfer beider Weltkriege. In der Kirche befindet sich ein Gedenkblatt f\u00fcr die Gefallenen des ersten Weltkrieges und eine Gedenktafel f\u00fcr die Toten des zweiten Weltkrieges.<\/p>\n","protected":false},"excerpt":{"rendered":"<p>&nbsp; Wiesenburg\/Mark &#8211; OT Schlamau Bericht und Bilder von Thomas\u00a0Gefallenendenkm\u00e4ler Berlin\/Brandenburg Denkmal an der Hauptstra\u00dfe f\u00fcr die Opfer beider Weltkriege. In der Kirche befindet sich ein Gedenkblatt f\u00fcr die Gefallenen des ersten Weltkrieges und eine Gedenktafel f\u00fcr die Toten des &hellip; <a href=\"http:\/\/www.denkfried.de\/wp\/?page_id=40652\">Weiterlesen <span class=\"meta-nav\">&rarr;<\/span><\/a><\/p>\n","protected":false},"author":9,"featured_media":0,"parent":40585,"menu_order":0,"comment_status":"closed","ping_status":"closed","template":"","meta":{"footnotes":""},"class_list":["post-40652","page","type-page","status-publish","hentry"],"_links":{"self":[{"href":"http:\/\/www.denkfried.de\/wp\/index.php?rest_route=\/wp\/v2\/pages\/40652","targetHints":{"allow":["GET"]}}],"collection":[{"href":"http:\/\/www.denkfried.de\/wp\/index.php?rest_route=\/wp\/v2\/pages"}],"about":[{"href":"http:\/\/www.denkfried.de\/wp\/index.php?rest_route=\/wp\/v2\/types\/page"}],"author":[{"embeddable":true,"href":"http:\/\/www.denkfried.de\/wp\/index.php?rest_route=\/wp\/v2\/users\/9"}],"replies":[{"embeddable":true,"href":"http:\/\/www.denkfried.de\/wp\/index.php?rest_route=%2Fwp%2Fv2%2Fcomments&post=40652"}],"version-history":[{"count":3,"href":"http:\/\/www.denkfried.de\/wp\/index.php?rest_route=\/wp\/v2\/pages\/40652\/revisions"}],"predecessor-version":[{"id":40657,"href":"http:\/\/www.denkfried.de\/wp\/index.php?rest_route=\/wp\/v2\/pages\/40652\/revisions\/40657"}],"up":[{"embeddable":true,"href":"http:\/\/www.denkfried.de\/wp\/index.php?rest_route=\/wp\/v2\/pages\/40585"}],"wp:attachment":[{"href":"http:\/\/www.denkfried.de\/wp\/index.php?rest_route=%2Fwp%2Fv2%2Fmedia&parent=40652"}],"curies":[{"name":"wp","href":"https:\/\/api.w.org\/{rel}","templated":true}]}}