{"id":38757,"date":"2015-07-13T20:14:41","date_gmt":"2015-07-13T18:14:41","guid":{"rendered":"http:\/\/www.denkfried.de\/wp\/?page_id=38757"},"modified":"2015-07-20T15:20:38","modified_gmt":"2015-07-20T13:20:38","slug":"tierpark-fhrf","status":"publish","type":"page","link":"http:\/\/www.denkfried.de\/wp\/?page_id=38757","title":{"rendered":"Tierpark Fhf"},"content":{"rendered":"<p>&nbsp;<\/p>\n<p><strong>Berlin-Friedrichsfelde<\/strong> Tierpark,\u00a0Am Tierpark 125<\/p>\n<p>Bericht und Bilder von Thomas\u00a0<a href=\"http:\/\/g-bb.jimdo.com\/\">Gefallenendenkm\u00e4ler Berlin\/Brandenburg<\/a><\/p>\n<div id='gallery-1' class='gallery galleryid-38757 gallery-columns-4 gallery-size-thumbnail'><dl class='gallery-item'>\n\t\t\t<dt class='gallery-icon landscape'>\n\t\t\t\t<a href='http:\/\/www.denkfried.de\/wp\/?attachment_id=38779'><img loading=\"lazy\" decoding=\"async\" width=\"150\" height=\"150\" src=\"http:\/\/www.denkfried.de\/wp\/wp-content\/uploads\/2015\/07\/Berlin-Tierpark-Friedhof-Gedenken-Kriegsopfer-150x150.jpg\" class=\"attachment-thumbnail size-thumbnail\" alt=\"\" \/><\/a>\n\t\t\t<\/dt><\/dl><dl class='gallery-item'>\n\t\t\t<dt class='gallery-icon landscape'>\n\t\t\t\t<a href='http:\/\/www.denkfried.de\/wp\/?attachment_id=38782'><img loading=\"lazy\" decoding=\"async\" width=\"150\" height=\"150\" src=\"http:\/\/www.denkfried.de\/wp\/wp-content\/uploads\/2015\/07\/Berlin-Tierpark-Friedhof-Gedenken-Kriegsopfer-4-150x150.jpg\" class=\"attachment-thumbnail size-thumbnail\" alt=\"\" \/><\/a>\n\t\t\t<\/dt><\/dl><dl class='gallery-item'>\n\t\t\t<dt class='gallery-icon portrait'>\n\t\t\t\t<a href='http:\/\/www.denkfried.de\/wp\/?attachment_id=38783'><img loading=\"lazy\" decoding=\"async\" width=\"150\" height=\"150\" src=\"http:\/\/www.denkfried.de\/wp\/wp-content\/uploads\/2015\/07\/Berlin-Tierpark-Friedhof-Gedenken-Kriegsopfer-5-150x150.jpg\" class=\"attachment-thumbnail size-thumbnail\" alt=\"\" \/><\/a>\n\t\t\t<\/dt><\/dl><dl class='gallery-item'>\n\t\t\t<dt class='gallery-icon portrait'>\n\t\t\t\t<a href='http:\/\/www.denkfried.de\/wp\/?attachment_id=38780'><img loading=\"lazy\" decoding=\"async\" width=\"150\" height=\"150\" src=\"http:\/\/www.denkfried.de\/wp\/wp-content\/uploads\/2015\/07\/Berlin-Tierpark-Friedhof-Gedenken-Kriegsopfer-2-150x150.jpg\" class=\"attachment-thumbnail size-thumbnail\" alt=\"\" \/><\/a>\n\t\t\t<\/dt><\/dl><br style=\"clear: both\" \/><dl class='gallery-item'>\n\t\t\t<dt class='gallery-icon landscape'>\n\t\t\t\t<a href='http:\/\/www.denkfried.de\/wp\/?attachment_id=38787'><img loading=\"lazy\" decoding=\"async\" width=\"150\" height=\"150\" src=\"http:\/\/www.denkfried.de\/wp\/wp-content\/uploads\/2015\/07\/Tierpark-Denkmal-Gedenkstein-4-150x150.jpg\" class=\"attachment-thumbnail size-thumbnail\" alt=\"\" \/><\/a>\n\t\t\t<\/dt><\/dl><dl class='gallery-item'>\n\t\t\t<dt class='gallery-icon portrait'>\n\t\t\t\t<a href='http:\/\/www.denkfried.de\/wp\/?attachment_id=38784'><img loading=\"lazy\" decoding=\"async\" width=\"150\" height=\"150\" src=\"http:\/\/www.denkfried.de\/wp\/wp-content\/uploads\/2015\/07\/Tierpark-Denkmal-Gedenkstein-150x150.jpg\" class=\"attachment-thumbnail size-thumbnail\" alt=\"\" \/><\/a>\n\t\t\t<\/dt><\/dl><dl class='gallery-item'>\n\t\t\t<dt class='gallery-icon portrait'>\n\t\t\t\t<a href='http:\/\/www.denkfried.de\/wp\/?attachment_id=38785'><img loading=\"lazy\" decoding=\"async\" width=\"150\" height=\"150\" src=\"http:\/\/www.denkfried.de\/wp\/wp-content\/uploads\/2015\/07\/Tierpark-Denkmal-Gedenkstein-2-150x150.jpg\" class=\"attachment-thumbnail size-thumbnail\" alt=\"\" \/><\/a>\n\t\t\t<\/dt><\/dl><dl class='gallery-item'>\n\t\t\t<dt class='gallery-icon portrait'>\n\t\t\t\t<a href='http:\/\/www.denkfried.de\/wp\/?attachment_id=38786'><img loading=\"lazy\" decoding=\"async\" width=\"150\" height=\"150\" src=\"http:\/\/www.denkfried.de\/wp\/wp-content\/uploads\/2015\/07\/Tierpark-Denkmal-Gedenkstein-3-150x150.jpg\" class=\"attachment-thumbnail size-thumbnail\" alt=\"\" \/><\/a>\n\t\t\t<\/dt><\/dl><br style=\"clear: both\" \/>\n\t\t<\/div>\n\n<p>Hier gibt es eine Erbbegr\u00e4bnisst\u00e4tte der Familie von Treskow Friedrichsfelde. Die Grabst\u00e4tte ist komplett umz\u00e4unt,\u00a0hier liegen 23 Personen der Familie von Treskow begraben. Die Anlage befindet sich vom Eingang B\u00e4renschaufenster in Richtung Eisb\u00e4ren, kurz vor der B\u00e4renanlage. Angelegt wurde der ca.\u00a096\u00a0m\u00b2 von Carl Sigismund von Treskow im Jahre 1821. Hier ruhen unter anderem, Gefallene aus den deutsch-franz\u00f6sischen Krieg von 1870-71. Die Friedhofsanlage wurde nun 2015, anl\u00e4sslich des\u00a0330-j\u00e4hrigen Bestehens des Schlosses Friedrichsfelde und dem 750-j\u00e4hrigen Jubil\u00e4ums des Ortsteils neu hergerichtet. Hierbei fand der\u00a0Tierpark-Mitarbeiter Ronald L\u00e4chert ein alten Gedenkstein der Familie. Diese befand sich auf dem Wirtschaftshof des Tierparks, und ist den Gefallenen des Krieges von 1870-71 und den der\u00a0Weltkriege gedacht. Nun wurde er wieder zur Begr\u00e4bnisst\u00e4tte gebracht.<\/p>\n<p><span style=\"text-decoration: underline;\"><strong>Namensliste:<\/strong><\/span><\/p>\n<p><span style=\"text-decoration: underline;\">1870-1871<\/span><\/p>\n<p>Leutnant Hellmuth Georg Wilhelm, Graf v.\u00a0L\u00fcttichau geboren am 9. M\u00e4rz 1850 er fiel am\u00a016. Aug.udt 1870 bei Mars la Tour. Seine letzte Einheit war das \u00a0Oldnbg. Dragoner-Regiment Nr. 19.<\/p>\n<p>Leutnant Hans Graf v. L\u00fcttichau geboren am\u00a014. Jan. 1847 \u00a0er fiel am\u00a031. Dezember 1870 in Vend\u00f3me. Seine letzte Einheit war das\u00a0Brandenburgischen Dragoner-Regiment Nr. 2.<\/p>\n<p>Leutnant Kurt v. Treskow geboren am\u00a026. Juni 1849 er fiel am\u00a010. Januar 1871 in Vance por le Mans.<\/p>\n<p><span style=\"text-decoration: underline;\">1939-1945<\/span><\/p>\n<p>Grenadier\u00a0Ulrich, Graf v. L\u00fcttichau geboren am\u00a022.8.1920 gefallen am\u00a09. Juni 1940 an der Aisne. (Gedenkstein, er ruht auf der Kriegsgr\u00e4berst\u00e4tte in\u00a0Noyers-Pont-Maugis in Frankreich.)<\/p>\n<p>Sigismund v. Treskow-Friedrichsfelde geboren am\u00a01.\u00a0Oktober\u00a01864 in Friedrichsfelde. Er starb am\u00a023.5.1945.<\/p>\n<p>Gedenkstein Opfer des Faschismus<\/p>\n<p>&nbsp;<\/p>\n","protected":false},"excerpt":{"rendered":"<p>&nbsp; Berlin-Friedrichsfelde Tierpark,\u00a0Am Tierpark 125 Bericht und Bilder von Thomas\u00a0Gefallenendenkm\u00e4ler Berlin\/Brandenburg Hier gibt es eine Erbbegr\u00e4bnisst\u00e4tte der Familie von Treskow Friedrichsfelde. Die Grabst\u00e4tte ist komplett umz\u00e4unt,\u00a0hier liegen 23 Personen der Familie von Treskow begraben. Die Anlage befindet sich vom Eingang &hellip; <a href=\"http:\/\/www.denkfried.de\/wp\/?page_id=38757\">Weiterlesen <span class=\"meta-nav\">&rarr;<\/span><\/a><\/p>\n","protected":false},"author":9,"featured_media":0,"parent":26909,"menu_order":0,"comment_status":"open","ping_status":"open","template":"","meta":{"footnotes":""},"class_list":["post-38757","page","type-page","status-publish","hentry"],"_links":{"self":[{"href":"http:\/\/www.denkfried.de\/wp\/index.php?rest_route=\/wp\/v2\/pages\/38757","targetHints":{"allow":["GET"]}}],"collection":[{"href":"http:\/\/www.denkfried.de\/wp\/index.php?rest_route=\/wp\/v2\/pages"}],"about":[{"href":"http:\/\/www.denkfried.de\/wp\/index.php?rest_route=\/wp\/v2\/types\/page"}],"author":[{"embeddable":true,"href":"http:\/\/www.denkfried.de\/wp\/index.php?rest_route=\/wp\/v2\/users\/9"}],"replies":[{"embeddable":true,"href":"http:\/\/www.denkfried.de\/wp\/index.php?rest_route=%2Fwp%2Fv2%2Fcomments&post=38757"}],"version-history":[{"count":21,"href":"http:\/\/www.denkfried.de\/wp\/index.php?rest_route=\/wp\/v2\/pages\/38757\/revisions"}],"predecessor-version":[{"id":38791,"href":"http:\/\/www.denkfried.de\/wp\/index.php?rest_route=\/wp\/v2\/pages\/38757\/revisions\/38791"}],"up":[{"embeddable":true,"href":"http:\/\/www.denkfried.de\/wp\/index.php?rest_route=\/wp\/v2\/pages\/26909"}],"wp:attachment":[{"href":"http:\/\/www.denkfried.de\/wp\/index.php?rest_route=%2Fwp%2Fv2%2Fmedia&parent=38757"}],"curies":[{"name":"wp","href":"https:\/\/api.w.org\/{rel}","templated":true}]}}