{"id":3818,"date":"2011-04-18T19:24:21","date_gmt":"2011-04-18T17:24:21","guid":{"rendered":"http:\/\/www.denkfried.de\/wp\/?page_id=3818"},"modified":"2011-04-18T19:24:21","modified_gmt":"2011-04-18T17:24:21","slug":"hamburg-ohlsdorf-nord","status":"publish","type":"page","link":"http:\/\/www.denkfried.de\/wp\/?page_id=3818","title":{"rendered":"Hamburg-Ohlsdorf  (Nord)"},"content":{"rendered":"<p>&nbsp;<\/p>\n<p><strong>Hamburg-Ohlsdorf<\/strong><\/p>\n<p>Adresse: \u00a0Friedhof Ohlsdorf<br \/>\nFuhlsb\u00fcttler Str. 756<br \/>\n22337 Hamburg<br \/>\nTelefon: 040 \/ 593 88 -0<\/p>\n<p>Der St\u00e4dtische Ohlsdorfer Friedhof ist nach dem Zentralfriedhof in Wien einer der gr\u00f6\u00dften Bestattungsorte der Welt.<br \/>\nDie Fl\u00e4che betr\u00e4gt etwa 400 ha und ist wie ein riesiger Park angelegt. Die erste Bestattung erfolgte hier 1877.<br \/>\nEs  gibt 12 Kapellen, 1 Krematorium, Abschieds-und Feierhallen. Die Kapelle  5 gibt es nicht mehr, sie ist 1940 ausgebrannt. \u00a0Hier sind zahlreiche  Bestattungsformen m\u00f6glich genauso kann sich jeder hier bestatten lassen,  egal ob er in Hamburg wohnhaft ist oder war.<br \/>\nDurch die Gr\u00f6\u00dfe des Friedhofes ist es erlaubt diese Anlage auch mit dem Auto zu befahren.<\/p>\n<p>Auf dem Friedhof befinden sich 6 Gedenkst\u00e4tten f\u00fcr die Zeit des NS-Zeit.<br \/>\n&#8211; Gedenkst\u00e4tte f\u00fcr die Opfer nationalsozialistischer Verfolgung<br \/>\n&#8211; <span style=\"color: #3366ff;\">Mahnmal f\u00fcr die Opfer des Feuersturms *<\/span><br \/>\n&#8211; Ehrenhain f\u00fcr Hamburger Widerstandsk\u00e4mpfer<br \/>\n&#8211; Ehrenfeld f\u00fcr Hamburger Widerstandsk\u00e4mpfer ( a.Veranlassung<\/p>\n<p>der Sophie-Scholl-Stiftung)<br \/>\n&#8211; Gr\u00e4berfeld f\u00fcr ausl\u00e4ndische Opfer<br \/>\n&#8211; f\u00fcr das Gedenken an die KZ-H\u00e4ftlinge und Zwangsarbeiter<\/p>\n<p>Mahnmal f\u00fcr die ermordeten Hamburger Juden auf dem j\u00fcdischen Friedhof Ilandkoppel<\/p>\n<p><span style=\"color: #339966;\">DENKMAL und Kriegsgr\u00e4berst\u00e4tte bei Kapelle 9*<\/span><\/p>\n<p>Zwei deutsche und britische Soldatenfriedh\u00f6fe<br \/>\n(1. u.2.WK)<\/p>\n<p>+++++++++++++++++++++++++++++++++++++++++++++++++<\/p>\n<p><span style=\"color: #0000ff;\">* Mahnmal f\u00fcr die Opfer des Feuersturms bei Kapelle 13<\/span><\/p>\n<div id=\"msg_1064\">In einem Sammelgrab liegen etwa 38.000 Opfer der Bombenn\u00e4chte vom 25.bis 3.August 1943.&nbsp;<\/p>\n<p>Die Symbolfigur ist die Figurengruppe <em>&#8222;Fahrt \u00fcber den Styx&#8220;<\/em><\/p>\n<\/div>\n<div>&#8212;&#8212;&#8212;&#8212;&#8212;&#8212;&#8212;&#8212;&#8212;\u00a0\u00a0\u00a0\u00a0\u00a0\u00a0\u00a0\u00a0\u00a0\u00a0\u00a0\u00a0\u00a0\u00a0\u00a0\u00a0 &#8212;&#8212;&#8212;&#8212;&#8212;&#8212;&#8212;-\u00a0\u00a0\u00a0\u00a0\u00a0\u00a0\u00a0\u00a0\u00a0\u00a0\u00a0 &#8212;&#8212;&#8212;&#8212;&#8212;&#8212;-<\/div>\n<p><strong><span style=\"color: #339966;\">* DENKMAL und Kriegsgr\u00e4berst\u00e4tte bei Kapelle 9<\/span><\/strong><\/p>\n<p>Kriegsgr\u00e4ber von deutschen Soldaten, die gr\u00f6\u00dftenteils in Lazaretten verstorben sind.<\/p>\n<p>1.Weltkrieg:\u00a0 \u00a03.418 Tote<br \/>\n2.Weltkrieg:\u00a0 \u00a02.940 Tote<br \/>\nRussische Anlage mit 384 Tote<\/p>\n<p>&#8212;&#8212;&#8212;&#8212;&#8212;&#8212;-\u00a0\u00a0\u00a0\u00a0\u00a0\u00a0\u00a0\u00a0\u00a0\u00a0\u00a0\u00a0\u00a0\u00a0 &#8212;&#8212;&#8212;&#8212;&#8212;-\u00a0\u00a0\u00a0\u00a0\u00a0\u00a0\u00a0\u00a0 &#8212;&#8212;&#8212;&#8212;&#8212;<\/p>\n<p><strong>Bombenopfer -Einzelgr\u00e4ber an Kapelle 10<\/strong><\/p>\n<p>Hier sind 2.282 Bombenopfer auf 2 Grabfeldern in Einzelgr\u00e4bern bestattet.<\/p>\n<p>&#8212;&#8212;&#8212;&#8212;&#8212;&#8212;-\u00a0\u00a0\u00a0\u00a0\u00a0\u00a0\u00a0\u00a0\u00a0\u00a0\u00a0\u00a0 &#8212;&#8212;&#8212;&#8212;&#8212;&#8211;\u00a0\u00a0\u00a0\u00a0\u00a0\u00a0\u00a0\u00a0\u00a0 &#8212;&#8212;&#8212;&#8212;&#8212;-<\/p>\n<p><strong>Britischen Commonwealth bei Kapelle 12<\/strong><\/p>\n<p>Auf diesem Gr\u00e4berfeld ruhen 682 Tote aus dem 1.Weltkrieg und 2.085 Tote aus dem 2.Weltkrieg.<\/p>\n<p>&#8212;&#8212;&#8212;&#8212;&#8212;&#8212;-\u00a0\u00a0\u00a0\u00a0\u00a0\u00a0\u00a0\u00a0\u00a0\u00a0 &#8212;&#8212;&#8212;&#8212;&#8212;&#8212;\u00a0\u00a0\u00a0\u00a0\u00a0\u00a0\u00a0\u00a0\u00a0 &#8212;&#8212;&#8212;&#8212;&#8212;-<\/p>\n<p>&nbsp;<\/p>\n","protected":false},"excerpt":{"rendered":"<p>&nbsp; Hamburg-Ohlsdorf Adresse: \u00a0Friedhof Ohlsdorf Fuhlsb\u00fcttler Str. 756 22337 Hamburg Telefon: 040 \/ 593 88 -0 Der St\u00e4dtische Ohlsdorfer Friedhof ist nach dem Zentralfriedhof in Wien einer der gr\u00f6\u00dften Bestattungsorte der Welt. Die Fl\u00e4che betr\u00e4gt etwa 400 ha und ist &hellip; <a href=\"http:\/\/www.denkfried.de\/wp\/?page_id=3818\">Weiterlesen <span class=\"meta-nav\">&rarr;<\/span><\/a><\/p>\n","protected":false},"author":2,"featured_media":0,"parent":380,"menu_order":0,"comment_status":"closed","ping_status":"open","template":"","meta":{"footnotes":""},"class_list":["post-3818","page","type-page","status-publish","hentry"],"_links":{"self":[{"href":"http:\/\/www.denkfried.de\/wp\/index.php?rest_route=\/wp\/v2\/pages\/3818","targetHints":{"allow":["GET"]}}],"collection":[{"href":"http:\/\/www.denkfried.de\/wp\/index.php?rest_route=\/wp\/v2\/pages"}],"about":[{"href":"http:\/\/www.denkfried.de\/wp\/index.php?rest_route=\/wp\/v2\/types\/page"}],"author":[{"embeddable":true,"href":"http:\/\/www.denkfried.de\/wp\/index.php?rest_route=\/wp\/v2\/users\/2"}],"replies":[{"embeddable":true,"href":"http:\/\/www.denkfried.de\/wp\/index.php?rest_route=%2Fwp%2Fv2%2Fcomments&post=3818"}],"version-history":[{"count":2,"href":"http:\/\/www.denkfried.de\/wp\/index.php?rest_route=\/wp\/v2\/pages\/3818\/revisions"}],"predecessor-version":[{"id":3820,"href":"http:\/\/www.denkfried.de\/wp\/index.php?rest_route=\/wp\/v2\/pages\/3818\/revisions\/3820"}],"up":[{"embeddable":true,"href":"http:\/\/www.denkfried.de\/wp\/index.php?rest_route=\/wp\/v2\/pages\/380"}],"wp:attachment":[{"href":"http:\/\/www.denkfried.de\/wp\/index.php?rest_route=%2Fwp%2Fv2%2Fmedia&parent=3818"}],"curies":[{"name":"wp","href":"https:\/\/api.w.org\/{rel}","templated":true}]}}