{"id":37627,"date":"2015-02-10T18:21:35","date_gmt":"2015-02-10T17:21:35","guid":{"rendered":"http:\/\/www.denkfried.de\/wp\/?page_id=37627"},"modified":"2015-02-10T18:22:22","modified_gmt":"2015-02-10T17:22:22","slug":"emmelsbuell-horsbuell","status":"publish","type":"page","link":"http:\/\/www.denkfried.de\/wp\/?page_id=37627","title":{"rendered":"Emmelsb\u00fcll &#8211; Horsb\u00fcll"},"content":{"rendered":"<p>&nbsp;<\/p>\n<p><span style=\"text-decoration: underline;\"><strong>25924 Emmelsb\u00fcll &#8211; Horsb\u00fcll<\/strong><\/span><\/p>\n<p>Auf dem Ortsfriedhof in Emmelsb\u00fcll &#8211; Horsb\u00fcll finden wir ein Einzelgrab f\u00fcr einen Jungen gestorben am 19.05.1945. Seine Eltern verstarben in den 70er Jahren und werden nach ihm auf dem Grabstein aufgef\u00fchrt.<\/p>\n<p>&nbsp;<\/p>\n<p>Bilder vom 23.04.2013<\/p>\n<p>&nbsp;<\/p>\n<p>Gr\u00fc\u00dfe Hubert<\/p>\n<p><a href=\"http:\/\/www.denkfried.de\/wp\/wp-content\/uploads\/2015\/02\/KGSt.Horsb\u00fcllOFH.Althorsb\u00fcllerstr.-23.04.2013-1.jpg\"><img loading=\"lazy\" decoding=\"async\" class=\"aligncenter size-thumbnail wp-image-37628\" src=\"http:\/\/www.denkfried.de\/wp\/wp-content\/uploads\/2015\/02\/KGSt.Horsb\u00fcllOFH.Althorsb\u00fcllerstr.-23.04.2013-1-150x150.jpg\" alt=\"KGSt.Horsb\u00fcll,OFH.Althorsb\u00fcllerstr. 23.04.2013- (1)\" width=\"150\" height=\"150\" \/><\/a> <a href=\"http:\/\/www.denkfried.de\/wp\/wp-content\/uploads\/2015\/02\/KGSt.Horsb\u00fcllOFH.Althorsb\u00fcllerstr.-23.04.2013-2.jpg\"><img loading=\"lazy\" decoding=\"async\" class=\"aligncenter size-thumbnail wp-image-37629\" src=\"http:\/\/www.denkfried.de\/wp\/wp-content\/uploads\/2015\/02\/KGSt.Horsb\u00fcllOFH.Althorsb\u00fcllerstr.-23.04.2013-2-150x150.jpg\" alt=\"KGSt.Horsb\u00fcll,OFH.Althorsb\u00fcllerstr. 23.04.2013- (2)\" width=\"150\" height=\"150\" \/><\/a><\/p>\n<p>&nbsp;<\/p>\n","protected":false},"excerpt":{"rendered":"<p>&nbsp; 25924 Emmelsb\u00fcll &#8211; Horsb\u00fcll Auf dem Ortsfriedhof in Emmelsb\u00fcll &#8211; Horsb\u00fcll finden wir ein Einzelgrab f\u00fcr einen Jungen gestorben am 19.05.1945. Seine Eltern verstarben in den 70er Jahren und werden nach ihm auf dem Grabstein aufgef\u00fchrt. &nbsp; Bilder vom &hellip; <a href=\"http:\/\/www.denkfried.de\/wp\/?page_id=37627\">Weiterlesen <span class=\"meta-nav\">&rarr;<\/span><\/a><\/p>\n","protected":false},"author":7,"featured_media":0,"parent":4027,"menu_order":0,"comment_status":"closed","ping_status":"open","template":"","meta":{"footnotes":""},"class_list":["post-37627","page","type-page","status-publish","hentry"],"_links":{"self":[{"href":"http:\/\/www.denkfried.de\/wp\/index.php?rest_route=\/wp\/v2\/pages\/37627","targetHints":{"allow":["GET"]}}],"collection":[{"href":"http:\/\/www.denkfried.de\/wp\/index.php?rest_route=\/wp\/v2\/pages"}],"about":[{"href":"http:\/\/www.denkfried.de\/wp\/index.php?rest_route=\/wp\/v2\/types\/page"}],"author":[{"embeddable":true,"href":"http:\/\/www.denkfried.de\/wp\/index.php?rest_route=\/wp\/v2\/users\/7"}],"replies":[{"embeddable":true,"href":"http:\/\/www.denkfried.de\/wp\/index.php?rest_route=%2Fwp%2Fv2%2Fcomments&post=37627"}],"version-history":[{"count":1,"href":"http:\/\/www.denkfried.de\/wp\/index.php?rest_route=\/wp\/v2\/pages\/37627\/revisions"}],"predecessor-version":[{"id":37634,"href":"http:\/\/www.denkfried.de\/wp\/index.php?rest_route=\/wp\/v2\/pages\/37627\/revisions\/37634"}],"up":[{"embeddable":true,"href":"http:\/\/www.denkfried.de\/wp\/index.php?rest_route=\/wp\/v2\/pages\/4027"}],"wp:attachment":[{"href":"http:\/\/www.denkfried.de\/wp\/index.php?rest_route=%2Fwp%2Fv2%2Fmedia&parent=37627"}],"curies":[{"name":"wp","href":"https:\/\/api.w.org\/{rel}","templated":true}]}}