{"id":37046,"date":"2014-11-30T08:33:31","date_gmt":"2014-11-30T07:33:31","guid":{"rendered":"http:\/\/www.denkfried.de\/wp\/?page_id=37046"},"modified":"2015-12-27T17:00:11","modified_gmt":"2015-12-27T16:00:11","slug":"rostock-dm","status":"publish","type":"page","link":"http:\/\/www.denkfried.de\/wp\/?page_id=37046","title":{"rendered":"Rostock &#8211; DM"},"content":{"rendered":"<p>&nbsp;<\/p>\n<p><strong>Hansestadt Rostock<\/strong> &#8211; Denkm\u00e4ler Befreiungskriege<\/p>\n<p>Bericht und Bilder von Thomas\u00a0<a href=\"http:\/\/g-bb.jimdo.com\/\">Gefallenendenkm\u00e4ler Berlin\/Brandenburg<\/a><\/p>\n<div id='gallery-1' class='gallery galleryid-37046 gallery-columns-4 gallery-size-thumbnail'><dl class='gallery-item'>\n\t\t\t<dt class='gallery-icon landscape'>\n\t\t\t\t<a href='http:\/\/www.denkfried.de\/wp\/?attachment_id=37126'><img loading=\"lazy\" decoding=\"async\" width=\"150\" height=\"150\" src=\"http:\/\/www.denkfried.de\/wp\/wp-content\/uploads\/2014\/11\/Denkmal-Rostock-13-150x150.jpg\" class=\"attachment-thumbnail size-thumbnail\" alt=\"\" \/><\/a>\n\t\t\t<\/dt><\/dl><dl class='gallery-item'>\n\t\t\t<dt class='gallery-icon landscape'>\n\t\t\t\t<a href='http:\/\/www.denkfried.de\/wp\/?attachment_id=38616'><img loading=\"lazy\" decoding=\"async\" width=\"150\" height=\"150\" src=\"http:\/\/www.denkfried.de\/wp\/wp-content\/uploads\/2014\/11\/Rostock_Bluecherdenkmal-4-150x150.jpg\" class=\"attachment-thumbnail size-thumbnail\" alt=\"\" \/><\/a>\n\t\t\t<\/dt><\/dl><dl class='gallery-item'>\n\t\t\t<dt class='gallery-icon portrait'>\n\t\t\t\t<a href='http:\/\/www.denkfried.de\/wp\/?attachment_id=38615'><img loading=\"lazy\" decoding=\"async\" width=\"150\" height=\"150\" src=\"http:\/\/www.denkfried.de\/wp\/wp-content\/uploads\/2014\/11\/Rostock_Bluecherdenkmal-150x150.jpg\" class=\"attachment-thumbnail size-thumbnail\" alt=\"\" \/><\/a>\n\t\t\t<\/dt><\/dl><dl class='gallery-item'>\n\t\t\t<dt class='gallery-icon portrait'>\n\t\t\t\t<a href='http:\/\/www.denkfried.de\/wp\/?attachment_id=38617'><img loading=\"lazy\" decoding=\"async\" width=\"150\" height=\"150\" src=\"http:\/\/www.denkfried.de\/wp\/wp-content\/uploads\/2014\/11\/Rostock_Bluecherdenkmal-5-150x150.jpg\" class=\"attachment-thumbnail size-thumbnail\" alt=\"\" \/><\/a>\n\t\t\t<\/dt><\/dl><br style=\"clear: both\" \/><dl class='gallery-item'>\n\t\t\t<dt class='gallery-icon portrait'>\n\t\t\t\t<a href='http:\/\/www.denkfried.de\/wp\/?attachment_id=37139'><img loading=\"lazy\" decoding=\"async\" width=\"150\" height=\"150\" src=\"http:\/\/www.denkfried.de\/wp\/wp-content\/uploads\/2014\/11\/Rostock_Ehrenmal-150x150.jpg\" class=\"attachment-thumbnail size-thumbnail\" alt=\"\" \/><\/a>\n\t\t\t<\/dt><\/dl><dl class='gallery-item'>\n\t\t\t<dt class='gallery-icon portrait'>\n\t\t\t\t<a href='http:\/\/www.denkfried.de\/wp\/?attachment_id=37048'><img loading=\"lazy\" decoding=\"async\" width=\"150\" height=\"150\" src=\"http:\/\/www.denkfried.de\/wp\/wp-content\/uploads\/2014\/11\/Denkmal-Rostock-150x150.jpg\" class=\"attachment-thumbnail size-thumbnail\" alt=\"\" \/><\/a>\n\t\t\t<\/dt><\/dl><dl class='gallery-item'>\n\t\t\t<dt class='gallery-icon portrait'>\n\t\t\t\t<a href='http:\/\/www.denkfried.de\/wp\/?attachment_id=37049'><img loading=\"lazy\" decoding=\"async\" width=\"150\" height=\"150\" src=\"http:\/\/www.denkfried.de\/wp\/wp-content\/uploads\/2014\/11\/Kriegerdenkmal-Rostock-150x150.jpg\" class=\"attachment-thumbnail size-thumbnail\" alt=\"\" \/><\/a>\n\t\t\t<\/dt><\/dl><dl class='gallery-item'>\n\t\t\t<dt class='gallery-icon landscape'>\n\t\t\t\t<a href='http:\/\/www.denkfried.de\/wp\/?attachment_id=38614'><img loading=\"lazy\" decoding=\"async\" width=\"150\" height=\"150\" src=\"http:\/\/www.denkfried.de\/wp\/wp-content\/uploads\/2014\/11\/Rostock-Ehrenmal-Namen-150x150.jpg\" class=\"attachment-thumbnail size-thumbnail\" alt=\"\" \/><\/a>\n\t\t\t<\/dt><\/dl><br style=\"clear: both\" \/>\n\t\t<\/div>\n\n<p><span style=\"text-decoration: underline;\"><strong>1813-15 &#8222;Bl\u00fccherdenkmal&#8220;<\/strong><\/span><\/p>\n<p>Eine \u00fcberlebensgro\u00dfe bronzene Statue, das Denkmal ist dem Feldherrn Gebhard Leberecht von Bl\u00fccher, dem ersten Ehrenb\u00fcrger der Stadt Rostock geweiht. Enth\u00fcllt wurde es am 26. August 1819, das Denkmal befindet sich auf dem Universit\u00e4tsplatz. Am Denkmal sind Relief Abbildungen am Sockel eines von der Schlacht bei Ligny und eins von der Schlacht bei Waterloo. Inschriften am Denkmal:<\/p>\n<p style=\"text-align: center;\"><strong><i>Dem F\u00fcrsten Bl\u00fccher von Wahlstatt Die Seinigen<\/i><\/strong><\/p>\n<p style=\"text-align: center;\"><strong><i>In Harren und Krieg,<br \/>\nIn Sturz und Sieg<br \/>\nBewu\u00dft und gro\u00df,<br \/>\nSo ri\u00df er uns von Feinden los<\/i><\/strong><\/p>\n<p><span style=\"text-decoration: underline;\"><strong>1864, 1866, 1870-71<\/strong><\/span><\/p>\n<p>An der Schwaansche Str. befindet sich eine Gedenkanlage f\u00fcr das Mecklenburgische Fusilier-Regiment Nr. 90. Ein Obelisk aus Sandstein und bronzenen Namenstafeln. Eingeweiht wurde das Denkmal am 09.09.1872 Erschaffen vom Bildhauer Ludwig Brunow nach einem Entwurf von Richard Lucae. Auf einer alten Postkarte ist der damalige Zustand der Anlage. Es konnten 259 Namen \u00fcbernommen werden. Am Denkmal sind auch die Orte der Schlachten des Regiments verzeichnet.\u00a0Erg\u00e4nzungen hierzu von <em><a href=\"http:\/\/de.wikipedia.org\/wiki\/Gro%C3%9Fherzoglich_Mecklenburgisches_F%C3%BCsilier-Regiment_%E2%80%9EKaiser_Wilhelm%E2%80%9C_Nr._90\">Wikipedia.<\/a><\/em><\/p>\n<h4><strong><span id=\"1870\" class=\"mw-headline\">1870<\/span><\/strong><\/h4>\n<ul>\n<li>4. bis 10. September &#8212; Belagerung von Metz<\/li>\n<li>12. bis 22. September &#8212; Belagerung von Toul<\/li>\n<li>10. Oktober bis 9. November &#8212; Belagerung von Paris<\/li>\n<li>17. November &#8212; Dreux (I. u. III. Bataillon)<\/li>\n<li>21. November &#8212; La Madeleine-Bouvet (I. u. III.)<\/li>\n<li>22. November &#8212; Belleme (III.)<\/li>\n<li>2. Dezember &#8212; Schlacht bei Loigny und Poupry (I. u. III.)<\/li>\n<li>3. und 4. Dezember &#8212; Schlacht von Orl\u00e9ans (I. u. III.)<\/li>\n<li>7. Dezember &#8212; Meung-sur-Loire (I. u. III.)<\/li>\n<li>8. bis 10. Dezember &#8212; Schlacht bei Beaugency<\/li>\n<li>14. und 15. Dezember &#8212; Fr\u00e9teval und Mor\u00e9e<\/li>\n<\/ul>\n<h4><strong><span id=\"1871\" class=\"mw-headline\">1871<\/span><\/strong><\/h4>\n<ul>\n<li>8. Januar &#8212; Vibraye (II.)<\/li>\n<li>9. und 11. Januar &#8212; Connerr\u00e9 und Thorign\u00e9-d&#8217;Anjou (I. u. II.)<\/li>\n<li>21. Januar &#8212; Berney (III.)<\/li>\n<li>30. Januar &#8212; Caudebec-l\u00e8s-Elbeuf<\/li>\n<\/ul>\n<p><span style=\"text-decoration: underline;\"><strong>Namen:<\/strong><\/span><\/p>\n<p>Ahrens als Gefreiter in der 1. Comp.<br \/>\nAhrens I. als F\u00fcsilier in der 5. Comp.<br \/>\nAwe Verm. als F\u00fcsilier in der 1. Comp.<br \/>\nBaade als F\u00fcsilier in der 10. Comp.<br \/>\nBaarss als Gefreiter in der 2. Comp.<br \/>\nBahlk als Hornist in der 6. Comp.<br \/>\nBarckholz als F\u00fcsilier in der 2. Comp.<br \/>\nBartels als F\u00fcsilier in der 9. Comp.<br \/>\nBastian als Unteroffizier in der 2. Comp.<br \/>\nBaumgarten als F\u00fcsilier in der 5. Comp.<br \/>\nBecker als F\u00fcsilier in der 1. Comp.<br \/>\nBecker als F\u00fcsilier in der 5. Comp.<br \/>\nBehrens als F\u00fcsilier in der 1. Comp.<br \/>\nBelow als F\u00fcsilier in der 3. Comp.<br \/>\nBeneke als Unteroff. in der 2. Comp.<br \/>\nBerlin als F\u00fcsilier in der 7. Comp.<br \/>\nBeyer als F\u00fcsilier in der 6. Comp.<br \/>\nBiebow als F\u00fcsilier in der 4. Comp.<br \/>\nBielfeldt als F\u00fcsilier in der 7. Comp.<br \/>\nBitter als F\u00fcsilier in der 5. Comp.<br \/>\nBlohm als F\u00fcsilier in der 4. Comp.<br \/>\nBobzien als F\u00fcsilier in der 8. Comp.<br \/>\nBobzien als Gefreiter in der 6. Comp.<br \/>\nBockmann als F\u00fcsilier in der 7. Comp.<br \/>\nBohnsack als F\u00fcsilier in der 4. Comp.<br \/>\nBoldt als F\u00fcsilier in der 3. Comp.<br \/>\nBoldt als Gefreiter in der 6. Comp.<br \/>\nBorgwardt als F\u00fcsilier in der 1. Comp.<br \/>\nBrandt als F\u00fcsilier in der 3. Comp.<br \/>\nBrandt I. als Gefreiter in der 5. Comp.<br \/>\nBrandt II. Verm. als F\u00fcsilier in der 6. Comp.<br \/>\nBremer als Unteroffizier in der 2. Comp.<br \/>\nBretzmann als F\u00fcsilier in der 4. Comp.<br \/>\nBruegger als F\u00fcsilier in der 11. Comp.<br \/>\nBruhn als F\u00fcsilier in der 1. Comp.<br \/>\nBruhns als Gefreiter in der 2. Comp.<br \/>\nBrunnemann als Vizefeldw. in der 5. Comp.<br \/>\nBuch als F\u00fcsilier in der 4. Comp.<br \/>\nBuckentin als F\u00fcsilier in der 2. Comp.<br \/>\nBurchard als Unteroffizier in der 1. Comp.<br \/>\nBurmeister III. als F\u00fcsilier in der 9. Comp.<br \/>\nClaevecke als Leutnant<br \/>\nCordshagen als Hornist in der 7. Comp.<br \/>\nDaedelow als F\u00fcsilier in der 6. Comp.<br \/>\nDagemann als Gefreiter in der 1. Comp.<br \/>\nDalchow als F\u00fcsilier in der 5. Comp.<br \/>\nDethloff als F\u00fcsilier in der 2. Comp.<br \/>\nDoehn als F\u00fcsilier in der 4. Comp.<br \/>\nDoescher als F\u00fcsilier in der 10. Comp.<br \/>\nDohse als F\u00fcsilier in der 6. Comp.<br \/>\nDruehl als Gefreiter in der 11. Comp.<br \/>\nEbert als F\u00fcsilier in der 3. Comp.<br \/>\nEhlers als Gefreiter in der 2. Comp.<br \/>\nEngel als Gefreiter in der 1. Comp.<br \/>\nErdmann II. als F\u00fcsilier in der 7. Comp.<br \/>\nEsch als F\u00fcsilier in der 1. Comp.<br \/>\nEwers als F\u00fcsilier in der 12. Comp.<br \/>\nFabricius als Vizefeldwebel in der 1. Comp.<br \/>\nFacklam als Unteroff. in der 7. Comp.<br \/>\nFeege als F\u00fcsilier in der 5. Comp.<br \/>\nFehlandt als F\u00fcsilier in der 11. Comp.<br \/>\nFischer als F\u00fcsilier in der 5. Comp.<br \/>\nFrehse als F\u00fcsilier in der 12. Comp.<br \/>\nFroh I. als F\u00fcsilier in der 4. Comp.<br \/>\nGaeth als F\u00fcsilier in der 8. Comp.<br \/>\nGammelin als Gefreiter in der 10. Comp.<br \/>\nGiese I. als F\u00fcsilier in der 7. Comp.<br \/>\nGippe als F\u00fcsilier in der 10. Comp.<br \/>\nGlaefke als F\u00fcsilier in der 2. Comp.<br \/>\nGothan als F\u00fcsilier in der 2. Comp.<br \/>\nGottschalk Verm. in der 2. Comp.<br \/>\nGroth als F\u00fcsilier in der 5. Comp.<br \/>\nGrunzel als F\u00fcsilier in der 8. Comp.<br \/>\nHaacker als F\u00fcsilier in der 4. Comp.<br \/>\nHack als Gefreiter in der 3. Comp.<br \/>\nHaevelmann als F\u00fcsilier in der 6. Comp.<br \/>\nHagelstein als F\u00fcsilier in der 7. Comp.<br \/>\nHagen als F\u00fcsilier in der 11. Comp.<br \/>\nHainns als F\u00fcsilier in der 12. Comp.<br \/>\nHaker als Gefreiter in der 1. Comp.<br \/>\nHarms als F\u00fcsilier in der 3. Comp.<br \/>\nHarms Verm. als Unteroff. in der 7. Comp.<br \/>\nHasselfeldt als F\u00fcsilier in der 6. Comp.<br \/>\nHasselmann als F\u00fcsilier in der 4. Comp.<br \/>\nHattendorf als F\u00fcsilier in der 9. Comp.<br \/>\nHaukohl als Unteroff. in der 12. Comp.<br \/>\nHauschild als F\u00fcsilier in der 4. Comp.<br \/>\nHavekost als F\u00fcsilier in der 2. Comp.<br \/>\nHecht als Gefreiter in der 6. Comp.<br \/>\nHeese als Gefreiter in der 7. Comp.<br \/>\nHeinius als F\u00fcsilier in der 4. Comp.<br \/>\nHeitmann als Gefreiter in der 2. Comp.<br \/>\nHenke als Gefreiter in der 6. Comp.<br \/>\nHenning II. als F\u00fcsilier in der 4. Comp.<br \/>\nHeyden als Unteroff. in der 10. Comp.<br \/>\nHingst als Unteroffizier in der 9. Comp.<br \/>\nHinzpeter als F\u00fcsilier in der 10. Comp.<br \/>\nHoffmann als Vizefeldw. in der 1. Comp.<br \/>\nHolst als F\u00fcsilier in der 3. Comp.<br \/>\nJennerjahn als F\u00fcsilier in der 2. Comp.<br \/>\nJentz als F\u00fcsilier in der 5. Comp.<br \/>\nJesky als F\u00fcsilier in der 6. Comp.<br \/>\nKaecker Verm. als F\u00fcsilier in der 4. Comp.<br \/>\nKaehler I. als F\u00fcsilier in der 7. Comp.<br \/>\nKarsten als F\u00fcsilier in der 4. Comp.<br \/>\nKellermann als F\u00fcsilier in der 11. Comp.<br \/>\nKellermann als F\u00fcsilier in der 12. Comp.<br \/>\nKielgast als Gefreiter in der 2. Comp.<br \/>\nKienke als F\u00fcsilier in der 2. Comp.<br \/>\nKinow als F\u00fcsilier in der 3. Comp.<br \/>\nKlaukow als F\u00fcsilier in der 6. Comp.<br \/>\nKleemann als F\u00fcsilier in der 4. Comp.<br \/>\nKleinow als F\u00fcsilier in der 12. Comp.<br \/>\nKloers als Gefreiter in der 7. Comp.<br \/>\nKluender als F\u00fcsilier in der 6. Comp.<br \/>\nKluender als Gefreiter in der 1. Comp.<br \/>\nKoch als Trainsoldat in der 1. Comp.<br \/>\nKoehler als Gefreiter in der 12. Comp.<br \/>\nKoehn II. als F\u00fcsilier in der 1. Comp.<br \/>\nKoenig als F\u00fcsilier in der 12. Comp.<br \/>\nKoeppen I. als F\u00fcsilier in der 4. Comp.<br \/>\nKolbow als F\u00fcsilier in der 8. Comp.<br \/>\nKortuem als Vizefeldw. in der 6. Comp.<br \/>\nKraack als F\u00fcsilier in der 12. Comp.<br \/>\nKrebs als Vizefeldw. in der 12. Comp.<br \/>\nKrenz Verm. als Gefreiter in der 1. Comp.<br \/>\nKroeger als F\u00fcsilier in der 2. Comp.<br \/>\nKroeger als F\u00fcsilier in der 3. Comp.<br \/>\nKrohn als F\u00fcsilier in der 4. Comp.<br \/>\nKrueger II. als Unteroff. in der 9. Comp.<br \/>\nKusel als F\u00fcsilier in der 12. Comp.<br \/>\nLange als F\u00fcsilier in der 3. Comp.<br \/>\nLangguth als F\u00fcsilier in der 4. Comp.<br \/>\nLegge als F\u00fcsilier in der 6. Comp.<br \/>\nLemitz als F\u00fcsilier in der 6. Comp.<br \/>\nLentz als Gefreiter in der 11. Comp.<br \/>\nLickes als F\u00fcsilier in der 4. Comp.<br \/>\nLoeloff als F\u00fcsilier in der 9. Comp.<br \/>\nLohrmann als Sergeant in der 5. Comp.<br \/>\nLorenz als F\u00fcsilier in der 9. Comp.<br \/>\nLuckow als F\u00fcsilier in der 4. Comp.<br \/>\nLueders als Unteroff. in der 2. Comp.<br \/>\nLuehrmann als Gefreiter in der 10. Comp.<br \/>\nMaack als F\u00fcsilier in der 11. Comp.<br \/>\nMalchow Verm. als F\u00fcsilier in der 9. Comp.<br \/>\nMarcus als Vizefeldw. in der 2. Comp.<br \/>\nMewius Verm. als F\u00fcsilier in der 3. Comp.<br \/>\nMeyer als F\u00fcsilier in der 12. Comp.<br \/>\nMillberg als Bat. Tamb. in der 5. Comp.<br \/>\nMoeller II. als F\u00fcsilier in der 6. Comp.<br \/>\nMuehlpfort als Unteroff. in der 2. Comp.<br \/>\nMueller als Trainsoldat in der 1. Comp.<br \/>\nMueller als Unteroff. in der 11. Comp.<br \/>\nMueller I. als F\u00fcsilier in der 8. Comp.<br \/>\nMulsow als F\u00fcsilier in der 1. Comp.<br \/>\nNevermann als F\u00fcsilier in der 3. Comp.<br \/>\nNiebuhr als F\u00fcsilier in der 12. Comp.<br \/>\nNiemann als F\u00fcsilier in der 11. Comp.<br \/>\nNitzel als F\u00fcsilier in der 11. Comp.<br \/>\nNuernberg als F\u00fcsilier in der 2. Comp.<br \/>\nOldenburg als F\u00fcsilier in der 5. Comp.<br \/>\nOldenschlaeger als F\u00fcsilier in der 3. Comp.<br \/>\nOllenschlaeger als F\u00fcsilier in der 5. Comp.<br \/>\nPaepke als Hautb. Unteroff. in der 1. Comp.<br \/>\nPahlow als F\u00fcsilier in der 12. Comp.<br \/>\nPapenhagen als F\u00fcsilier in der 7. Comp.<br \/>\nPassehl als F\u00fcsilier in der 12. Comp.<br \/>\nPeters gen. Rambow als F\u00fcsilier in der 1. Comp.<br \/>\nPeters III. als F\u00fcsilier in der 10. Comp.<br \/>\nPietschmann als F\u00fcsilier in der 4. Comp.<br \/>\nPingel I. als F\u00fcsilier in der 1. Comp.<br \/>\nPiper als F\u00fcsilier in der 1. Comp.<br \/>\nPless als F\u00fcsilier in der 3. Comp.<br \/>\nPrange als F\u00fcsilier in der 2. Comp.<br \/>\nPreiss als Hautb. in der 1. Comp.<br \/>\nPriestap als F\u00fcsilier in der 2. Comp.<br \/>\nPuls als F\u00fcsilier in der 12. Comp.<br \/>\nQuaack als Gefreiter in der 4. Comp.<br \/>\nQuastenberg als F\u00fcsilier in der 4. Comp.<br \/>\nRandow als F\u00fcsilier in der 5. Comp.<br \/>\nRanz als F\u00fcsilier in der 4. Comp.<br \/>\nRaschen II. als Unteroff. in der 5. Comp.<br \/>\nRaspe als Sec. Leutnant<br \/>\nRassewitz als Pr. Leutnant<br \/>\nRebbelin als Gefreiter in der 2. Comp.<br \/>\nRedding als F\u00fcsilier in der 1. Comp.<br \/>\nReggentin als F\u00fcsilier in der 3. Comp.<br \/>\nReimers als F\u00fcsilier in der 5. Comp.<br \/>\nReinke II. als F\u00fcsilier in der 2. Comp.<br \/>\nReinke III. als F\u00fcsilier in der 2. Comp.<br \/>\nReppenhagen als F\u00fcsilier in der 12. Comp.<br \/>\nRieckhof als Hautb. in der 1. Comp.<br \/>\nRieckhoff II. als F\u00fcsilier in der 5. Comp.<br \/>\nRoloff als F\u00fcsilier in der 12. Comp.<br \/>\nRueger als F\u00fcsilier in der 2. Comp.<br \/>\nRueter als F\u00fcsilier in der 1. Comp.<br \/>\nSargander als F\u00fcsilier in der 6. Comp.<br \/>\nScharff als F\u00fcsilier in der 1. Comp.<br \/>\nSchell als F\u00fcsilier in der 2. Comp.<br \/>\nSchenk als Gefreiter in der 2. Comp.<br \/>\nScheoeder als F\u00fcsilier in der 2. Comp.<br \/>\nSchliemann als F\u00fcsilier in der 4. Comp.<br \/>\nSchliemann als Gefreiter in der 9. Comp.<br \/>\nSchmaedke als Hautb. Unteroff. in der 1. Comp.<br \/>\nSchmidt I. als F\u00fcsilier in der 8. Comp.<br \/>\nSchmidt III. als F\u00fcsilier in der 8. Comp.<br \/>\nSchneider als F\u00fcsilier in der 2. Comp.<br \/>\nSchoenfeld I. als F\u00fcsilier in der 3. Comp.<br \/>\nSchoenfeld II. als F\u00fcsilier in der 3. Comp.<br \/>\nSchoknecht als F\u00fcsilier in der 1. Comp.<br \/>\nSchramm als F\u00fcsilier in der 3. Comp.<br \/>\nSchriwer als F\u00fcsilier in der 6. Comp.<br \/>\nSchroeder als Feldwebel in der 9. Comp.<br \/>\nSchroeder Verm. als F\u00fcsilier in der 3. Comp.<br \/>\nSchueler als F\u00fcsilier in der 2. Comp.<br \/>\nSchuett II. als F\u00fcsilier in der 8. Comp.<br \/>\nSchultz als Gefreiter in der 10. Comp.<br \/>\nSchulz I. als Hauptmann<br \/>\nSchulz II. als F\u00fcsilier in der 4. Comp.<br \/>\nSchulz II. als F\u00fcsilier in der 8. Comp.<br \/>\nSchumacher als F\u00fcsilier in der 8. Comp.<br \/>\nSchumacher als Gefreiter in der 2. Comp.<br \/>\nSchwartz als als Sec. Leutnant<br \/>\nSchwarz als F\u00fcsilier in der 7. Comp.<br \/>\nSchwarz II. als Gefreiter in der 1. Comp.<br \/>\nSchwassmann als Unteroffizier in der 1. Comp.<br \/>\nSchwedler als F\u00fcsilier in der 12. Comp.<br \/>\nSchwentner als Gefreiter in der 12. Comp.<br \/>\nSichel als F\u00fcsilier in der 8. Comp.<br \/>\nStademann als F\u00fcsilier in der 2. Comp.<br \/>\nStange als F\u00fcsilier in der 8. Comp.<br \/>\nStapelfeldt als F\u00fcsilier in der 11. Comp.<br \/>\nStavenow als F\u00fcsilier in der 7. Comp.<br \/>\nSteffen als F\u00fcsilier in der 8. Comp.<br \/>\nTackmann als F\u00fcsilier in der 3. Comp.<br \/>\nTiess als Sergeant in der 4. Comp.<br \/>\nTimbke als Gefreiter in der 1. Comp.<br \/>\nTopp als F\u00fcsilier in der 1. Comp.<br \/>\nUnruh als F\u00fcsilier in der 9. Comp.<br \/>\nv. Haza-Radlitz als Sec. Leutnant<br \/>\nv. Nordenskioeld als Vizefeldw. in der 1. Comp.<br \/>\nv. Plessen als Hauptmann<br \/>\nv. Rantzau als Hauptmann<br \/>\nv. Rantzau als Sec. Leutnant<br \/>\nVagt als F\u00fcsilier in der 9. Comp.<br \/>\nVierig als F\u00fcsilier in der 7. Comp.<br \/>\nVogel als Gefreiter in der 3. Comp.<br \/>\nVolkmann als F\u00fcsilier in der 10. Comp.<br \/>\nVollrath als Unteroff. in der 9. Comp.<br \/>\nWagner als F\u00fcsilier in der 10. Comp.<br \/>\nWarnke als F\u00fcsilier in der 2. Comp.<br \/>\nWedehase als Sec. Leutnant<br \/>\nWeitin als Vizefeldw. in der 1. Comp.<br \/>\nWieck als F\u00fcsilier in der 1. Comp.<br \/>\nWitt als F\u00fcsilier in der 2. Comp.<br \/>\nWitte als F\u00fcsilier in der 8. Comp.<br \/>\nWodarch als F\u00fcsilier in der 7. Comp.<br \/>\nWodarg als Gefreiter in der 2. Comp.<\/p>\n","protected":false},"excerpt":{"rendered":"<p>&nbsp; Hansestadt Rostock &#8211; Denkm\u00e4ler Befreiungskriege Bericht und Bilder von Thomas\u00a0Gefallenendenkm\u00e4ler Berlin\/Brandenburg 1813-15 &#8222;Bl\u00fccherdenkmal&#8220; Eine \u00fcberlebensgro\u00dfe bronzene Statue, das Denkmal ist dem Feldherrn Gebhard Leberecht von Bl\u00fccher, dem ersten Ehrenb\u00fcrger der Stadt Rostock geweiht. Enth\u00fcllt wurde es am 26. August &hellip; <a href=\"http:\/\/www.denkfried.de\/wp\/?page_id=37046\">Weiterlesen <span class=\"meta-nav\">&rarr;<\/span><\/a><\/p>\n","protected":false},"author":9,"featured_media":0,"parent":5921,"menu_order":0,"comment_status":"closed","ping_status":"open","template":"","meta":{"footnotes":""},"class_list":["post-37046","page","type-page","status-publish","hentry"],"_links":{"self":[{"href":"http:\/\/www.denkfried.de\/wp\/index.php?rest_route=\/wp\/v2\/pages\/37046","targetHints":{"allow":["GET"]}}],"collection":[{"href":"http:\/\/www.denkfried.de\/wp\/index.php?rest_route=\/wp\/v2\/pages"}],"about":[{"href":"http:\/\/www.denkfried.de\/wp\/index.php?rest_route=\/wp\/v2\/types\/page"}],"author":[{"embeddable":true,"href":"http:\/\/www.denkfried.de\/wp\/index.php?rest_route=\/wp\/v2\/users\/9"}],"replies":[{"embeddable":true,"href":"http:\/\/www.denkfried.de\/wp\/index.php?rest_route=%2Fwp%2Fv2%2Fcomments&post=37046"}],"version-history":[{"count":25,"href":"http:\/\/www.denkfried.de\/wp\/index.php?rest_route=\/wp\/v2\/pages\/37046\/revisions"}],"predecessor-version":[{"id":39834,"href":"http:\/\/www.denkfried.de\/wp\/index.php?rest_route=\/wp\/v2\/pages\/37046\/revisions\/39834"}],"up":[{"embeddable":true,"href":"http:\/\/www.denkfried.de\/wp\/index.php?rest_route=\/wp\/v2\/pages\/5921"}],"wp:attachment":[{"href":"http:\/\/www.denkfried.de\/wp\/index.php?rest_route=%2Fwp%2Fv2%2Fmedia&parent=37046"}],"curies":[{"name":"wp","href":"https:\/\/api.w.org\/{rel}","templated":true}]}}