{"id":3571,"date":"2011-04-16T23:46:15","date_gmt":"2011-04-16T21:46:15","guid":{"rendered":"http:\/\/www.denkfried.de\/wp\/?page_id=3571"},"modified":"2012-12-08T16:14:31","modified_gmt":"2012-12-08T15:14:31","slug":"kreisfreie-stadt-erlangen","status":"publish","type":"page","link":"http:\/\/www.denkfried.de\/wp\/?page_id=3571","title":{"rendered":"Kreisfreie Stadt: ERLANGEN"},"content":{"rendered":"<p>&nbsp;<\/p>\n<p>Verwaltungssitz: <strong><span style=\"text-decoration: underline;\">91052 Erlangen<\/span>, Rathausplatz 1<\/strong><\/p>\n<p><strong>*******************************************************************<\/strong><\/p>\n<p>Erlangen ist 76,95 km\u00b2 gro\u00df, hat 9 Stadtteile und 40 statistische Bezirke.<\/p>\n<p>Eine Plakette auf dem Schlo\u00dfplatz erinnert an die B\u00fccherverbrennung 1933.<\/p>\n<p>Stolpersteine in den Stra\u00dfen von Erlangen erinnern an die ermordeten Juden der Stadt. Am 20.Oktober 1943 wurde die letzte j\u00fcdische Einwohnerin ins KZ Auschwitz deportiert, 77\u00a0 weitere j\u00fcdische B\u00fcrger wurden ermordert. Von den urspr\u00fcnglichen 120 Juden kehrte nach dem Krieg keiner mehr zur\u00fcck<\/p>\n<p>Ab 1940 wurden Kriegsgefangene und Zwangsarbeiter in den R\u00fcstungsbetrieben der Stadt eingesetzt.<\/p>\n<p>Am 16.April 1945 \u00fcbergab der \u00f6rtliche deutsche Kommandant, Oberstleutnant Werner Lorleberg, die Stadt kampflos an die alliierten Truppen. Lorleberg kam am selben Tag ums Leben, die Umst\u00e4nde sind nicht gekl\u00e4rt.<\/p>\n<p>Am 12.M\u00e4rz 1886 zog das 6.J\u00e4gerbataillon der Bayrischen Armee ein und galt seit dem als Garnisionsstadt. 1890 zog hier das gesamte 19.Infanterieregiment sowie das 10.Feldartillerieregiment ein. Aus beiden Regimentern verloren im 1.Weltkrieg \u00fcber 3000 Soldaten ihr Leben<\/p>\n<p>Mit dem Ende des 2.Weltkrieges zogen die Alliierten in die Kasernen ein.<\/p>\n<p>Mit Beginn des Golfkrieges verlie\u00dfen auch die Truppen Erlangen. Nach dem Ende des Krieges begann die Aufl\u00f6sung der Garnision und die 126-j\u00e4hrige Geschichte als Garnisionsstadt endete 1993.<\/p>\n<p>Im Stadtgebiet von Erlangen befinden sich 3 Kriegsgr\u00e4berst\u00e4tten mit 880 Toten.<\/p>\n<p>+++++++++++++++++++++++++++++++++++++++++++++++<\/p>\n<p><strong>91001 Erlangen<\/strong><\/p>\n<p>Friedh\u00f6fe und Kriegsgr\u00e4berst\u00e4tten \u00a0 \u00a0 \u00a0 \u00a0 \u00a0 \u00a0 \u00a0 \u00a0 \u00a0Deutschland\/Erlangen<\/p>\n<p>Neust\u00e4dter Friedhof,\u00c4u\u00dfere Brucker Str.24\/26<\/p>\n<p>Hier befinden sich die Gr\u00e4ber der gefallenen Soldaten des K\u00f6nig.Bay.19.Infanterie-Regiment.<br \/>\nAm Eingang befindet sich auch der Gedenkstein f\u00fcr die gefallenen Soldaten 1914-1918,K\u00f6nig.Bay.19.Inf.-Regt.,<br \/>\ngegen\u00fcber befindet sich eine Gedenktafel aus Bronze mit der Inschrift:<br \/>\n<em>Den Toten in unserer Heimat und den Opfern der Vertreibung<\/em><\/p>\n<p>Auf den Friedhof befinden sich ca. 1200 Holzkreuze\/Namen der Soldaten.<\/p>\n<p>Danke an md11 f\u00fcr die Informationen und Fotos.<\/p>\n<div id='gallery-1' class='gallery galleryid-3571 gallery-columns-3 gallery-size-thumbnail'><dl class='gallery-item'>\n\t\t\t<dt class='gallery-icon portrait'>\n\t\t\t\t<a href='http:\/\/www.denkfried.de\/wp\/?attachment_id=3572'><img loading=\"lazy\" decoding=\"async\" width=\"150\" height=\"150\" src=\"http:\/\/www.denkfried.de\/wp\/wp-content\/uploads\/2011\/04\/Erlangen-3-150x150.jpg\" class=\"attachment-thumbnail size-thumbnail\" alt=\"\" \/><\/a>\n\t\t\t<\/dt><\/dl><dl class='gallery-item'>\n\t\t\t<dt class='gallery-icon portrait'>\n\t\t\t\t<a href='http:\/\/www.denkfried.de\/wp\/?attachment_id=3573'><img loading=\"lazy\" decoding=\"async\" width=\"150\" height=\"150\" src=\"http:\/\/www.denkfried.de\/wp\/wp-content\/uploads\/2011\/04\/Erlangen-1-150x150.jpg\" class=\"attachment-thumbnail size-thumbnail\" alt=\"\" \/><\/a>\n\t\t\t<\/dt><\/dl><dl class='gallery-item'>\n\t\t\t<dt class='gallery-icon portrait'>\n\t\t\t\t<a href='http:\/\/www.denkfried.de\/wp\/?attachment_id=3574'><img loading=\"lazy\" decoding=\"async\" width=\"150\" height=\"150\" src=\"http:\/\/www.denkfried.de\/wp\/wp-content\/uploads\/2011\/04\/Erlangen-2-150x150.jpg\" class=\"attachment-thumbnail size-thumbnail\" alt=\"\" \/><\/a>\n\t\t\t<\/dt><\/dl><br style=\"clear: both\" \/>\n\t\t<\/div>\n\n","protected":false},"excerpt":{"rendered":"<p>&nbsp; Verwaltungssitz: 91052 Erlangen, Rathausplatz 1 ******************************************************************* Erlangen ist 76,95 km\u00b2 gro\u00df, hat 9 Stadtteile und 40 statistische Bezirke. Eine Plakette auf dem Schlo\u00dfplatz erinnert an die B\u00fccherverbrennung 1933. Stolpersteine in den Stra\u00dfen von Erlangen erinnern an die ermordeten Juden &hellip; <a href=\"http:\/\/www.denkfried.de\/wp\/?page_id=3571\">Weiterlesen <span class=\"meta-nav\">&rarr;<\/span><\/a><\/p>\n","protected":false},"author":2,"featured_media":0,"parent":27817,"menu_order":0,"comment_status":"closed","ping_status":"open","template":"","meta":{"footnotes":""},"class_list":["post-3571","page","type-page","status-publish","hentry"],"_links":{"self":[{"href":"http:\/\/www.denkfried.de\/wp\/index.php?rest_route=\/wp\/v2\/pages\/3571","targetHints":{"allow":["GET"]}}],"collection":[{"href":"http:\/\/www.denkfried.de\/wp\/index.php?rest_route=\/wp\/v2\/pages"}],"about":[{"href":"http:\/\/www.denkfried.de\/wp\/index.php?rest_route=\/wp\/v2\/types\/page"}],"author":[{"embeddable":true,"href":"http:\/\/www.denkfried.de\/wp\/index.php?rest_route=\/wp\/v2\/users\/2"}],"replies":[{"embeddable":true,"href":"http:\/\/www.denkfried.de\/wp\/index.php?rest_route=%2Fwp%2Fv2%2Fcomments&post=3571"}],"version-history":[{"count":5,"href":"http:\/\/www.denkfried.de\/wp\/index.php?rest_route=\/wp\/v2\/pages\/3571\/revisions"}],"predecessor-version":[{"id":27903,"href":"http:\/\/www.denkfried.de\/wp\/index.php?rest_route=\/wp\/v2\/pages\/3571\/revisions\/27903"}],"up":[{"embeddable":true,"href":"http:\/\/www.denkfried.de\/wp\/index.php?rest_route=\/wp\/v2\/pages\/27817"}],"wp:attachment":[{"href":"http:\/\/www.denkfried.de\/wp\/index.php?rest_route=%2Fwp%2Fv2%2Fmedia&parent=3571"}],"curies":[{"name":"wp","href":"https:\/\/api.w.org\/{rel}","templated":true}]}}