{"id":3524,"date":"2011-04-16T23:05:43","date_gmt":"2011-04-16T21:05:43","guid":{"rendered":"http:\/\/www.denkfried.de\/wp\/?page_id=3524"},"modified":"2012-12-08T15:54:07","modified_gmt":"2012-12-08T14:54:07","slug":"lk-neustadt-a-d-aisch","status":"publish","type":"page","link":"http:\/\/www.denkfried.de\/wp\/?page_id=3524","title":{"rendered":"LK NEUSTADT a.d.AISCH"},"content":{"rendered":"<p>&nbsp;<\/p>\n<p>Verwaltungssitz:\u00a0 <span style=\"text-decoration: underline;\"><strong>91405 Neustadt a.d.Aisch<\/strong><\/span>, Konrad-Adenauer-Stra\u00dfe 1<\/p>\n<p>*******************************************************************<\/p>\n<p><strong>St\u00e4dte<\/strong><\/p>\n<ul>\n<li>Bad Windsheim<\/li>\n<li>Burgbernheim<\/li>\n<li>Neustadt a. d. Aisch<\/li>\n<li>Scheinfeld<\/li>\n<li>Uffenheim<\/li>\n<\/ul>\n<p><strong>M\u00e4rkte<\/strong><\/p>\n<ul>\n<li>Baudenbach<\/li>\n<li>Burghaslach<\/li>\n<li>Dachsbach<\/li>\n<li>Emskirchen<\/li>\n<li>Ippesheim<\/li>\n<li>Ipsheim<\/li>\n<li>Markt Bibart<\/li>\n<li><a href=\"http:\/\/www.denkfried.de\/wp\/?page_id=3532\">Markt Erlbach<\/a><\/li>\n<li>Markt Nordheim<\/li>\n<li>Markt Taschendorf<\/li>\n<li>Marktbergel<\/li>\n<li><a href=\"http:\/\/www.denkfried.de\/wp\/?page_id=3527\">Neuhof a. d. Zenn<\/a><\/li>\n<li>Obernzenn<\/li>\n<li>Oberscheinfeld<\/li>\n<li>Sugenheim<\/li>\n<li>Uehlfeld<\/li>\n<\/ul>\n<p><strong>Gemeinden<\/strong><\/p>\n<ul>\n<li>Diespeck<\/li>\n<li>Dietersheim<\/li>\n<li>Ergersheim<\/li>\n<li>Gallmersgarten<\/li>\n<li>Gerhardshofen<\/li>\n<li>Gollhofen<\/li>\n<li>Gutenstetten<\/li>\n<li>Hagenb\u00fcchach<\/li>\n<li>Hemmersheim<\/li>\n<li>Illesheim<\/li>\n<li>Langenfeld<\/li>\n<li>M\u00fcnchsteinach<\/li>\n<li>Oberickelsheim<\/li>\n<li>Simmershofen<\/li>\n<li>Trautskirchen<\/li>\n<li>Weigenheim<\/li>\n<li>Wilhelmsdorf<\/li>\n<\/ul>\n<p>&nbsp;<\/p>\n<p>&nbsp;<\/p>\n<p>&nbsp;<\/p>\n","protected":false},"excerpt":{"rendered":"<p>&nbsp; Verwaltungssitz:\u00a0 91405 Neustadt a.d.Aisch, Konrad-Adenauer-Stra\u00dfe 1 ******************************************************************* St\u00e4dte Bad Windsheim Burgbernheim Neustadt a. d. Aisch Scheinfeld Uffenheim M\u00e4rkte Baudenbach Burghaslach Dachsbach Emskirchen Ippesheim Ipsheim Markt Bibart Markt Erlbach Markt Nordheim Markt Taschendorf Marktbergel Neuhof a. d. Zenn Obernzenn Oberscheinfeld &hellip; <a href=\"http:\/\/www.denkfried.de\/wp\/?page_id=3524\">Weiterlesen <span class=\"meta-nav\">&rarr;<\/span><\/a><\/p>\n","protected":false},"author":2,"featured_media":0,"parent":27817,"menu_order":0,"comment_status":"closed","ping_status":"open","template":"","meta":{"footnotes":""},"class_list":["post-3524","page","type-page","status-publish","hentry"],"_links":{"self":[{"href":"http:\/\/www.denkfried.de\/wp\/index.php?rest_route=\/wp\/v2\/pages\/3524","targetHints":{"allow":["GET"]}}],"collection":[{"href":"http:\/\/www.denkfried.de\/wp\/index.php?rest_route=\/wp\/v2\/pages"}],"about":[{"href":"http:\/\/www.denkfried.de\/wp\/index.php?rest_route=\/wp\/v2\/types\/page"}],"author":[{"embeddable":true,"href":"http:\/\/www.denkfried.de\/wp\/index.php?rest_route=\/wp\/v2\/users\/2"}],"replies":[{"embeddable":true,"href":"http:\/\/www.denkfried.de\/wp\/index.php?rest_route=%2Fwp%2Fv2%2Fcomments&post=3524"}],"version-history":[{"count":7,"href":"http:\/\/www.denkfried.de\/wp\/index.php?rest_route=\/wp\/v2\/pages\/3524\/revisions"}],"predecessor-version":[{"id":8811,"href":"http:\/\/www.denkfried.de\/wp\/index.php?rest_route=\/wp\/v2\/pages\/3524\/revisions\/8811"}],"up":[{"embeddable":true,"href":"http:\/\/www.denkfried.de\/wp\/index.php?rest_route=\/wp\/v2\/pages\/27817"}],"wp:attachment":[{"href":"http:\/\/www.denkfried.de\/wp\/index.php?rest_route=%2Fwp%2Fv2%2Fmedia&parent=3524"}],"curies":[{"name":"wp","href":"https:\/\/api.w.org\/{rel}","templated":true}]}}