{"id":34757,"date":"2014-03-28T18:57:04","date_gmt":"2014-03-28T17:57:04","guid":{"rendered":"http:\/\/www.denkfried.de\/wp\/?page_id=34757"},"modified":"2015-07-25T10:57:53","modified_gmt":"2015-07-25T08:57:53","slug":"ruhleben-murellenberge-schanzenwald","status":"publish","type":"page","link":"http:\/\/www.denkfried.de\/wp\/?page_id=34757","title":{"rendered":"Ruhleben &#8211; Murellenberge, Schanzenwald"},"content":{"rendered":"<p>&nbsp;<\/p>\n<p><strong>Berlin-Ruhleben<\/strong> &#8211; Murellenberge, Schanzenwald<\/p>\n<address>Bericht und Bilder von Thomas\u00a0<a href=\"http:\/\/g-bb.jimdo.com\/\">Gefallenendenkm\u00e4ler Berlin\/Brandenburg<\/a><\/address>\n<address>Bilder vom Denkmal 2002 von <a href=\"http:\/\/www.ruhleben.com\/\">Ruhleben.com<\/a><\/address>\n<div id='gallery-1' class='gallery galleryid-34757 gallery-columns-4 gallery-size-thumbnail'><dl class='gallery-item'>\n\t\t\t<dt class='gallery-icon portrait'>\n\t\t\t\t<a href='http:\/\/www.denkfried.de\/wp\/?attachment_id=34850'><img loading=\"lazy\" decoding=\"async\" width=\"150\" height=\"150\" src=\"http:\/\/www.denkfried.de\/wp\/wp-content\/uploads\/2014\/03\/Berlin-Ruhleben-Denkmal-Weltkrieg-4-150x150.jpg\" class=\"attachment-thumbnail size-thumbnail\" alt=\"\" \/><\/a>\n\t\t\t<\/dt><\/dl><dl class='gallery-item'>\n\t\t\t<dt class='gallery-icon portrait'>\n\t\t\t\t<a href='http:\/\/www.denkfried.de\/wp\/?attachment_id=34848'><img loading=\"lazy\" decoding=\"async\" width=\"150\" height=\"150\" src=\"http:\/\/www.denkfried.de\/wp\/wp-content\/uploads\/2014\/03\/Berlin-Ruhleben-Denkmal-Weltkrieg-2-150x150.jpg\" class=\"attachment-thumbnail size-thumbnail\" alt=\"\" \/><\/a>\n\t\t\t<\/dt><\/dl><dl class='gallery-item'>\n\t\t\t<dt class='gallery-icon landscape'>\n\t\t\t\t<a href='http:\/\/www.denkfried.de\/wp\/?attachment_id=34849'><img loading=\"lazy\" decoding=\"async\" width=\"150\" height=\"150\" src=\"http:\/\/www.denkfried.de\/wp\/wp-content\/uploads\/2014\/03\/Berlin-Ruhleben-Denkmal-Weltkrieg-3-150x150.jpg\" class=\"attachment-thumbnail size-thumbnail\" alt=\"\" \/><\/a>\n\t\t\t<\/dt><\/dl><dl class='gallery-item'>\n\t\t\t<dt class='gallery-icon landscape'>\n\t\t\t\t<a href='http:\/\/www.denkfried.de\/wp\/?attachment_id=34851'><img loading=\"lazy\" decoding=\"async\" width=\"150\" height=\"150\" src=\"http:\/\/www.denkfried.de\/wp\/wp-content\/uploads\/2014\/03\/Berlin-Ruhleben-Denkmal-Weltkrieg-5-150x150.jpg\" class=\"attachment-thumbnail size-thumbnail\" alt=\"\" \/><\/a>\n\t\t\t<\/dt><\/dl><br style=\"clear: both\" \/><dl class='gallery-item'>\n\t\t\t<dt class='gallery-icon landscape'>\n\t\t\t\t<a href='http:\/\/www.denkfried.de\/wp\/?attachment_id=34779'><img loading=\"lazy\" decoding=\"async\" width=\"150\" height=\"150\" src=\"http:\/\/www.denkfried.de\/wp\/wp-content\/uploads\/2014\/03\/Berlin-Murellenberg-Denkzeichen-150x150.jpg\" class=\"attachment-thumbnail size-thumbnail\" alt=\"\" \/><\/a>\n\t\t\t<\/dt><\/dl><dl class='gallery-item'>\n\t\t\t<dt class='gallery-icon landscape'>\n\t\t\t\t<a href='http:\/\/www.denkfried.de\/wp\/?attachment_id=34780'><img loading=\"lazy\" decoding=\"async\" width=\"150\" height=\"150\" src=\"http:\/\/www.denkfried.de\/wp\/wp-content\/uploads\/2014\/03\/Berlin-Murellenberg-Denkzeichen-2-150x150.jpg\" class=\"attachment-thumbnail size-thumbnail\" alt=\"\" \/><\/a>\n\t\t\t<\/dt><\/dl><dl class='gallery-item'>\n\t\t\t<dt class='gallery-icon landscape'>\n\t\t\t\t<a href='http:\/\/www.denkfried.de\/wp\/?attachment_id=34781'><img loading=\"lazy\" decoding=\"async\" width=\"150\" height=\"150\" src=\"http:\/\/www.denkfried.de\/wp\/wp-content\/uploads\/2014\/03\/Berlin-Murellenberg-Denkzeichen-3-150x150.jpg\" class=\"attachment-thumbnail size-thumbnail\" alt=\"\" \/><\/a>\n\t\t\t<\/dt><\/dl>\n\t\t\t<br style='clear: both' \/>\n\t\t<\/div>\n\n<p>Der Schanzenwald ist eine H\u00fcgellandschaft aus der Weichselzeit. Der Ort war \u00fcber 150 Jahre milit\u00e4risches Gebiet. Anfangs befand sich hier die K\u00f6nigliche Infanterie-Schie\u00df-Schule Ruhleben, sp\u00e4ter auch polizeiliches \u00dcbungsgel\u00e4nde. Nach den Zweiten Weltkrieg \u00fcbernahmen die britischen Alliierten das Sperrgebiet, 1994 wurde das Gebiet der berliner Polizei \u00fcbergeben.<\/p>\n<p><strong>Denkmal 1914-1918, Weltkriege<\/strong><\/p>\n<p>Auf dem ehemaligen \u00dcbungsplatz wurde ein Denkmal am Exerzierplatz aufgestellt. Heute befindet sich hier die Polizeidirektion 2, daher ist das Denkmal nicht zug\u00e4nglich. Das Denkmal ist wohl aus Sandstein geschaffen, oben ist ein Eisernes Kreuz aufgesetzt. Vorne am Denkmal ist ein Kriegr auf einem Pferd, dar\u00fcber war eine Tafel angebracht. Unter dem Relief wurde sp\u00e4ter ein Schild, mit folgender Inschrift ist dort angebracht:<\/p>\n<address style=\"text-align: center;\">\u00a0<em><strong>Den Gefallenen der Seeckt-Regimenter<\/strong><\/em><\/address>\n<address style=\"text-align: center;\"><em><strong>&#8211; IR 67 &#8211; PGR 67 &#8211; GR 67<\/strong><\/em><\/address>\n<address style=\"text-align: center;\"><em><strong>Zum ehrendem Gedenken<\/strong><\/em><\/address>\n<address style=\"text-align: center;\"><em><strong>1939 &#8211; 1945<\/strong><\/em><\/address>\n<address style=\"text-align: center;\">\u00a0<\/address>\n<p>Quelle: <a href=\"http:\/\/www.ruhleben.com\/\">Ruhleben.com<\/a><\/p>\n<p><strong>Mahnmal, Denkzeichen 1939-1945<\/strong><\/p>\n<p>Im Zweiten weltkrieg wurden hier, nach bisherigen Analysen zwischen dem 12.\u00a0August 1944 und dem 14.\u00a0April 1945, 232 Personen erschossen, doch ist von einer Dunkelziffer auszugehen.So sprach der Pfarrer der evangelischen Dorfkirche Staaken in einem Referat 1995 von \u00fcber 300 Hinrichtungen. 117 der Ermordeten fanden auf dem Spandauer Friedhof In den Kisseln,81 in Engelsfelde bei Seeburg in nicht gesondert gekennzeichneten Gr\u00e4bern ihre letzte Ruhest\u00e4tte. Ab dem Jahr 2000 gab es zum Gedenken ein Wettbewerb, Die Jury entschied sich im Jahr 2001 f\u00fcr den Entwurf der argentinischen, in Berlin lebenden K\u00fcnstlerin Patricia Pisani. Ausgehend von der Glockenturmstra\u00dfe stellte Patricia Pisani entlang des Waldweges 104 Verkehrsspiegel auf, deren Zahl sich hin zur wahrscheinlich authentischen Erschie\u00dfungsst\u00e4tte am Munitionsdepot verdichtet.<\/p>\n<p>Quelle: <a href=\"http:\/\/www.denkzeichen-am-murellenberg.de\/\">Denkzeichen und Erinnerung am Murellenberg.de<\/a><\/p>\n","protected":false},"excerpt":{"rendered":"<p>&nbsp; Berlin-Ruhleben &#8211; Murellenberge, Schanzenwald Bericht und Bilder von Thomas\u00a0Gefallenendenkm\u00e4ler Berlin\/Brandenburg Bilder vom Denkmal 2002 von Ruhleben.com Der Schanzenwald ist eine H\u00fcgellandschaft aus der Weichselzeit. Der Ort war \u00fcber 150 Jahre milit\u00e4risches Gebiet. Anfangs befand sich hier die K\u00f6nigliche Infanterie-Schie\u00df-Schule &hellip; <a href=\"http:\/\/www.denkfried.de\/wp\/?page_id=34757\">Weiterlesen <span class=\"meta-nav\">&rarr;<\/span><\/a><\/p>\n","protected":false},"author":9,"featured_media":0,"parent":4515,"menu_order":0,"comment_status":"closed","ping_status":"open","template":"","meta":{"footnotes":""},"class_list":["post-34757","page","type-page","status-publish","hentry"],"_links":{"self":[{"href":"http:\/\/www.denkfried.de\/wp\/index.php?rest_route=\/wp\/v2\/pages\/34757","targetHints":{"allow":["GET"]}}],"collection":[{"href":"http:\/\/www.denkfried.de\/wp\/index.php?rest_route=\/wp\/v2\/pages"}],"about":[{"href":"http:\/\/www.denkfried.de\/wp\/index.php?rest_route=\/wp\/v2\/types\/page"}],"author":[{"embeddable":true,"href":"http:\/\/www.denkfried.de\/wp\/index.php?rest_route=\/wp\/v2\/users\/9"}],"replies":[{"embeddable":true,"href":"http:\/\/www.denkfried.de\/wp\/index.php?rest_route=%2Fwp%2Fv2%2Fcomments&post=34757"}],"version-history":[{"count":16,"href":"http:\/\/www.denkfried.de\/wp\/index.php?rest_route=\/wp\/v2\/pages\/34757\/revisions"}],"predecessor-version":[{"id":38827,"href":"http:\/\/www.denkfried.de\/wp\/index.php?rest_route=\/wp\/v2\/pages\/34757\/revisions\/38827"}],"up":[{"embeddable":true,"href":"http:\/\/www.denkfried.de\/wp\/index.php?rest_route=\/wp\/v2\/pages\/4515"}],"wp:attachment":[{"href":"http:\/\/www.denkfried.de\/wp\/index.php?rest_route=%2Fwp%2Fv2%2Fmedia&parent=34757"}],"curies":[{"name":"wp","href":"https:\/\/api.w.org\/{rel}","templated":true}]}}