{"id":3466,"date":"2011-04-16T22:21:23","date_gmt":"2011-04-16T20:21:23","guid":{"rendered":"http:\/\/www.denkfried.de\/wp\/?page_id=3466"},"modified":"2012-12-08T14:40:33","modified_gmt":"2012-12-08T13:40:33","slug":"lk-ansbach","status":"publish","type":"page","link":"http:\/\/www.denkfried.de\/wp\/?page_id=3466","title":{"rendered":"LK ANSBACH"},"content":{"rendered":"<p>&nbsp;<\/p>\n<p>Verwaltungssitz:\u00a0 \u00a0<strong>91522 Ansbach<\/strong>, Crailsheimstra\u00dfe 1<\/p>\n<p>*******************************************************************<\/p>\n<dl>\n<dt>St\u00e4dte<\/dt>\n<\/dl>\n<ul>\n<li>Dinkelsb\u00fchl, Gro\u00dfe Kreisstadt<\/li>\n<li>Feuchtwangen<\/li>\n<li><a title=\"Heilsbronn\" href=\"http:\/\/www.denkfried.de\/wp\/?page_id=3485\">Heilsbronn<\/a><\/li>\n<li>Herrieden<\/li>\n<li>Leutershausen<\/li>\n<li>Merkendorf<\/li>\n<li>Ornbau<\/li>\n<li>Rothenburg ob der Tauber, Gro\u00dfe Kreisstadt<\/li>\n<li>Schillingsf\u00fcrst<\/li>\n<li>Wassertr\u00fcdingen<\/li>\n<li>Windsbach<\/li>\n<li>Wolframs-Eschenbach<\/li>\n<\/ul>\n<p><strong>\u00a0M\u00e4rkte<\/strong><\/p>\n<ul>\n<li>Arberg<\/li>\n<li>Bechhofen<\/li>\n<li>Colmberg<\/li>\n<li>Dentlein am Forst<\/li>\n<li><a title=\"Dietenhofen\" href=\"http:\/\/www.denkfried.de\/wp\/?page_id=3469\">Dietenhofen<\/a><\/li>\n<li><a title=\"Dietenhofen-G\u00f6tteldorf\" href=\"http:\/\/www.denkfried.de\/wp\/?page_id=3479\">Dietenhofen-G\u00f6tteldorf<\/a><\/li>\n<li>Domb\u00fchl<\/li>\n<li>D\u00fcrrwangen<\/li>\n<li>Flachslanden<\/li>\n<li>Lehrberg<\/li>\n<li>Lichtenau<\/li>\n<li>Schopfloch<\/li>\n<li>Weidenbach<\/li>\n<li>Weiltingen<\/li>\n<\/ul>\n<p>&nbsp;<\/p>\n<dl>\n<dt><a title=\"Gemeinde (Deutschland)\" href=\"http:\/\/de.wikipedia.org\/wiki\/Gemeinde_%28Deutschland%29\">Gemeinden<\/a><\/dt>\n<\/dl>\n<ul>\n<li>Adelshofen<\/li>\n<li>Aurach<\/li>\n<li>Bruckberg<\/li>\n<li>Buch a. Wald<\/li>\n<li>Burgoberbach<\/li>\n<li>Burk<\/li>\n<li>Diebach<\/li>\n<li>Ehingen<\/li>\n<li>Gebsattel<\/li>\n<li>Gerolfingen<\/li>\n<li>Geslau<\/li>\n<li>Insingen<\/li>\n<li>Langfurth<\/li>\n<li>Mitteleschenbach<\/li>\n<li>M\u00f6nchsroth<\/li>\n<li><a title=\"Neuendettelsau\" href=\"http:\/\/www.denkfried.de\/wp\/?page_id=3494\">Neuendettelsau<\/a><\/li>\n<li>Neusitz<\/li>\n<li>Oberdachstetten<\/li>\n<li>Ohrenbach<\/li>\n<li>Petersaurach<\/li>\n<li>R\u00f6ckingen<\/li>\n<li><a title=\"R\u00fcgland\" href=\"http:\/\/www.denkfried.de\/wp\/?page_id=3502\">R\u00fcgland<\/a><\/li>\n<li>Sachsen b. Ansbach<\/li>\n<li>Schnelldorf<\/li>\n<li>Steinsfeld<\/li>\n<li>Unterschwaningen<\/li>\n<li>Weihenzell<\/li>\n<li>Wettringen<\/li>\n<li>Wieseth<\/li>\n<li>Wilburgstetten<\/li>\n<li>Windelsbach<\/li>\n<li>Wittelshofen<\/li>\n<li>W\u00f6rnitz<\/li>\n<\/ul>\n<p>&nbsp;<\/p>\n<p>&nbsp;<\/p>\n","protected":false},"excerpt":{"rendered":"<p>&nbsp; Verwaltungssitz:\u00a0 \u00a091522 Ansbach, Crailsheimstra\u00dfe 1 ******************************************************************* St\u00e4dte Dinkelsb\u00fchl, Gro\u00dfe Kreisstadt Feuchtwangen Heilsbronn Herrieden Leutershausen Merkendorf Ornbau Rothenburg ob der Tauber, Gro\u00dfe Kreisstadt Schillingsf\u00fcrst Wassertr\u00fcdingen Windsbach Wolframs-Eschenbach \u00a0M\u00e4rkte Arberg Bechhofen Colmberg Dentlein am Forst Dietenhofen Dietenhofen-G\u00f6tteldorf Domb\u00fchl D\u00fcrrwangen Flachslanden Lehrberg &hellip; <a href=\"http:\/\/www.denkfried.de\/wp\/?page_id=3466\">Weiterlesen <span class=\"meta-nav\">&rarr;<\/span><\/a><\/p>\n","protected":false},"author":2,"featured_media":0,"parent":27817,"menu_order":0,"comment_status":"closed","ping_status":"open","template":"","meta":{"footnotes":""},"class_list":["post-3466","page","type-page","status-publish","hentry"],"_links":{"self":[{"href":"http:\/\/www.denkfried.de\/wp\/index.php?rest_route=\/wp\/v2\/pages\/3466","targetHints":{"allow":["GET"]}}],"collection":[{"href":"http:\/\/www.denkfried.de\/wp\/index.php?rest_route=\/wp\/v2\/pages"}],"about":[{"href":"http:\/\/www.denkfried.de\/wp\/index.php?rest_route=\/wp\/v2\/types\/page"}],"author":[{"embeddable":true,"href":"http:\/\/www.denkfried.de\/wp\/index.php?rest_route=\/wp\/v2\/users\/2"}],"replies":[{"embeddable":true,"href":"http:\/\/www.denkfried.de\/wp\/index.php?rest_route=%2Fwp%2Fv2%2Fcomments&post=3466"}],"version-history":[{"count":12,"href":"http:\/\/www.denkfried.de\/wp\/index.php?rest_route=\/wp\/v2\/pages\/3466\/revisions"}],"predecessor-version":[{"id":27845,"href":"http:\/\/www.denkfried.de\/wp\/index.php?rest_route=\/wp\/v2\/pages\/3466\/revisions\/27845"}],"up":[{"embeddable":true,"href":"http:\/\/www.denkfried.de\/wp\/index.php?rest_route=\/wp\/v2\/pages\/27817"}],"wp:attachment":[{"href":"http:\/\/www.denkfried.de\/wp\/index.php?rest_route=%2Fwp%2Fv2%2Fmedia&parent=3466"}],"curies":[{"name":"wp","href":"https:\/\/api.w.org\/{rel}","templated":true}]}}