{"id":33590,"date":"2013-10-20T08:35:46","date_gmt":"2013-10-20T06:35:46","guid":{"rendered":"http:\/\/www.denkfried.de\/wp\/?page_id=33590"},"modified":"2015-11-28T14:39:40","modified_gmt":"2015-11-28T13:39:40","slug":"berlin-milit-akademie","status":"publish","type":"page","link":"http:\/\/www.denkfried.de\/wp\/?page_id=33590","title":{"rendered":"Berlin Milit. Akademie"},"content":{"rendered":"<p>&nbsp;<\/p>\n<p><strong>Berlin-Mitte<\/strong> Denkm\u00e4ler der Milit\u00e4r\u00e4rztlichen Akademie, Scharnhorststra\u00dfe<\/p>\n<p>Bericht und Bilder von Thomas\u00a0<a href=\"http:\/\/g-bb.jimdo.com\/\">Gefallenendenkm\u00e4ler Berlin\/Brandenburg<\/a><\/p>\n<div id='gallery-1' class='gallery galleryid-33590 gallery-columns-3 gallery-size-thumbnail'><dl class='gallery-item'>\n\t\t\t<dt class='gallery-icon portrait'>\n\t\t\t\t<a href='http:\/\/www.denkfried.de\/wp\/?attachment_id=33582'><img loading=\"lazy\" decoding=\"async\" width=\"150\" height=\"150\" src=\"http:\/\/www.denkfried.de\/wp\/wp-content\/uploads\/2012\/10\/Berlin-Mitte-Denkmal-1914-1918-Akademie-150x150.jpg\" class=\"attachment-thumbnail size-thumbnail\" alt=\"\" aria-describedby=\"gallery-1-33582\" \/><\/a>\n\t\t\t<\/dt>\n\t\t\t\t<dd class='wp-caption-text gallery-caption' id='gallery-1-33582'>\n\t\t\t\tDenkmal 1914-1918\n\t\t\t\t<\/dd><\/dl><dl class='gallery-item'>\n\t\t\t<dt class='gallery-icon portrait'>\n\t\t\t\t<a href='http:\/\/www.denkfried.de\/wp\/?attachment_id=33585'><img loading=\"lazy\" decoding=\"async\" width=\"150\" height=\"150\" src=\"http:\/\/www.denkfried.de\/wp\/wp-content\/uploads\/2012\/10\/Milit\u00e4r\u00e4rztliche-Akademie-Denkmal-2-150x150.jpg\" class=\"attachment-thumbnail size-thumbnail\" alt=\"\" aria-describedby=\"gallery-1-33585\" \/><\/a>\n\t\t\t<\/dt>\n\t\t\t\t<dd class='wp-caption-text gallery-caption' id='gallery-1-33585'>\n\t\t\t\tAm Invalidenfriedhof\n\t\t\t\t<\/dd><\/dl><dl class='gallery-item'>\n\t\t\t<dt class='gallery-icon portrait'>\n\t\t\t\t<a href='http:\/\/www.denkfried.de\/wp\/?attachment_id=33586'><img loading=\"lazy\" decoding=\"async\" width=\"150\" height=\"150\" src=\"http:\/\/www.denkfried.de\/wp\/wp-content\/uploads\/2012\/10\/Milit\u00e4r\u00e4rztliche-Akademie-Denkmal-3-150x150.jpg\" class=\"attachment-thumbnail size-thumbnail\" alt=\"\" aria-describedby=\"gallery-1-33586\" \/><\/a>\n\t\t\t<\/dt>\n\t\t\t\t<dd class='wp-caption-text gallery-caption' id='gallery-1-33586'>\n\t\t\t\tAm Invalidenfriedhof\n\t\t\t\t<\/dd><\/dl><br style=\"clear: both\" \/><dl class='gallery-item'>\n\t\t\t<dt class='gallery-icon landscape'>\n\t\t\t\t<a href='http:\/\/www.denkfried.de\/wp\/?attachment_id=34921'><img loading=\"lazy\" decoding=\"async\" width=\"150\" height=\"150\" src=\"http:\/\/www.denkfried.de\/wp\/wp-content\/uploads\/2013\/10\/Berlin-Mitte-Denkmal-Bundeswehrkrankenhaus-150x150.jpg\" class=\"attachment-thumbnail size-thumbnail\" alt=\"\" \/><\/a>\n\t\t\t<\/dt><\/dl><dl class='gallery-item'>\n\t\t\t<dt class='gallery-icon portrait'>\n\t\t\t\t<a href='http:\/\/www.denkfried.de\/wp\/?attachment_id=34923'><img loading=\"lazy\" decoding=\"async\" width=\"150\" height=\"150\" src=\"http:\/\/www.denkfried.de\/wp\/wp-content\/uploads\/2013\/10\/Berlin-Mitte-Denkmal-Bundeswehrkrankenhaus-4-150x150.jpg\" class=\"attachment-thumbnail size-thumbnail\" alt=\"\" \/><\/a>\n\t\t\t<\/dt><\/dl><dl class='gallery-item'>\n\t\t\t<dt class='gallery-icon portrait'>\n\t\t\t\t<a href='http:\/\/www.denkfried.de\/wp\/?attachment_id=34922'><img loading=\"lazy\" decoding=\"async\" width=\"150\" height=\"150\" src=\"http:\/\/www.denkfried.de\/wp\/wp-content\/uploads\/2013\/10\/Berlin-Mitte-Denkmal-Bundeswehrkrankenhaus-3-150x150.jpg\" class=\"attachment-thumbnail size-thumbnail\" alt=\"\" \/><\/a>\n\t\t\t<\/dt><\/dl><br style=\"clear: both\" \/>\n\t\t<\/div>\n\n<p>Ein Denkmal wurde hier den Gefallenen des ersten Weltkrieges aufgestellt. Auf dem heutigen Hof des Dienstgeb\u00e4ude des Bundesministeriums f\u00fcr Wirtschaft und Technologie. Vorne wurde folgende Inschrift angebracht:<\/p>\n<address style=\"text-align: center;\"><em><strong>Medicis<\/strong><\/em><\/address>\n<address style=\"text-align: center;\"><em><strong>Militicum<\/strong><\/em><\/address>\n<address style=\"text-align: center;\"><em><strong>Memoria<\/strong><\/em><\/address>\n<address style=\"text-align: center;\"><em><strong>Menente<\/strong><\/em><\/address>\n<address>\u00a0<\/address>\n<p>Am benachbartem Invalidenfriedhof ist ein weiterer Gedenkstein vor dem Eingang.<\/p>\n<address style=\"text-align: center;\"><em><strong>1757 \u2013 1945<\/strong><\/em><\/address>\n<address style=\"text-align: center;\"><em><strong>Medicis Militicum<\/strong><\/em><\/address>\n<address style=\"text-align: center;\"><em><strong>Memoria Menente<\/strong><\/em><\/address>\n<address style=\"text-align: center;\"><em><strong>\u00a0<\/strong><\/em><\/address>\n<address style=\"text-align: center;\"><em><strong>Wer hier steht, gedenke der vielen \u00c4rzte<\/strong><\/em><\/address>\n<address style=\"text-align: center;\"><em><strong>und Medizinstudenten in Uniform,<\/strong><\/em><\/address>\n<address style=\"text-align: center;\"><em><strong>der P\u00e9pins, Pfeifh\u00e4hne, wie die<\/strong><\/em><\/address>\n<address style=\"text-align: center;\"><em><strong>Berliner sie nannten, die aus der<\/strong><\/em><\/address>\n<address style=\"text-align: center;\"><em><strong>1795 errichteten P\u00e9pini\u00e8re, seit<\/strong><\/em><\/address>\n<address style=\"text-align: center;\"><em><strong>1905 aus der Milit\u00e4r\u00e4rztlichen Akademie<\/strong><\/em><\/address>\n<address style=\"text-align: center;\"><em><strong>hervorgegangen sind und als Sanit\u00e4tsoffiziere<\/strong><\/em><\/address>\n<address style=\"text-align: center;\"><em><strong>und Fahnenjunker (San.) Aus den Kriegen,<\/strong><\/em><\/address>\n<address style=\"text-align: center;\"><em><strong>zuletzt dem 2. Weltkrieg 1939 \u2013 1945<\/strong><\/em><\/address>\n<address style=\"text-align: center;\"><em><strong>von ihrem Aufopfernden Milit\u00e4r\u00e4rztlichen<\/strong><\/em><\/address>\n<address style=\"text-align: center;\"><em><strong>Einsatz f\u00fcr Verwundet, Sterbende, Kranke<\/strong><\/em><\/address>\n<address style=\"text-align: center;\"><em><strong>und f\u00fcr jedermann nicht in die Heimat zurckgekehrten.<\/strong><\/em><\/address>\n<address style=\"text-align: center;\"><em><strong>Sie folgten den Auftrag ihres \u00c4rztlichen Berufes<\/strong><\/em><\/address>\n<address style=\"text-align: center;\"><em><strong>und der Akademie.<\/strong><\/em><\/address>\n<address style=\"text-align: center;\"><em><strong>\u201cScientiae- Humanitati-Patriae\u201d<\/strong><\/em><\/address>\n<p>&nbsp;<\/p>\n<p>Am Park des heutigen Bundeswehrkrankenhauses befindet sich seit 2004 ein weitere Gedenkstein aus rotem Granitstein. Er tr\u00e4gt folgende Inschrift:<\/p>\n<address style=\"text-align: center;\">HIC LAPIS AD MEMORIAM<\/address>\n<address style=\"text-align: center;\">MEDICORUM MILITARIUM<\/address>\n<address style=\"text-align: center;\">ET ASPIRANTIUM<\/address>\n<address style=\"text-align: center;\">ACADEMIAE MEDICORUM<\/address>\n<address style=\"text-align: center;\">MILITARIUM ADHUC<\/address>\n<address style=\"text-align: center;\">MEDICINAE STUDENTIUM,<\/address>\n<address style=\"text-align: center;\">QUI SINE NATIONIS<\/address>\n<address style=\"text-align: center;\">ATQUE ORIGINIS RESPECTU<\/address>\n<address style=\"text-align: center;\">MUNERE SANITARIO<\/address>\n<address style=\"text-align: center;\">FUNGENTES PRO<\/address>\n<address style=\"text-align: center;\">VULNERATIS, AEGROTIS,<\/address>\n<address style=\"text-align: center;\">MILITIBUS MORIENTIBUS<\/address>\n<address style=\"text-align: center;\">TOGATISQUE VITIS SUIS<\/address>\n<address style=\"text-align: center;\">NON PEPERCERUNT ET E<\/address>\n<address style=\"text-align: center;\">MULTIS BELLIS, ETIAM<\/address>\n<address style=\"text-align: center;\">EX ILLO USQUE AD ANNUM<\/address>\n<address style=\"text-align: center;\">MDMXLV MANENTE<\/address>\n<address style=\"text-align: center;\">NON REVERTERUNT,<\/address>\n<address style=\"text-align: center;\">CONSTITUTUS EST.<\/address>\n<address style=\"text-align: center;\">HIS OMNIBUS VALEBAT ILLUD<\/address>\n<address style=\"text-align: center;\">DICTUM, SUB GALLO IN<\/address>\n<address style=\"text-align: center;\">PIPA SEDENTE, SIGNO<\/address>\n<address style=\"text-align: center;\">P\u00c9PINI\u00c8RAE:<\/address>\n<address style=\"text-align: center;\">DIC CUR HIC!<\/address>\n<address style=\"text-align: center;\">ET PRAECEPTUM ACADEMIAE<\/address>\n<address style=\"text-align: center;\">MEDICORUM MILITARIUM:<\/address>\n<address style=\"text-align: center;\">SCIENTIAE &#8211; HUMANITATI &#8211; PATRIAE!<\/address>\n<address style=\"text-align: center;\">\u00a0<\/address>\n<address style=\"text-align: center;\">Der humanit\u00e4re Einsatz der \u00c4rzte<\/address>\n<address style=\"text-align: center;\">und \u00c4rztinnen im Sanit\u00e4tsdienst<\/address>\n<address style=\"text-align: center;\">ist eine weltweite verpflichtende<\/address>\n<address style=\"text-align: center;\">Aufgabe: Erinnern wir uns deshalb<\/address>\n<address style=\"text-align: center;\">auch im R\u00fcckblick der bis 1945 und<\/address>\n<address style=\"text-align: center;\">danach nicht heimgekehrten<\/address>\n<address style=\"text-align: center;\">Angeh\u00f6rigen der P\u00e9pini\u00e8re, der<\/address>\n<address style=\"text-align: center;\">P\u00e9pins, genannt Pfeifh\u00e4hne, der<\/address>\n<address style=\"text-align: center;\">vormaligen Milit\u00e4r\u00e4rztlichen<\/address>\n<address style=\"text-align: center;\">Akademie und ihrer Devise:<\/address>\n<address style=\"text-align: center;\">Sage und wisse,<\/address>\n<address style=\"text-align: center;\">warum du hier bist!<\/address>\n<address style=\"text-align: center;\">F\u00fcr Humanit\u00e4t,<\/address>\n<address style=\"text-align: center;\">Wissenschaft und Vaterland!<\/address>\n<p>&nbsp;<\/p>\n<p>&nbsp;<\/p>\n","protected":false},"excerpt":{"rendered":"<p>&nbsp; Berlin-Mitte Denkm\u00e4ler der Milit\u00e4r\u00e4rztlichen Akademie, Scharnhorststra\u00dfe Bericht und Bilder von Thomas\u00a0Gefallenendenkm\u00e4ler Berlin\/Brandenburg Ein Denkmal wurde hier den Gefallenen des ersten Weltkrieges aufgestellt. Auf dem heutigen Hof des Dienstgeb\u00e4ude des Bundesministeriums f\u00fcr Wirtschaft und Technologie. Vorne wurde folgende Inschrift angebracht: &hellip; <a href=\"http:\/\/www.denkfried.de\/wp\/?page_id=33590\">Weiterlesen <span class=\"meta-nav\">&rarr;<\/span><\/a><\/p>\n","protected":false},"author":9,"featured_media":0,"parent":15729,"menu_order":0,"comment_status":"closed","ping_status":"open","template":"","meta":{"footnotes":""},"class_list":["post-33590","page","type-page","status-publish","hentry"],"_links":{"self":[{"href":"http:\/\/www.denkfried.de\/wp\/index.php?rest_route=\/wp\/v2\/pages\/33590","targetHints":{"allow":["GET"]}}],"collection":[{"href":"http:\/\/www.denkfried.de\/wp\/index.php?rest_route=\/wp\/v2\/pages"}],"about":[{"href":"http:\/\/www.denkfried.de\/wp\/index.php?rest_route=\/wp\/v2\/types\/page"}],"author":[{"embeddable":true,"href":"http:\/\/www.denkfried.de\/wp\/index.php?rest_route=\/wp\/v2\/users\/9"}],"replies":[{"embeddable":true,"href":"http:\/\/www.denkfried.de\/wp\/index.php?rest_route=%2Fwp%2Fv2%2Fcomments&post=33590"}],"version-history":[{"count":12,"href":"http:\/\/www.denkfried.de\/wp\/index.php?rest_route=\/wp\/v2\/pages\/33590\/revisions"}],"predecessor-version":[{"id":39547,"href":"http:\/\/www.denkfried.de\/wp\/index.php?rest_route=\/wp\/v2\/pages\/33590\/revisions\/39547"}],"up":[{"embeddable":true,"href":"http:\/\/www.denkfried.de\/wp\/index.php?rest_route=\/wp\/v2\/pages\/15729"}],"wp:attachment":[{"href":"http:\/\/www.denkfried.de\/wp\/index.php?rest_route=%2Fwp%2Fv2%2Fmedia&parent=33590"}],"curies":[{"name":"wp","href":"https:\/\/api.w.org\/{rel}","templated":true}]}}