{"id":33187,"date":"2013-10-07T23:34:03","date_gmt":"2013-10-07T21:34:03","guid":{"rendered":"http:\/\/www.denkfried.de\/wp\/?page_id=33187"},"modified":"2015-03-14T20:53:22","modified_gmt":"2015-03-14T19:53:22","slug":"hoyerswerda","status":"publish","type":"page","link":"http:\/\/www.denkfried.de\/wp\/?page_id=33187","title":{"rendered":"Hoyerswerda"},"content":{"rendered":"<p>&nbsp;<\/p>\n<p><span style=\"text-decoration: underline;\"><strong>02977 Hoyerswerda<\/strong><\/span><\/p>\n<p><span style=\"text-decoration: underline;\"><strong>Ortsteile:<\/strong><\/span><\/p>\n<blockquote>\n<blockquote>\n<ul>\n<li><a title=\"Br\u00f6then\/Michalken\" href=\"http:\/\/www.denkfried.de\/wp\/?page_id=33189\">Br\u00f6then\/Michalken<\/a><\/li>\n<li>D\u00f6rgenhausen<\/li>\n<li>Knappenrode<\/li>\n<li>Schwarzkollm<\/li>\n<li>Zei\u00dfig<\/li>\n<\/ul>\n<\/blockquote>\n<\/blockquote>\n<p>_______________________________________________________<\/p>\n<p>Hinter dem Lausitz-Center befindet sich ein Park mit zahlreichen Gedenkst\u00e4tten.<\/p>\n<p>Die gr\u00f6\u00dfte nimmt die Anlage f\u00fcr die gefallenen Sowjetsoldaten ein. Weterhin stehen gro\u00dfe Steintafeln auf dem Real zum Andenken an Polnische und Jugoslawische Patrioten und im Boden eingelassene Bodenplatten f\u00fcr die gefallenen deutschen Soldaten.<\/p>\n<p>Auf einer Tafel ist zu lesen:<\/p>\n<p style=\"text-align: justify; padding-left: 90px;\"><em>Hier ruhen 221 namentlich bekannte und 39 unbekannte Wehrmachtsangeh\u00f6rige und Zivilpersonen. Sie starben bei Kamphandlungen, Lazaretts und Fl\u00fcchtlingsz\u00fcgen, im Kriegsgefangenenlager Elsterhorst und bei den Luft-und Bodenangriffen am 18. und 19.April 1945 auf Hoyerswerda.<\/em><\/p>\n<p style=\"text-align: justify;\">Die Anlage wurde zum Volkstrauertag 1997 hergerichtet.<\/p>\n<div id='gallery-1' class='gallery galleryid-33187 gallery-columns-3 gallery-size-thumbnail'><dl class='gallery-item'>\n\t\t\t<dt class='gallery-icon landscape'>\n\t\t\t\t<a href='http:\/\/www.denkfried.de\/wp\/?attachment_id=38219'><img loading=\"lazy\" decoding=\"async\" width=\"150\" height=\"150\" src=\"http:\/\/www.denkfried.de\/wp\/wp-content\/uploads\/2013\/10\/IMG_2642-150x150.jpg\" class=\"attachment-thumbnail size-thumbnail\" alt=\"\" \/><\/a>\n\t\t\t<\/dt><\/dl><dl class='gallery-item'>\n\t\t\t<dt class='gallery-icon landscape'>\n\t\t\t\t<a href='http:\/\/www.denkfried.de\/wp\/?attachment_id=38222'><img loading=\"lazy\" decoding=\"async\" width=\"150\" height=\"150\" src=\"http:\/\/www.denkfried.de\/wp\/wp-content\/uploads\/2013\/10\/IMG_2648-150x150.jpg\" class=\"attachment-thumbnail size-thumbnail\" alt=\"\" \/><\/a>\n\t\t\t<\/dt><\/dl><dl class='gallery-item'>\n\t\t\t<dt class='gallery-icon landscape'>\n\t\t\t\t<a href='http:\/\/www.denkfried.de\/wp\/?attachment_id=38217'><img loading=\"lazy\" decoding=\"async\" width=\"150\" height=\"150\" src=\"http:\/\/www.denkfried.de\/wp\/wp-content\/uploads\/2013\/10\/IMG_2672-150x150.jpg\" class=\"attachment-thumbnail size-thumbnail\" alt=\"\" \/><\/a>\n\t\t\t<\/dt><\/dl><br style=\"clear: both\" \/><dl class='gallery-item'>\n\t\t\t<dt class='gallery-icon landscape'>\n\t\t\t\t<a href='http:\/\/www.denkfried.de\/wp\/?attachment_id=38215'><img loading=\"lazy\" decoding=\"async\" width=\"150\" height=\"150\" src=\"http:\/\/www.denkfried.de\/wp\/wp-content\/uploads\/2013\/10\/IMG_2667-150x150.jpg\" class=\"attachment-thumbnail size-thumbnail\" alt=\"\" \/><\/a>\n\t\t\t<\/dt><\/dl><dl class='gallery-item'>\n\t\t\t<dt class='gallery-icon landscape'>\n\t\t\t\t<a href='http:\/\/www.denkfried.de\/wp\/?attachment_id=38218'><img loading=\"lazy\" decoding=\"async\" width=\"150\" height=\"150\" src=\"http:\/\/www.denkfried.de\/wp\/wp-content\/uploads\/2013\/10\/IMG_2637-150x150.jpg\" class=\"attachment-thumbnail size-thumbnail\" alt=\"\" \/><\/a>\n\t\t\t<\/dt><\/dl><dl class='gallery-item'>\n\t\t\t<dt class='gallery-icon landscape'>\n\t\t\t\t<a href='http:\/\/www.denkfried.de\/wp\/?attachment_id=38224'><img loading=\"lazy\" decoding=\"async\" width=\"150\" height=\"150\" src=\"http:\/\/www.denkfried.de\/wp\/wp-content\/uploads\/2013\/10\/IMG_2639-150x150.jpg\" class=\"attachment-thumbnail size-thumbnail\" alt=\"\" \/><\/a>\n\t\t\t<\/dt><\/dl><br style=\"clear: both\" \/><dl class='gallery-item'>\n\t\t\t<dt class='gallery-icon landscape'>\n\t\t\t\t<a href='http:\/\/www.denkfried.de\/wp\/?attachment_id=38223'><img loading=\"lazy\" decoding=\"async\" width=\"150\" height=\"150\" src=\"http:\/\/www.denkfried.de\/wp\/wp-content\/uploads\/2013\/10\/IMG_2640-150x150.jpg\" class=\"attachment-thumbnail size-thumbnail\" alt=\"\" \/><\/a>\n\t\t\t<\/dt><\/dl><dl class='gallery-item'>\n\t\t\t<dt class='gallery-icon landscape'>\n\t\t\t\t<a href='http:\/\/www.denkfried.de\/wp\/?attachment_id=38220'><img loading=\"lazy\" decoding=\"async\" width=\"150\" height=\"150\" src=\"http:\/\/www.denkfried.de\/wp\/wp-content\/uploads\/2013\/10\/IMG_2643-150x150.jpg\" class=\"attachment-thumbnail size-thumbnail\" alt=\"\" \/><\/a>\n\t\t\t<\/dt><\/dl><dl class='gallery-item'>\n\t\t\t<dt class='gallery-icon landscape'>\n\t\t\t\t<a href='http:\/\/www.denkfried.de\/wp\/?attachment_id=38221'><img loading=\"lazy\" decoding=\"async\" width=\"150\" height=\"150\" src=\"http:\/\/www.denkfried.de\/wp\/wp-content\/uploads\/2013\/10\/IMG_2644-150x150.jpg\" class=\"attachment-thumbnail size-thumbnail\" alt=\"\" \/><\/a>\n\t\t\t<\/dt><\/dl><br style=\"clear: both\" \/><dl class='gallery-item'>\n\t\t\t<dt class='gallery-icon portrait'>\n\t\t\t\t<a href='http:\/\/www.denkfried.de\/wp\/?attachment_id=38216'><img loading=\"lazy\" decoding=\"async\" width=\"150\" height=\"150\" src=\"http:\/\/www.denkfried.de\/wp\/wp-content\/uploads\/2013\/10\/IMG_2671-150x150.jpg\" class=\"attachment-thumbnail size-thumbnail\" alt=\"\" \/><\/a>\n\t\t\t<\/dt><\/dl>\n\t\t\t<br style='clear: both' \/>\n\t\t<\/div>\n\n","protected":false},"excerpt":{"rendered":"<p>&nbsp; 02977 Hoyerswerda Ortsteile: Br\u00f6then\/Michalken D\u00f6rgenhausen Knappenrode Schwarzkollm Zei\u00dfig _______________________________________________________ Hinter dem Lausitz-Center befindet sich ein Park mit zahlreichen Gedenkst\u00e4tten. Die gr\u00f6\u00dfte nimmt die Anlage f\u00fcr die gefallenen Sowjetsoldaten ein. Weterhin stehen gro\u00dfe Steintafeln auf dem Real zum Andenken an &hellip; <a href=\"http:\/\/www.denkfried.de\/wp\/?page_id=33187\">Weiterlesen <span class=\"meta-nav\">&rarr;<\/span><\/a><\/p>\n","protected":false},"author":2,"featured_media":0,"parent":6233,"menu_order":0,"comment_status":"closed","ping_status":"open","template":"","meta":{"footnotes":""},"class_list":["post-33187","page","type-page","status-publish","hentry"],"_links":{"self":[{"href":"http:\/\/www.denkfried.de\/wp\/index.php?rest_route=\/wp\/v2\/pages\/33187","targetHints":{"allow":["GET"]}}],"collection":[{"href":"http:\/\/www.denkfried.de\/wp\/index.php?rest_route=\/wp\/v2\/pages"}],"about":[{"href":"http:\/\/www.denkfried.de\/wp\/index.php?rest_route=\/wp\/v2\/types\/page"}],"author":[{"embeddable":true,"href":"http:\/\/www.denkfried.de\/wp\/index.php?rest_route=\/wp\/v2\/users\/2"}],"replies":[{"embeddable":true,"href":"http:\/\/www.denkfried.de\/wp\/index.php?rest_route=%2Fwp%2Fv2%2Fcomments&post=33187"}],"version-history":[{"count":4,"href":"http:\/\/www.denkfried.de\/wp\/index.php?rest_route=\/wp\/v2\/pages\/33187\/revisions"}],"predecessor-version":[{"id":38225,"href":"http:\/\/www.denkfried.de\/wp\/index.php?rest_route=\/wp\/v2\/pages\/33187\/revisions\/38225"}],"up":[{"embeddable":true,"href":"http:\/\/www.denkfried.de\/wp\/index.php?rest_route=\/wp\/v2\/pages\/6233"}],"wp:attachment":[{"href":"http:\/\/www.denkfried.de\/wp\/index.php?rest_route=%2Fwp%2Fv2%2Fmedia&parent=33187"}],"curies":[{"name":"wp","href":"https:\/\/api.w.org\/{rel}","templated":true}]}}