{"id":331,"date":"2011-04-02T15:51:02","date_gmt":"2011-04-02T13:51:02","guid":{"rendered":"http:\/\/www.bilderstapel.de\/test\/wp\/?page_id=331"},"modified":"2012-12-14T18:18:32","modified_gmt":"2012-12-14T17:18:32","slug":"polen","status":"publish","type":"page","link":"http:\/\/www.denkfried.de\/wp\/?page_id=331","title":{"rendered":"Polen"},"content":{"rendered":"<p><a href=\"http:\/\/www.denkfried.de\/wp\/?attachment_id=1768\" rel=\"attachment wp-att-1768\"><img loading=\"lazy\" decoding=\"async\" class=\"alignleft size-full wp-image-1768\" title=\"Flagge-Polen\" src=\"http:\/\/www.denkfried.de\/wp\/wp-content\/uploads\/2011\/04\/Flagge-Polen.png\" alt=\"\" width=\"105\" height=\"66\" \/><\/a><a href=\"http:\/\/www.denkfried.de\/wp\/?attachment_id=1769\" rel=\"attachment wp-att-1769\"><img loading=\"lazy\" decoding=\"async\" class=\"size-full wp-image-1769 alignright\" title=\"Wappen-Polen\" src=\"http:\/\/www.denkfried.de\/wp\/wp-content\/uploads\/2011\/04\/Wappen-Polen.png\" alt=\"\" width=\"85\" height=\"100\" \/><\/a><\/p>\n<p>&nbsp;<\/p>\n<p>Hauptstadt:\u00a0\u00a0\u00a0\u00a0 <span style=\"text-decoration: underline; color: #ff0000;\"><strong>Warschau<\/strong><\/span><\/p>\n<p>Die Anzahl der Toten erheben nicht den Anspruch auf Richtigkeit und Vollst\u00e4ndigkeit. Durch zwischenzeitliche Bergungen k\u00f6nnen sich die Zahlen st\u00e4ndig \u00e4ndern.<\/p>\n<ul>\n<li><a href=\"http:\/\/www.denkfried.de\/wp\/?page_id=27951\">Bzura<\/a><\/li>\n<li><a title=\"GDANSK\" href=\"http:\/\/www.denkfried.de\/wp\/?page_id=1772\">Gdansk\/Danzig<\/a><\/li>\n<li><a href=\"http:\/\/www.denkfried.de\/wp\/?page_id=27338\">Gorlice\/G\u00f6rlitz<\/a><\/li>\n<li>Joachim-Mogily \u00a0(15.10.1991)<\/li>\n<li>Krakau \u00a0(16.10.1993)<\/li>\n<li><a href=\"http:\/\/www.denkfried.de\/wp\/?page_id=27380\">Lyse<\/a><\/li>\n<li>Mlawka \u00a0(05.10.1996)<\/li>\n<li>Modlin \u00a0(11.10.1997)<\/li>\n<li>N\u00e4dlingen (Nadolice Wielkie) \u00a0(08.11.1998)<\/li>\n<li>Neumark (Stare Czarnowo) \u00a0 \u00a0 \u00a0 \u00a0 \u00a0 \u00a0 \u00a0 \u00a0 \u00a0 \u00a0 \u00a0 \u00a0 \u00a0 \u00a0 \u00a0 \u00a0 \u00a0 \u00a0 Polen\/Stare Czarnowo-Szczecin<\/li>\n<li>Posen (Poznan) \u00a0(22.10.1994)<\/li>\n<li>Przemysl<\/li>\n<li>Pulawy \u00a0 \u00a0 \u00a0 \u00a0 \u00a0 \u00a0 \u00a0 \u00a0 \u00a0 \u00a0 \u00a0 \u00a0 \u00a0 \u00a0 \u00a0 \u00a0 \u00a0 \u00a0 \u00a0 \u00a0 \u00a0 \u00a0 \u00a0 \u00a0 \u00a0 \u00a0 \u00a0 \u00a0 \u00a0 \u00a0 \u00a0 \u00a0Polen\/Pulawy &#8211; KGST<\/li>\n<li><a title=\"SIEMIANOWICE\" href=\"http:\/\/www.denkfried.de\/wp\/?page_id=1775\">Siemianowice<\/a> (Laurah\u00fctte)<\/li>\n<li>Warschau-Nord \u00a0(06.10.1991)<\/li>\n<\/ul>\n<p>Fast alle Gr\u00e4ber und Gedenkst\u00e4tten f\u00fcr deutsche Gestorbene und Gefallene wurden nach 1945 von polnischer Seite zerst\u00f6rt. In wenigen F\u00e4llen konnten Teile von Denkm\u00e4lern gerettet werden und trotz der Zerst\u00f6rung von Inschriften sind Namen bekannt.<\/p>\n","protected":false},"excerpt":{"rendered":"<p>&nbsp; Hauptstadt:\u00a0\u00a0\u00a0\u00a0 Warschau Die Anzahl der Toten erheben nicht den Anspruch auf Richtigkeit und Vollst\u00e4ndigkeit. Durch zwischenzeitliche Bergungen k\u00f6nnen sich die Zahlen st\u00e4ndig \u00e4ndern. Bzura Gdansk\/Danzig Gorlice\/G\u00f6rlitz Joachim-Mogily \u00a0(15.10.1991) Krakau \u00a0(16.10.1993) Lyse Mlawka \u00a0(05.10.1996) Modlin \u00a0(11.10.1997) N\u00e4dlingen (Nadolice Wielkie) \u00a0(08.11.1998) &hellip; <a href=\"http:\/\/www.denkfried.de\/wp\/?page_id=331\">Weiterlesen <span class=\"meta-nav\">&rarr;<\/span><\/a><\/p>\n","protected":false},"author":2,"featured_media":0,"parent":122,"menu_order":23,"comment_status":"open","ping_status":"open","template":"","meta":{"footnotes":""},"class_list":["post-331","page","type-page","status-publish","hentry"],"_links":{"self":[{"href":"http:\/\/www.denkfried.de\/wp\/index.php?rest_route=\/wp\/v2\/pages\/331","targetHints":{"allow":["GET"]}}],"collection":[{"href":"http:\/\/www.denkfried.de\/wp\/index.php?rest_route=\/wp\/v2\/pages"}],"about":[{"href":"http:\/\/www.denkfried.de\/wp\/index.php?rest_route=\/wp\/v2\/types\/page"}],"author":[{"embeddable":true,"href":"http:\/\/www.denkfried.de\/wp\/index.php?rest_route=\/wp\/v2\/users\/2"}],"replies":[{"embeddable":true,"href":"http:\/\/www.denkfried.de\/wp\/index.php?rest_route=%2Fwp%2Fv2%2Fcomments&post=331"}],"version-history":[{"count":13,"href":"http:\/\/www.denkfried.de\/wp\/index.php?rest_route=\/wp\/v2\/pages\/331\/revisions"}],"predecessor-version":[{"id":27958,"href":"http:\/\/www.denkfried.de\/wp\/index.php?rest_route=\/wp\/v2\/pages\/331\/revisions\/27958"}],"up":[{"embeddable":true,"href":"http:\/\/www.denkfried.de\/wp\/index.php?rest_route=\/wp\/v2\/pages\/122"}],"wp:attachment":[{"href":"http:\/\/www.denkfried.de\/wp\/index.php?rest_route=%2Fwp%2Fv2%2Fmedia&parent=331"}],"curies":[{"name":"wp","href":"https:\/\/api.w.org\/{rel}","templated":true}]}}