{"id":32869,"date":"2013-09-29T14:02:55","date_gmt":"2013-09-29T12:02:55","guid":{"rendered":"http:\/\/www.denkfried.de\/wp\/?page_id=32869"},"modified":"2013-09-29T14:06:24","modified_gmt":"2013-09-29T12:06:24","slug":"azannes-ii","status":"publish","type":"page","link":"http:\/\/www.denkfried.de\/wp\/?page_id=32869","title":{"rendered":"Azannes II"},"content":{"rendered":"<p>&nbsp;<\/p>\n<p><span style=\"text-decoration: underline;\"><strong>55150 Azannes II<\/strong><\/span><\/p>\n<p>Ausserhalb des Ortes Azannes, der Region Lotringen Department Maas findet sich an der D 66 Route De Mangiennes das Gr\u00e4berfeld f\u00fcr die 4750 deutschen Gefallenen des 1.Weltkriegs. Bei Beginn der Schlacht um Verdun Anfang M\u00e4rz 1916 von der Truppe angelegt. Die Sanit\u00e4tstruppe errichtete in Azannes Lazarette ein, eines oberhalb des Soldatenfriedhofs. Vom 7. bis 27. April 1916 wurden hier fast 3500 verwundete behandelt. Bei ende des Krieges 1918 gab es hier 800 Gr\u00e4ber, franz\u00f6sische Milit\u00e4rbeh\u00f6rden betteten aus 145 Gemeinden gefallene hierher um und vergr\u00f6\u00dferten das Gr\u00e4berfeld.Das Gemeinschaftsgrab wurde mit einer Mauer umfasst und ein Hochkreuz aus rotem Vogesensandstein errichtet,der Eingang mit zwei Steinbl\u00f6cken und einem schmiedeeisernen Tot angelegt. Der an einem H\u00fcgel angelegte, gepflegte Soldatenfriedhof \u00fcbermittelt eine besondere,besinnliche Atmosph\u00e4re.<\/p>\n<p>Koordinaten N49\u00b018.347 O5\u00b028.498<\/p>\n<p>Gr\u00fc\u00dfe Hubert<\/p>\n<p><a href=\"http:\/\/www.denkfried.de\/wp\/wp-content\/uploads\/2013\/09\/Anzannes-Nr.II-1.W.K.-4750-deutsche-Rout-de-Manginnes-07.09.2013-1.jpg\"><img loading=\"lazy\" decoding=\"async\" class=\"alignnone size-medium wp-image-32870\" alt=\"Anzannes Nr.II,-1.W.K. 4750 deutsche, Rout de Manginnes, 07.09.2013- (1)\" src=\"http:\/\/www.denkfried.de\/wp\/wp-content\/uploads\/2013\/09\/Anzannes-Nr.II-1.W.K.-4750-deutsche-Rout-de-Manginnes-07.09.2013-1-300x199.jpg\" width=\"300\" height=\"199\" srcset=\"http:\/\/www.denkfried.de\/wp\/wp-content\/uploads\/2013\/09\/Anzannes-Nr.II-1.W.K.-4750-deutsche-Rout-de-Manginnes-07.09.2013-1-300x199.jpg 300w, http:\/\/www.denkfried.de\/wp\/wp-content\/uploads\/2013\/09\/Anzannes-Nr.II-1.W.K.-4750-deutsche-Rout-de-Manginnes-07.09.2013-1.jpg 720w\" sizes=\"auto, (max-width: 300px) 100vw, 300px\" \/><\/a> <a href=\"http:\/\/www.denkfried.de\/wp\/wp-content\/uploads\/2013\/09\/Anzannes-Nr.II-1.W.K.-4750-deutsche-Rout-de-Manginnes-07.09.2.jpg\"><img loading=\"lazy\" decoding=\"async\" class=\"alignnone size-medium wp-image-32871\" alt=\"Anzannes Nr.II,-1.W.K. 4750 deutsche, Rout de Manginnes, 07.09.2\" src=\"http:\/\/www.denkfried.de\/wp\/wp-content\/uploads\/2013\/09\/Anzannes-Nr.II-1.W.K.-4750-deutsche-Rout-de-Manginnes-07.09.2-300x199.jpg\" width=\"300\" height=\"199\" srcset=\"http:\/\/www.denkfried.de\/wp\/wp-content\/uploads\/2013\/09\/Anzannes-Nr.II-1.W.K.-4750-deutsche-Rout-de-Manginnes-07.09.2-300x199.jpg 300w, http:\/\/www.denkfried.de\/wp\/wp-content\/uploads\/2013\/09\/Anzannes-Nr.II-1.W.K.-4750-deutsche-Rout-de-Manginnes-07.09.2.jpg 720w\" sizes=\"auto, (max-width: 300px) 100vw, 300px\" \/><\/a> <a href=\"http:\/\/www.denkfried.de\/wp\/wp-content\/uploads\/2013\/09\/Anzannes-Nr.II-1.W.K.-4750-deutsche-Rout-de-Manginnes-07.09.2-28.jpg\"><img loading=\"lazy\" decoding=\"async\" class=\"alignnone size-medium wp-image-32872\" alt=\"Anzannes Nr.II,-1.W.K. 4750 deutsche, Rout de Manginnes, 07.09.2 (28)\" src=\"http:\/\/www.denkfried.de\/wp\/wp-content\/uploads\/2013\/09\/Anzannes-Nr.II-1.W.K.-4750-deutsche-Rout-de-Manginnes-07.09.2-28-199x300.jpg\" width=\"199\" height=\"300\" srcset=\"http:\/\/www.denkfried.de\/wp\/wp-content\/uploads\/2013\/09\/Anzannes-Nr.II-1.W.K.-4750-deutsche-Rout-de-Manginnes-07.09.2-28-199x300.jpg 199w, http:\/\/www.denkfried.de\/wp\/wp-content\/uploads\/2013\/09\/Anzannes-Nr.II-1.W.K.-4750-deutsche-Rout-de-Manginnes-07.09.2-28.jpg 478w\" sizes=\"auto, (max-width: 199px) 100vw, 199px\" \/><\/a> <a href=\"http:\/\/www.denkfried.de\/wp\/wp-content\/uploads\/2013\/09\/Anzannes-Nr.II-1.W.K.-4750-deutsche-Rout-de-Manginnes-07.09.2-27.jpg\"><img loading=\"lazy\" decoding=\"async\" class=\"alignnone size-medium wp-image-32873\" alt=\"Anzannes Nr.II,-1.W.K. 4750 deutsche, Rout de Manginnes, 07.09.2 (27)\" src=\"http:\/\/www.denkfried.de\/wp\/wp-content\/uploads\/2013\/09\/Anzannes-Nr.II-1.W.K.-4750-deutsche-Rout-de-Manginnes-07.09.2-27-199x300.jpg\" width=\"199\" height=\"300\" srcset=\"http:\/\/www.denkfried.de\/wp\/wp-content\/uploads\/2013\/09\/Anzannes-Nr.II-1.W.K.-4750-deutsche-Rout-de-Manginnes-07.09.2-27-199x300.jpg 199w, http:\/\/www.denkfried.de\/wp\/wp-content\/uploads\/2013\/09\/Anzannes-Nr.II-1.W.K.-4750-deutsche-Rout-de-Manginnes-07.09.2-27.jpg 478w\" sizes=\"auto, (max-width: 199px) 100vw, 199px\" \/><\/a> <a href=\"http:\/\/www.denkfried.de\/wp\/wp-content\/uploads\/2013\/09\/Anzannes-Nr.II-1.W.K.-4750-deutsche-Rout-de-Manginnes-07.09.2-7.jpg\"><img loading=\"lazy\" decoding=\"async\" class=\"alignnone size-medium wp-image-32874\" alt=\"Anzannes Nr.II,-1.W.K. 4750 deutsche, Rout de Manginnes, 07.09.2 (7)\" src=\"http:\/\/www.denkfried.de\/wp\/wp-content\/uploads\/2013\/09\/Anzannes-Nr.II-1.W.K.-4750-deutsche-Rout-de-Manginnes-07.09.2-7-300x199.jpg\" width=\"300\" height=\"199\" srcset=\"http:\/\/www.denkfried.de\/wp\/wp-content\/uploads\/2013\/09\/Anzannes-Nr.II-1.W.K.-4750-deutsche-Rout-de-Manginnes-07.09.2-7-300x199.jpg 300w, http:\/\/www.denkfried.de\/wp\/wp-content\/uploads\/2013\/09\/Anzannes-Nr.II-1.W.K.-4750-deutsche-Rout-de-Manginnes-07.09.2-7.jpg 720w\" sizes=\"auto, (max-width: 300px) 100vw, 300px\" \/><\/a> <a href=\"http:\/\/www.denkfried.de\/wp\/wp-content\/uploads\/2013\/09\/Anzannes-Nr.II-1.W.K.-4750-deutsche-Rout-de-Manginnes-07.09.2-8.jpg\"><img loading=\"lazy\" decoding=\"async\" class=\"alignnone size-medium wp-image-32875\" alt=\"Anzannes Nr.II,-1.W.K. 4750 deutsche, Rout de Manginnes, 07.09.2 (8)\" src=\"http:\/\/www.denkfried.de\/wp\/wp-content\/uploads\/2013\/09\/Anzannes-Nr.II-1.W.K.-4750-deutsche-Rout-de-Manginnes-07.09.2-8-199x300.jpg\" width=\"199\" height=\"300\" srcset=\"http:\/\/www.denkfried.de\/wp\/wp-content\/uploads\/2013\/09\/Anzannes-Nr.II-1.W.K.-4750-deutsche-Rout-de-Manginnes-07.09.2-8-199x300.jpg 199w, http:\/\/www.denkfried.de\/wp\/wp-content\/uploads\/2013\/09\/Anzannes-Nr.II-1.W.K.-4750-deutsche-Rout-de-Manginnes-07.09.2-8.jpg 478w\" sizes=\"auto, (max-width: 199px) 100vw, 199px\" \/><\/a> <a href=\"http:\/\/www.denkfried.de\/wp\/wp-content\/uploads\/2013\/09\/Anzannes-Nr.II-1.W.K.-4750-deutsche-Rout-de-Manginnes-07.09.2-9.jpg\"><img loading=\"lazy\" decoding=\"async\" class=\"alignnone size-medium wp-image-32876\" alt=\"Anzannes Nr.II,-1.W.K. 4750 deutsche, Rout de Manginnes, 07.09.2 (9)\" src=\"http:\/\/www.denkfried.de\/wp\/wp-content\/uploads\/2013\/09\/Anzannes-Nr.II-1.W.K.-4750-deutsche-Rout-de-Manginnes-07.09.2-9-300x199.jpg\" width=\"300\" height=\"199\" srcset=\"http:\/\/www.denkfried.de\/wp\/wp-content\/uploads\/2013\/09\/Anzannes-Nr.II-1.W.K.-4750-deutsche-Rout-de-Manginnes-07.09.2-9-300x199.jpg 300w, http:\/\/www.denkfried.de\/wp\/wp-content\/uploads\/2013\/09\/Anzannes-Nr.II-1.W.K.-4750-deutsche-Rout-de-Manginnes-07.09.2-9.jpg 720w\" sizes=\"auto, (max-width: 300px) 100vw, 300px\" \/><\/a> <a href=\"http:\/\/www.denkfried.de\/wp\/wp-content\/uploads\/2013\/09\/Anzannes-Nr.II-1.W.K.-4750-deutsche-Rout-de-Manginnes-07.09.2-10.jpg\"><img loading=\"lazy\" decoding=\"async\" class=\"alignnone size-medium wp-image-32877\" alt=\"Anzannes Nr.II,-1.W.K. 4750 deutsche, Rout de Manginnes, 07.09.2 (10)\" src=\"http:\/\/www.denkfried.de\/wp\/wp-content\/uploads\/2013\/09\/Anzannes-Nr.II-1.W.K.-4750-deutsche-Rout-de-Manginnes-07.09.2-10-300x199.jpg\" width=\"300\" height=\"199\" srcset=\"http:\/\/www.denkfried.de\/wp\/wp-content\/uploads\/2013\/09\/Anzannes-Nr.II-1.W.K.-4750-deutsche-Rout-de-Manginnes-07.09.2-10-300x199.jpg 300w, http:\/\/www.denkfried.de\/wp\/wp-content\/uploads\/2013\/09\/Anzannes-Nr.II-1.W.K.-4750-deutsche-Rout-de-Manginnes-07.09.2-10.jpg 720w\" sizes=\"auto, (max-width: 300px) 100vw, 300px\" \/><\/a> <a href=\"http:\/\/www.denkfried.de\/wp\/wp-content\/uploads\/2013\/09\/Anzannes-Nr.II-1.W.K.-4750-deutsche-Rout-de-Manginnes-07.09.2-14.jpg\"><img loading=\"lazy\" decoding=\"async\" class=\"alignnone size-medium wp-image-32878\" alt=\"Anzannes Nr.II,-1.W.K. 4750 deutsche, Rout de Manginnes, 07.09.2 (14)\" src=\"http:\/\/www.denkfried.de\/wp\/wp-content\/uploads\/2013\/09\/Anzannes-Nr.II-1.W.K.-4750-deutsche-Rout-de-Manginnes-07.09.2-14-300x199.jpg\" width=\"300\" height=\"199\" srcset=\"http:\/\/www.denkfried.de\/wp\/wp-content\/uploads\/2013\/09\/Anzannes-Nr.II-1.W.K.-4750-deutsche-Rout-de-Manginnes-07.09.2-14-300x199.jpg 300w, http:\/\/www.denkfried.de\/wp\/wp-content\/uploads\/2013\/09\/Anzannes-Nr.II-1.W.K.-4750-deutsche-Rout-de-Manginnes-07.09.2-14.jpg 720w\" sizes=\"auto, (max-width: 300px) 100vw, 300px\" \/><\/a> <a href=\"http:\/\/www.denkfried.de\/wp\/wp-content\/uploads\/2013\/09\/Anzannes-Nr.II-1.W.K.-4750-deutsche-Rout-de-Manginnes-07.09.2-16.jpg\"><img loading=\"lazy\" decoding=\"async\" class=\"alignnone size-medium wp-image-32879\" alt=\"Anzannes Nr.II,-1.W.K. 4750 deutsche, Rout de Manginnes, 07.09.2 (16)\" src=\"http:\/\/www.denkfried.de\/wp\/wp-content\/uploads\/2013\/09\/Anzannes-Nr.II-1.W.K.-4750-deutsche-Rout-de-Manginnes-07.09.2-16-199x300.jpg\" width=\"199\" height=\"300\" srcset=\"http:\/\/www.denkfried.de\/wp\/wp-content\/uploads\/2013\/09\/Anzannes-Nr.II-1.W.K.-4750-deutsche-Rout-de-Manginnes-07.09.2-16-199x300.jpg 199w, http:\/\/www.denkfried.de\/wp\/wp-content\/uploads\/2013\/09\/Anzannes-Nr.II-1.W.K.-4750-deutsche-Rout-de-Manginnes-07.09.2-16.jpg 478w\" sizes=\"auto, (max-width: 199px) 100vw, 199px\" \/><\/a> <a href=\"http:\/\/www.denkfried.de\/wp\/wp-content\/uploads\/2013\/09\/Anzannes-Nr.II-1.W.K.-4750-deutsche-Rout-de-Manginnes-07.09.2-20.jpg\"><img loading=\"lazy\" decoding=\"async\" class=\"alignnone size-medium wp-image-32880\" alt=\"Anzannes Nr.II,-1.W.K. 4750 deutsche, Rout de Manginnes, 07.09.2 (20)\" src=\"http:\/\/www.denkfried.de\/wp\/wp-content\/uploads\/2013\/09\/Anzannes-Nr.II-1.W.K.-4750-deutsche-Rout-de-Manginnes-07.09.2-20-300x199.jpg\" width=\"300\" height=\"199\" srcset=\"http:\/\/www.denkfried.de\/wp\/wp-content\/uploads\/2013\/09\/Anzannes-Nr.II-1.W.K.-4750-deutsche-Rout-de-Manginnes-07.09.2-20-300x199.jpg 300w, http:\/\/www.denkfried.de\/wp\/wp-content\/uploads\/2013\/09\/Anzannes-Nr.II-1.W.K.-4750-deutsche-Rout-de-Manginnes-07.09.2-20.jpg 720w\" sizes=\"auto, (max-width: 300px) 100vw, 300px\" \/><\/a> <a href=\"http:\/\/www.denkfried.de\/wp\/wp-content\/uploads\/2013\/09\/Anzannes-Nr.II-1.W.K.-4750-deutsche-Rout-de-Manginnes-07.09.2-21.jpg\"><img loading=\"lazy\" decoding=\"async\" class=\"alignnone size-medium wp-image-32881\" alt=\"Anzannes Nr.II,-1.W.K. 4750 deutsche, Rout de Manginnes, 07.09.2 (21)\" src=\"http:\/\/www.denkfried.de\/wp\/wp-content\/uploads\/2013\/09\/Anzannes-Nr.II-1.W.K.-4750-deutsche-Rout-de-Manginnes-07.09.2-21-300x199.jpg\" width=\"300\" height=\"199\" srcset=\"http:\/\/www.denkfried.de\/wp\/wp-content\/uploads\/2013\/09\/Anzannes-Nr.II-1.W.K.-4750-deutsche-Rout-de-Manginnes-07.09.2-21-300x199.jpg 300w, http:\/\/www.denkfried.de\/wp\/wp-content\/uploads\/2013\/09\/Anzannes-Nr.II-1.W.K.-4750-deutsche-Rout-de-Manginnes-07.09.2-21.jpg 720w\" sizes=\"auto, (max-width: 300px) 100vw, 300px\" \/><\/a> <a href=\"http:\/\/www.denkfried.de\/wp\/wp-content\/uploads\/2013\/09\/Anzannes-Nr.II-1.W.K.-4750-deutsche-Rout-de-Manginnes-07.09.2-22.jpg\"><img loading=\"lazy\" decoding=\"async\" class=\"alignnone size-medium wp-image-32882\" alt=\"Anzannes Nr.II,-1.W.K. 4750 deutsche, Rout de Manginnes, 07.09.2 (22)\" src=\"http:\/\/www.denkfried.de\/wp\/wp-content\/uploads\/2013\/09\/Anzannes-Nr.II-1.W.K.-4750-deutsche-Rout-de-Manginnes-07.09.2-22-300x199.jpg\" width=\"300\" height=\"199\" srcset=\"http:\/\/www.denkfried.de\/wp\/wp-content\/uploads\/2013\/09\/Anzannes-Nr.II-1.W.K.-4750-deutsche-Rout-de-Manginnes-07.09.2-22-300x199.jpg 300w, http:\/\/www.denkfried.de\/wp\/wp-content\/uploads\/2013\/09\/Anzannes-Nr.II-1.W.K.-4750-deutsche-Rout-de-Manginnes-07.09.2-22.jpg 720w\" sizes=\"auto, (max-width: 300px) 100vw, 300px\" \/><\/a> <a href=\"http:\/\/www.denkfried.de\/wp\/wp-content\/uploads\/2013\/09\/Anzannes-Nr.II-1.W.K.-4750-deutsche-Rout-de-Manginnes-07.09.2-23.jpg\"><img loading=\"lazy\" decoding=\"async\" class=\"alignnone size-medium wp-image-32883\" alt=\"Anzannes Nr.II,-1.W.K. 4750 deutsche, Rout de Manginnes, 07.09.2 (23)\" src=\"http:\/\/www.denkfried.de\/wp\/wp-content\/uploads\/2013\/09\/Anzannes-Nr.II-1.W.K.-4750-deutsche-Rout-de-Manginnes-07.09.2-23-300x199.jpg\" width=\"300\" height=\"199\" srcset=\"http:\/\/www.denkfried.de\/wp\/wp-content\/uploads\/2013\/09\/Anzannes-Nr.II-1.W.K.-4750-deutsche-Rout-de-Manginnes-07.09.2-23-300x199.jpg 300w, http:\/\/www.denkfried.de\/wp\/wp-content\/uploads\/2013\/09\/Anzannes-Nr.II-1.W.K.-4750-deutsche-Rout-de-Manginnes-07.09.2-23.jpg 720w\" sizes=\"auto, (max-width: 300px) 100vw, 300px\" \/><\/a> <a href=\"http:\/\/www.denkfried.de\/wp\/wp-content\/uploads\/2013\/09\/Anzannes-Nr.II-1.W.K.-4750-deutsche-Rout-de-Manginnes-07.09.2-25.jpg\"><img loading=\"lazy\" decoding=\"async\" class=\"alignnone size-medium wp-image-32884\" alt=\"Anzannes Nr.II,-1.W.K. 4750 deutsche, Rout de Manginnes, 07.09.2 (25)\" src=\"http:\/\/www.denkfried.de\/wp\/wp-content\/uploads\/2013\/09\/Anzannes-Nr.II-1.W.K.-4750-deutsche-Rout-de-Manginnes-07.09.2-25-199x300.jpg\" width=\"199\" height=\"300\" srcset=\"http:\/\/www.denkfried.de\/wp\/wp-content\/uploads\/2013\/09\/Anzannes-Nr.II-1.W.K.-4750-deutsche-Rout-de-Manginnes-07.09.2-25-199x300.jpg 199w, http:\/\/www.denkfried.de\/wp\/wp-content\/uploads\/2013\/09\/Anzannes-Nr.II-1.W.K.-4750-deutsche-Rout-de-Manginnes-07.09.2-25.jpg 478w\" sizes=\"auto, (max-width: 199px) 100vw, 199px\" \/><\/a> <a href=\"http:\/\/www.denkfried.de\/wp\/wp-content\/uploads\/2013\/09\/Anzannes-Nr.II-1.W.K.-4750-deutsche-Rout-de-Manginnes-07.09.2-26.jpg\"><img loading=\"lazy\" decoding=\"async\" class=\"alignnone size-medium wp-image-32885\" alt=\"Anzannes Nr.II,-1.W.K. 4750 deutsche, Rout de Manginnes, 07.09.2 (26)\" src=\"http:\/\/www.denkfried.de\/wp\/wp-content\/uploads\/2013\/09\/Anzannes-Nr.II-1.W.K.-4750-deutsche-Rout-de-Manginnes-07.09.2-26-300x199.jpg\" width=\"300\" height=\"199\" srcset=\"http:\/\/www.denkfried.de\/wp\/wp-content\/uploads\/2013\/09\/Anzannes-Nr.II-1.W.K.-4750-deutsche-Rout-de-Manginnes-07.09.2-26-300x199.jpg 300w, http:\/\/www.denkfried.de\/wp\/wp-content\/uploads\/2013\/09\/Anzannes-Nr.II-1.W.K.-4750-deutsche-Rout-de-Manginnes-07.09.2-26.jpg 720w\" sizes=\"auto, (max-width: 300px) 100vw, 300px\" \/><\/a><\/p>\n","protected":false},"excerpt":{"rendered":"<p>&nbsp; 55150 Azannes II Ausserhalb des Ortes Azannes, der Region Lotringen Department Maas findet sich an der D 66 Route De Mangiennes das Gr\u00e4berfeld f\u00fcr die 4750 deutschen Gefallenen des 1.Weltkriegs. Bei Beginn der Schlacht um Verdun Anfang M\u00e4rz 1916 &hellip; <a href=\"http:\/\/www.denkfried.de\/wp\/?page_id=32869\">Weiterlesen <span class=\"meta-nav\">&rarr;<\/span><\/a><\/p>\n","protected":false},"author":7,"featured_media":0,"parent":8262,"menu_order":0,"comment_status":"closed","ping_status":"open","template":"","meta":{"footnotes":""},"class_list":["post-32869","page","type-page","status-publish","hentry"],"_links":{"self":[{"href":"http:\/\/www.denkfried.de\/wp\/index.php?rest_route=\/wp\/v2\/pages\/32869","targetHints":{"allow":["GET"]}}],"collection":[{"href":"http:\/\/www.denkfried.de\/wp\/index.php?rest_route=\/wp\/v2\/pages"}],"about":[{"href":"http:\/\/www.denkfried.de\/wp\/index.php?rest_route=\/wp\/v2\/types\/page"}],"author":[{"embeddable":true,"href":"http:\/\/www.denkfried.de\/wp\/index.php?rest_route=\/wp\/v2\/users\/7"}],"replies":[{"embeddable":true,"href":"http:\/\/www.denkfried.de\/wp\/index.php?rest_route=%2Fwp%2Fv2%2Fcomments&post=32869"}],"version-history":[{"count":1,"href":"http:\/\/www.denkfried.de\/wp\/index.php?rest_route=\/wp\/v2\/pages\/32869\/revisions"}],"predecessor-version":[{"id":32886,"href":"http:\/\/www.denkfried.de\/wp\/index.php?rest_route=\/wp\/v2\/pages\/32869\/revisions\/32886"}],"up":[{"embeddable":true,"href":"http:\/\/www.denkfried.de\/wp\/index.php?rest_route=\/wp\/v2\/pages\/8262"}],"wp:attachment":[{"href":"http:\/\/www.denkfried.de\/wp\/index.php?rest_route=%2Fwp%2Fv2%2Fmedia&parent=32869"}],"curies":[{"name":"wp","href":"https:\/\/api.w.org\/{rel}","templated":true}]}}