{"id":30281,"date":"2013-04-27T22:56:49","date_gmt":"2013-04-27T20:56:49","guid":{"rendered":"http:\/\/www.denkfried.de\/wp\/?page_id=30281"},"modified":"2013-04-27T22:56:49","modified_gmt":"2013-04-27T20:56:49","slug":"neukieritzsch-lobstadt","status":"publish","type":"page","link":"http:\/\/www.denkfried.de\/wp\/?page_id=30281","title":{"rendered":"Neukieritzsch-Lobst\u00e4dt"},"content":{"rendered":"<p><span style=\"text-decoration: underline;\">04575 Neukieritzsch &#8211; <strong>Lobst\u00e4dt<\/strong><\/span><\/p>\n<p>Lobst\u00e4dt wurde 1299 erstmals urkundlich erw\u00e4hnt. Die Umgebung von Neukieritzsch war in den 30iger Jahren vom Braunkohlenabbau gepr\u00e4gt. Das bedeutete das viele Orte einfach abgebaggert wurden. Lobst\u00e4dt wurde 2008 zu Neukieritzsch eingemeindet.<\/p>\n<p>Die Fotos zeigen das Kriegerdenkmal an der Kirche zu Lobst\u00e4dt.<\/p>\n<div id='gallery-1' class='gallery galleryid-30281 gallery-columns-2 gallery-size-thumbnail'><dl class='gallery-item'>\n\t\t\t<dt class='gallery-icon landscape'>\n\t\t\t\t<a href='http:\/\/www.denkfried.de\/wp\/?attachment_id=30284'><img loading=\"lazy\" decoding=\"async\" width=\"150\" height=\"150\" src=\"http:\/\/www.denkfried.de\/wp\/wp-content\/uploads\/2013\/04\/IMG_0135-150x150.jpg\" class=\"attachment-thumbnail size-thumbnail\" alt=\"\" \/><\/a>\n\t\t\t<\/dt><\/dl><dl class='gallery-item'>\n\t\t\t<dt class='gallery-icon landscape'>\n\t\t\t\t<a href='http:\/\/www.denkfried.de\/wp\/?attachment_id=30282'><img loading=\"lazy\" decoding=\"async\" width=\"150\" height=\"150\" src=\"http:\/\/www.denkfried.de\/wp\/wp-content\/uploads\/2013\/04\/IMG_0137-150x150.jpg\" class=\"attachment-thumbnail size-thumbnail\" alt=\"\" \/><\/a>\n\t\t\t<\/dt><\/dl><br style=\"clear: both\" \/><dl class='gallery-item'>\n\t\t\t<dt class='gallery-icon landscape'>\n\t\t\t\t<a href='http:\/\/www.denkfried.de\/wp\/?attachment_id=30283'><img loading=\"lazy\" decoding=\"async\" width=\"150\" height=\"150\" src=\"http:\/\/www.denkfried.de\/wp\/wp-content\/uploads\/2013\/04\/IMG_0138-150x150.jpg\" class=\"attachment-thumbnail size-thumbnail\" alt=\"\" \/><\/a>\n\t\t\t<\/dt><\/dl>\n\t\t\t<br style='clear: both' \/>\n\t\t<\/div>\n\n","protected":false},"excerpt":{"rendered":"<p>04575 Neukieritzsch &#8211; Lobst\u00e4dt Lobst\u00e4dt wurde 1299 erstmals urkundlich erw\u00e4hnt. Die Umgebung von Neukieritzsch war in den 30iger Jahren vom Braunkohlenabbau gepr\u00e4gt. Das bedeutete das viele Orte einfach abgebaggert wurden. Lobst\u00e4dt wurde 2008 zu Neukieritzsch eingemeindet. Die Fotos zeigen das &hellip; <a href=\"http:\/\/www.denkfried.de\/wp\/?page_id=30281\">Weiterlesen <span class=\"meta-nav\">&rarr;<\/span><\/a><\/p>\n","protected":false},"author":2,"featured_media":0,"parent":7413,"menu_order":0,"comment_status":"closed","ping_status":"open","template":"","meta":{"footnotes":""},"class_list":["post-30281","page","type-page","status-publish","hentry"],"_links":{"self":[{"href":"http:\/\/www.denkfried.de\/wp\/index.php?rest_route=\/wp\/v2\/pages\/30281","targetHints":{"allow":["GET"]}}],"collection":[{"href":"http:\/\/www.denkfried.de\/wp\/index.php?rest_route=\/wp\/v2\/pages"}],"about":[{"href":"http:\/\/www.denkfried.de\/wp\/index.php?rest_route=\/wp\/v2\/types\/page"}],"author":[{"embeddable":true,"href":"http:\/\/www.denkfried.de\/wp\/index.php?rest_route=\/wp\/v2\/users\/2"}],"replies":[{"embeddable":true,"href":"http:\/\/www.denkfried.de\/wp\/index.php?rest_route=%2Fwp%2Fv2%2Fcomments&post=30281"}],"version-history":[{"count":2,"href":"http:\/\/www.denkfried.de\/wp\/index.php?rest_route=\/wp\/v2\/pages\/30281\/revisions"}],"predecessor-version":[{"id":30287,"href":"http:\/\/www.denkfried.de\/wp\/index.php?rest_route=\/wp\/v2\/pages\/30281\/revisions\/30287"}],"up":[{"embeddable":true,"href":"http:\/\/www.denkfried.de\/wp\/index.php?rest_route=\/wp\/v2\/pages\/7413"}],"wp:attachment":[{"href":"http:\/\/www.denkfried.de\/wp\/index.php?rest_route=%2Fwp%2Fv2%2Fmedia&parent=30281"}],"curies":[{"name":"wp","href":"https:\/\/api.w.org\/{rel}","templated":true}]}}