{"id":28715,"date":"2012-12-25T16:57:42","date_gmt":"2012-12-25T15:57:42","guid":{"rendered":"http:\/\/www.denkfried.de\/wp\/?page_id=28715"},"modified":"2012-12-25T17:09:03","modified_gmt":"2012-12-25T16:09:03","slug":"donsbruggen","status":"publish","type":"page","link":"http:\/\/www.denkfried.de\/wp\/?page_id=28715","title":{"rendered":"Donsbr\u00fcggen"},"content":{"rendered":"<p>&nbsp;<\/p>\n<p><strong>Donsbr\u00fcggen<\/strong> ist ein Stadtteil von Kleve<\/p>\n<p>Beitrag von Thomas <a href=\"http:\/\/potsdamer-ehrenmale.de.tl\/Hauptseite.htm\">Potsdamer-Ehrenmale.de<\/a><\/p>\n<p>Kriegsgr\u00e4berst\u00e4tte in der Donsbr\u00fcgger Heide<\/p>\n<div id='gallery-1' class='gallery galleryid-28715 gallery-columns-3 gallery-size-thumbnail'><dl class='gallery-item'>\n\t\t\t<dt class='gallery-icon landscape'>\n\t\t\t\t<a href='http:\/\/www.denkfried.de\/wp\/?attachment_id=28722'><img loading=\"lazy\" decoding=\"async\" width=\"150\" height=\"150\" src=\"http:\/\/www.denkfried.de\/wp\/wp-content\/uploads\/2012\/12\/Donsbr\u00fcgger-heide-bei-Cleve-Kriegsgr\u00e4berst\u00e4tte-150x150.jpg\" class=\"attachment-thumbnail size-thumbnail\" alt=\"\" \/><\/a>\n\t\t\t<\/dt><\/dl><dl class='gallery-item'>\n\t\t\t<dt class='gallery-icon landscape'>\n\t\t\t\t<a href='http:\/\/www.denkfried.de\/wp\/?attachment_id=28723'><img loading=\"lazy\" decoding=\"async\" width=\"150\" height=\"150\" src=\"http:\/\/www.denkfried.de\/wp\/wp-content\/uploads\/2012\/12\/Donsbr\u00fcgger-heide-bei-Cleve-Kriegsgr\u00e4berst\u00e4tte-2-150x150.jpg\" class=\"attachment-thumbnail size-thumbnail\" alt=\"\" \/><\/a>\n\t\t\t<\/dt><\/dl>\n\t\t\t<br style='clear: both' \/>\n\t\t<\/div>\n\n<p>Auf dem Gel\u00e4nde der Kriegsgr\u00e4berst\u00e4tte Donsbr\u00fcgger Heide fanden \u00fcber 2.400 Tote des Zweiten Weltkrieges ihre letzte Ruhest\u00e4tte. Neben gefallenen deutschen Soldaten liegen in Donsbr\u00fcggen \u00fcber 400 zivile Opfer eines schweren Luftangriffs auf Kleve im Oktober 1944. Auch etwa 300 &#8222;Fremdarbeiter&#8220;, die w\u00e4hrend ihres Einsatzes in Kleve ums Leben kamen, sind an diesem Ort bestattet.<\/p>\n<p>Die deutschen Soldaten fielen fast alle in der Folge einer Offensive der Alliierten, die am 8.\u00a0Februar 1945 bei Kleve begonnen hatte. Absicht der hier k\u00e4mpfenden Briten und Kanadier war die Vereinigung mit den von S\u00fcden vorr\u00fcckenden amerikanischen Truppen. In einer Zangenbewegung sollte der Niederrhein eingenommen werden. N\u00e4chste Ziele waren die Rhein\u00fcberquerung und die Besetzung des Ruhrgebiets.<\/p>\n<p>Nach Ende der erbitterten K\u00e4mpfe blieben tausende von Gefallenen zur\u00fcck. W\u00e4hrend die Soldaten aus Gro\u00dfbritannien und dem Commonwealth zum gr\u00f6\u00dften Teil in der britischen Kriegsgr\u00e4berst\u00e4tte im Reichswald bestattet wurden, errichtete man ab dem Jahre 1948 f\u00fcr die deutschen Gefallenen die Kriegsgr\u00e4berst\u00e4tte in Kleve-Donsbr\u00fcggen.<\/p>\n<p>Textquelle: <a href=\"http:\/\/www.villamerlaender.de\/public\/Startseite_pag_20040204T132548437.aspx\">Ville Merl\u00e4nder e.V.<\/a><\/p>\n","protected":false},"excerpt":{"rendered":"<p>&nbsp; Donsbr\u00fcggen ist ein Stadtteil von Kleve Beitrag von Thomas Potsdamer-Ehrenmale.de Kriegsgr\u00e4berst\u00e4tte in der Donsbr\u00fcgger Heide Auf dem Gel\u00e4nde der Kriegsgr\u00e4berst\u00e4tte Donsbr\u00fcgger Heide fanden \u00fcber 2.400 Tote des Zweiten Weltkrieges ihre letzte Ruhest\u00e4tte. Neben gefallenen deutschen Soldaten liegen in Donsbr\u00fcggen &hellip; <a href=\"http:\/\/www.denkfried.de\/wp\/?page_id=28715\">Weiterlesen <span class=\"meta-nav\">&rarr;<\/span><\/a><\/p>\n","protected":false},"author":9,"featured_media":0,"parent":28708,"menu_order":0,"comment_status":"closed","ping_status":"open","template":"","meta":{"footnotes":""},"class_list":["post-28715","page","type-page","status-publish","hentry"],"_links":{"self":[{"href":"http:\/\/www.denkfried.de\/wp\/index.php?rest_route=\/wp\/v2\/pages\/28715","targetHints":{"allow":["GET"]}}],"collection":[{"href":"http:\/\/www.denkfried.de\/wp\/index.php?rest_route=\/wp\/v2\/pages"}],"about":[{"href":"http:\/\/www.denkfried.de\/wp\/index.php?rest_route=\/wp\/v2\/types\/page"}],"author":[{"embeddable":true,"href":"http:\/\/www.denkfried.de\/wp\/index.php?rest_route=\/wp\/v2\/users\/9"}],"replies":[{"embeddable":true,"href":"http:\/\/www.denkfried.de\/wp\/index.php?rest_route=%2Fwp%2Fv2%2Fcomments&post=28715"}],"version-history":[{"count":8,"href":"http:\/\/www.denkfried.de\/wp\/index.php?rest_route=\/wp\/v2\/pages\/28715\/revisions"}],"predecessor-version":[{"id":28724,"href":"http:\/\/www.denkfried.de\/wp\/index.php?rest_route=\/wp\/v2\/pages\/28715\/revisions\/28724"}],"up":[{"embeddable":true,"href":"http:\/\/www.denkfried.de\/wp\/index.php?rest_route=\/wp\/v2\/pages\/28708"}],"wp:attachment":[{"href":"http:\/\/www.denkfried.de\/wp\/index.php?rest_route=%2Fwp%2Fv2%2Fmedia&parent=28715"}],"curies":[{"name":"wp","href":"https:\/\/api.w.org\/{rel}","templated":true}]}}