{"id":25579,"date":"2012-09-25T17:48:57","date_gmt":"2012-09-25T15:48:57","guid":{"rendered":"http:\/\/www.denkfried.de\/wp\/?page_id=25579"},"modified":"2015-11-28T19:06:39","modified_gmt":"2015-11-28T18:06:39","slug":"friedenskirche","status":"publish","type":"page","link":"http:\/\/www.denkfried.de\/wp\/?page_id=25579","title":{"rendered":"Friedenskirche"},"content":{"rendered":"<p>&nbsp;<\/p>\n<p><span style=\"text-decoration: underline;\"><strong>Berlin-Niedersch\u00f6nhausen<\/strong><\/span> Friedenskirche,\u00a0Dietzgenstrasse 19<\/p>\n<p>Bericht und Bilder von Thomas\u00a0<a href=\"http:\/\/g-bb.jimdo.com\/\">Gefallenendenkm\u00e4ler Berlin\/Brandenburg<\/a><\/p>\n<div id='gallery-1' class='gallery galleryid-25579 gallery-columns-3 gallery-size-thumbnail'><dl class='gallery-item'>\n\t\t\t<dt class='gallery-icon landscape'>\n\t\t\t\t<a href='http:\/\/www.denkfried.de\/wp\/?attachment_id=30049'><img loading=\"lazy\" decoding=\"async\" width=\"150\" height=\"150\" src=\"http:\/\/www.denkfried.de\/wp\/wp-content\/uploads\/2012\/09\/Ehrenmal-Denkmal-Niedersch\u00f6nhausen-150x150.jpg\" class=\"attachment-thumbnail size-thumbnail\" alt=\"\" \/><\/a>\n\t\t\t<\/dt><\/dl><dl class='gallery-item'>\n\t\t\t<dt class='gallery-icon landscape'>\n\t\t\t\t<a href='http:\/\/www.denkfried.de\/wp\/?attachment_id=25832'><img loading=\"lazy\" decoding=\"async\" width=\"150\" height=\"150\" src=\"http:\/\/www.denkfried.de\/wp\/wp-content\/uploads\/2012\/09\/Denkmalreste-Niedersch\u00f6nhausen-150x150.jpg\" class=\"attachment-thumbnail size-thumbnail\" alt=\"\" \/><\/a>\n\t\t\t<\/dt><\/dl><dl class='gallery-item'>\n\t\t\t<dt class='gallery-icon landscape'>\n\t\t\t\t<a href='http:\/\/www.denkfried.de\/wp\/?attachment_id=25833'><img loading=\"lazy\" decoding=\"async\" width=\"150\" height=\"150\" src=\"http:\/\/www.denkfried.de\/wp\/wp-content\/uploads\/2012\/09\/Denkmalreste-Niedersch\u00f6nhausen-2-150x150.jpg\" class=\"attachment-thumbnail size-thumbnail\" alt=\"\" \/><\/a>\n\t\t\t<\/dt><\/dl><br style=\"clear: both\" \/><dl class='gallery-item'>\n\t\t\t<dt class='gallery-icon portrait'>\n\t\t\t\t<a href='http:\/\/www.denkfried.de\/wp\/?attachment_id=25834'><img loading=\"lazy\" decoding=\"async\" width=\"150\" height=\"150\" src=\"http:\/\/www.denkfried.de\/wp\/wp-content\/uploads\/2012\/09\/Niedersch\u00f6nhausen-Ehrentafel-1864-150x150.jpg\" class=\"attachment-thumbnail size-thumbnail\" alt=\"\" \/><\/a>\n\t\t\t<\/dt><\/dl><dl class='gallery-item'>\n\t\t\t<dt class='gallery-icon portrait'>\n\t\t\t\t<a href='http:\/\/www.denkfried.de\/wp\/?attachment_id=25835'><img loading=\"lazy\" decoding=\"async\" width=\"150\" height=\"150\" src=\"http:\/\/www.denkfried.de\/wp\/wp-content\/uploads\/2012\/09\/Niedersch\u00f6nhausen-Ehrentafel-1870-150x150.jpg\" class=\"attachment-thumbnail size-thumbnail\" alt=\"\" \/><\/a>\n\t\t\t<\/dt><\/dl>\n\t\t\t<br style='clear: both' \/>\n\t\t<\/div>\n\n<p><strong>Denkmal<\/strong><\/p>\n<p>Vor der Kirche wurde einst ein Denkmal f\u00fcr die Gefallenen Gemeindeglieder erschaffen. Das Denkmal wurde 1920 eingeweiht, es bestand aus drei aufgesetzten Teile. Heut ist nur noch der oberste Teil vorhandene, ein Kreuz ist dort zu erkennen. Darunter befand sich folgende Inschrift:<\/p>\n<address style=\"text-align: center;\"><em><strong>Den im Weltkrieg Gefallenen<\/strong><\/em><\/address>\n<address style=\"text-align: center;\"><em><strong>von Niedersch\u00f6nhausen\u00a0zum Ged\u00e4chtnis<\/strong><\/em><\/address>\n<address style=\"text-align: center;\"><em><strong>1914 &#8211; 1918<\/strong><\/em><\/address>\n<address style=\"text-align: center;\">\u00a0<\/address>\n<p><span style=\"text-decoration: underline;\"><strong>Gedenktafel <\/strong>im Altarvoraum<\/span><\/p>\n<p>Hier h\u00e4ngen Tafeln, eine f\u00fcr den Deutsch-D\u00e4nischen Krieg 1864 und eine f\u00fcr den Deutsch-Franz\u00f6sischen Krieg 1870-71. Einst gab es\u00a0parallel\u00a0zum Denkmal eine Tafel mit den Namen der Gefallenen des Ersten Weltkrieges. Diese gilt nun als verschollen. Wahrscheinlich zum Zweiten Weltkrieg entfernt worden.<\/p>\n<p>&nbsp;<\/p>\n<p>Informationen zum Denkmal von:\u00a0<a href=\"http:\/\/www.grosser-generalstab.de\/\">http:\/\/www.grosser-generalstab.de\/<\/a><\/p>\n","protected":false},"excerpt":{"rendered":"<p>&nbsp; Berlin-Niedersch\u00f6nhausen Friedenskirche,\u00a0Dietzgenstrasse 19 Bericht und Bilder von Thomas\u00a0Gefallenendenkm\u00e4ler Berlin\/Brandenburg Denkmal Vor der Kirche wurde einst ein Denkmal f\u00fcr die Gefallenen Gemeindeglieder erschaffen. Das Denkmal wurde 1920 eingeweiht, es bestand aus drei aufgesetzten Teile. Heut ist nur noch der oberste &hellip; <a href=\"http:\/\/www.denkfried.de\/wp\/?page_id=25579\">Weiterlesen <span class=\"meta-nav\">&rarr;<\/span><\/a><\/p>\n","protected":false},"author":9,"featured_media":0,"parent":23129,"menu_order":0,"comment_status":"closed","ping_status":"open","template":"","meta":{"footnotes":""},"class_list":["post-25579","page","type-page","status-publish","hentry"],"_links":{"self":[{"href":"http:\/\/www.denkfried.de\/wp\/index.php?rest_route=\/wp\/v2\/pages\/25579","targetHints":{"allow":["GET"]}}],"collection":[{"href":"http:\/\/www.denkfried.de\/wp\/index.php?rest_route=\/wp\/v2\/pages"}],"about":[{"href":"http:\/\/www.denkfried.de\/wp\/index.php?rest_route=\/wp\/v2\/types\/page"}],"author":[{"embeddable":true,"href":"http:\/\/www.denkfried.de\/wp\/index.php?rest_route=\/wp\/v2\/users\/9"}],"replies":[{"embeddable":true,"href":"http:\/\/www.denkfried.de\/wp\/index.php?rest_route=%2Fwp%2Fv2%2Fcomments&post=25579"}],"version-history":[{"count":16,"href":"http:\/\/www.denkfried.de\/wp\/index.php?rest_route=\/wp\/v2\/pages\/25579\/revisions"}],"predecessor-version":[{"id":39636,"href":"http:\/\/www.denkfried.de\/wp\/index.php?rest_route=\/wp\/v2\/pages\/25579\/revisions\/39636"}],"up":[{"embeddable":true,"href":"http:\/\/www.denkfried.de\/wp\/index.php?rest_route=\/wp\/v2\/pages\/23129"}],"wp:attachment":[{"href":"http:\/\/www.denkfried.de\/wp\/index.php?rest_route=%2Fwp%2Fv2%2Fmedia&parent=25579"}],"curies":[{"name":"wp","href":"https:\/\/api.w.org\/{rel}","templated":true}]}}