{"id":24222,"date":"2012-08-19T08:58:41","date_gmt":"2012-08-19T06:58:41","guid":{"rendered":"http:\/\/www.denkfried.de\/wp\/?page_id=24222"},"modified":"2012-08-20T11:18:30","modified_gmt":"2012-08-20T09:18:30","slug":"grosbeuthen","status":"publish","type":"page","link":"http:\/\/www.denkfried.de\/wp\/?page_id=24222","title":{"rendered":"Gro\u00dfbeuthen"},"content":{"rendered":"<p>&nbsp;<\/p>\n<p>Trebbin &#8211; <strong>OT\u00a0Gro\u00dfbeuthen<\/strong><\/p>\n<p>Bericht und Bilder von Thomas <a href=\"http:\/\/potsdamer-ehrenmale.de.tl\/Hauptseite.htm\">Potsdamer-Ehrenmale.de<\/a><\/p>\n<div id='gallery-1' class='gallery galleryid-24222 gallery-columns-4 gallery-size-thumbnail'><dl class='gallery-item'>\n\t\t\t<dt class='gallery-icon portrait'>\n\t\t\t\t<a href='http:\/\/www.denkfried.de\/wp\/?attachment_id=24225'><img loading=\"lazy\" decoding=\"async\" width=\"150\" height=\"150\" src=\"http:\/\/www.denkfried.de\/wp\/wp-content\/uploads\/2012\/08\/DSCF21091-150x150.jpg\" class=\"attachment-thumbnail size-thumbnail\" alt=\"\" \/><\/a>\n\t\t\t<\/dt><\/dl><dl class='gallery-item'>\n\t\t\t<dt class='gallery-icon portrait'>\n\t\t\t\t<a href='http:\/\/www.denkfried.de\/wp\/?attachment_id=24226'><img loading=\"lazy\" decoding=\"async\" width=\"150\" height=\"150\" src=\"http:\/\/www.denkfried.de\/wp\/wp-content\/uploads\/2012\/08\/DSCF2110-150x150.jpg\" class=\"attachment-thumbnail size-thumbnail\" alt=\"\" \/><\/a>\n\t\t\t<\/dt><\/dl><dl class='gallery-item'>\n\t\t\t<dt class='gallery-icon landscape'>\n\t\t\t\t<a href='http:\/\/www.denkfried.de\/wp\/?attachment_id=24227'><img loading=\"lazy\" decoding=\"async\" width=\"150\" height=\"150\" src=\"http:\/\/www.denkfried.de\/wp\/wp-content\/uploads\/2012\/08\/DSCF2112-150x150.jpg\" class=\"attachment-thumbnail size-thumbnail\" alt=\"\" \/><\/a>\n\t\t\t<\/dt><\/dl><dl class='gallery-item'>\n\t\t\t<dt class='gallery-icon portrait'>\n\t\t\t\t<a href='http:\/\/www.denkfried.de\/wp\/?attachment_id=24228'><img loading=\"lazy\" decoding=\"async\" width=\"150\" height=\"150\" src=\"http:\/\/www.denkfried.de\/wp\/wp-content\/uploads\/2012\/08\/DSCF2113-150x150.jpg\" class=\"attachment-thumbnail size-thumbnail\" alt=\"\" \/><\/a>\n\t\t\t<\/dt><\/dl><br style=\"clear: both\" \/>\n\t\t<\/div>\n\n<p><strong>1813-15<\/strong><\/p>\n<p>Eine Siegeseiche des Befreiungskrieges von 1813 befindet sich vor der Dorfkirche. Ein Gedenkstein wurde hier zur\u00a0Hundertjahrfeier\u00a0am 9. M\u00e4rz 1913 errichtet.<\/p>\n<p><strong>1914-18<\/strong><\/p>\n<p>Denkmal an der Dorfkirche in der Trebbiner Stra\u00dfe. Eine Gedenkstelle f\u00fcr 10 Gefallene des Ersten Weltkrieges. \u00dcber den namen ist ein Eisernes kreuz und es sind die Kriegsjahre 1914-1918 zu sehen. Darunter folgende Inschrift:<\/p>\n<p style=\"text-align: center;\"><em><strong>Getreu bis in den Tod<\/strong><\/em><\/p>\n<p style=\"text-align: center;\"><em><strong>F\u00fcr K\u00f6nig und Vaterland<\/strong><\/em><\/p>\n<p style=\"text-align: center;\">\n","protected":false},"excerpt":{"rendered":"<p>&nbsp; Trebbin &#8211; OT\u00a0Gro\u00dfbeuthen Bericht und Bilder von Thomas Potsdamer-Ehrenmale.de 1813-15 Eine Siegeseiche des Befreiungskrieges von 1813 befindet sich vor der Dorfkirche. Ein Gedenkstein wurde hier zur\u00a0Hundertjahrfeier\u00a0am 9. M\u00e4rz 1913 errichtet. 1914-18 Denkmal an der Dorfkirche in der Trebbiner Stra\u00dfe. &hellip; <a href=\"http:\/\/www.denkfried.de\/wp\/?page_id=24222\">Weiterlesen <span class=\"meta-nav\">&rarr;<\/span><\/a><\/p>\n","protected":false},"author":9,"featured_media":0,"parent":4782,"menu_order":0,"comment_status":"closed","ping_status":"open","template":"","meta":{"footnotes":""},"class_list":["post-24222","page","type-page","status-publish","hentry"],"_links":{"self":[{"href":"http:\/\/www.denkfried.de\/wp\/index.php?rest_route=\/wp\/v2\/pages\/24222","targetHints":{"allow":["GET"]}}],"collection":[{"href":"http:\/\/www.denkfried.de\/wp\/index.php?rest_route=\/wp\/v2\/pages"}],"about":[{"href":"http:\/\/www.denkfried.de\/wp\/index.php?rest_route=\/wp\/v2\/types\/page"}],"author":[{"embeddable":true,"href":"http:\/\/www.denkfried.de\/wp\/index.php?rest_route=\/wp\/v2\/users\/9"}],"replies":[{"embeddable":true,"href":"http:\/\/www.denkfried.de\/wp\/index.php?rest_route=%2Fwp%2Fv2%2Fcomments&post=24222"}],"version-history":[{"count":6,"href":"http:\/\/www.denkfried.de\/wp\/index.php?rest_route=\/wp\/v2\/pages\/24222\/revisions"}],"predecessor-version":[{"id":24224,"href":"http:\/\/www.denkfried.de\/wp\/index.php?rest_route=\/wp\/v2\/pages\/24222\/revisions\/24224"}],"up":[{"embeddable":true,"href":"http:\/\/www.denkfried.de\/wp\/index.php?rest_route=\/wp\/v2\/pages\/4782"}],"wp:attachment":[{"href":"http:\/\/www.denkfried.de\/wp\/index.php?rest_route=%2Fwp%2Fv2%2Fmedia&parent=24222"}],"curies":[{"name":"wp","href":"https:\/\/api.w.org\/{rel}","templated":true}]}}