{"id":22432,"date":"2012-05-16T18:35:13","date_gmt":"2012-05-16T16:35:13","guid":{"rendered":"http:\/\/www.denkfried.de\/wp\/?page_id=22432"},"modified":"2012-05-16T18:56:11","modified_gmt":"2012-05-16T16:56:11","slug":"thumhausen","status":"publish","type":"page","link":"http:\/\/www.denkfried.de\/wp\/?page_id=22432","title":{"rendered":"Thumhausen"},"content":{"rendered":"<p>&nbsp;<\/p>\n<p><strong>93152 Nittendorf-Thumhausen<\/strong><\/p>\n<p>&nbsp;<\/p>\n<p>Gedenkst\u00e4tte in der Dorfmitte. In der Mitte der Gedenkst\u00e4tte eine gro\u00dfe Halbs\u00e4ule, auf der Vorderseite ein Kreuz als Halbrelief. Am Stein eingemei\u00dfelt die Namen der Gefallenen.<\/p>\n<p>Die Inschrift lautet:<\/p>\n<p><em><strong>&#8222;Den Lebenden zur Mahnung, den Toten zur Ehre&#8220;<\/strong><\/em><\/p>\n<p>Text: Hubert<div id='gallery-1' class='gallery galleryid-22432 gallery-columns-4 gallery-size-thumbnail'><dl class='gallery-item'>\n\t\t\t<dt class='gallery-icon landscape'>\n\t\t\t\t<a href='http:\/\/www.denkfried.de\/wp\/?attachment_id=22438'><img loading=\"lazy\" decoding=\"async\" width=\"150\" height=\"150\" src=\"http:\/\/www.denkfried.de\/wp\/wp-content\/uploads\/2012\/05\/KDM-Thumhausen-00-150x150.jpg\" class=\"attachment-thumbnail size-thumbnail\" alt=\"\" aria-describedby=\"gallery-1-22438\" \/><\/a>\n\t\t\t<\/dt>\n\t\t\t\t<dd class='wp-caption-text gallery-caption' id='gallery-1-22438'>\n\t\t\t\tAnsicht Kriegerdenkmal\n\t\t\t\t<\/dd><\/dl><dl class='gallery-item'>\n\t\t\t<dt class='gallery-icon portrait'>\n\t\t\t\t<a href='http:\/\/www.denkfried.de\/wp\/?attachment_id=22439'><img loading=\"lazy\" decoding=\"async\" width=\"150\" height=\"150\" src=\"http:\/\/www.denkfried.de\/wp\/wp-content\/uploads\/2012\/05\/KDM-Thumhausen-01-150x150.jpg\" class=\"attachment-thumbnail size-thumbnail\" alt=\"\" aria-describedby=\"gallery-1-22439\" \/><\/a>\n\t\t\t<\/dt>\n\t\t\t\t<dd class='wp-caption-text gallery-caption' id='gallery-1-22439'>\n\t\t\t\tAnsicht Halbrelief\n\t\t\t\t<\/dd><\/dl><dl class='gallery-item'>\n\t\t\t<dt class='gallery-icon portrait'>\n\t\t\t\t<a href='http:\/\/www.denkfried.de\/wp\/?attachment_id=22440'><img loading=\"lazy\" decoding=\"async\" width=\"150\" height=\"150\" src=\"http:\/\/www.denkfried.de\/wp\/wp-content\/uploads\/2012\/05\/KDM-Thumhausen-02-150x150.jpg\" class=\"attachment-thumbnail size-thumbnail\" alt=\"\" aria-describedby=\"gallery-1-22440\" \/><\/a>\n\t\t\t<\/dt>\n\t\t\t\t<dd class='wp-caption-text gallery-caption' id='gallery-1-22440'>\n\t\t\t\tNamen Gefallene\n\t\t\t\t<\/dd><\/dl><dl class='gallery-item'>\n\t\t\t<dt class='gallery-icon portrait'>\n\t\t\t\t<a href='http:\/\/www.denkfried.de\/wp\/?attachment_id=22441'><img loading=\"lazy\" decoding=\"async\" width=\"150\" height=\"150\" src=\"http:\/\/www.denkfried.de\/wp\/wp-content\/uploads\/2012\/05\/KDM-Thumhausen-03-150x150.jpg\" class=\"attachment-thumbnail size-thumbnail\" alt=\"\" aria-describedby=\"gallery-1-22441\" \/><\/a>\n\t\t\t<\/dt>\n\t\t\t\t<dd class='wp-caption-text gallery-caption' id='gallery-1-22441'>\n\t\t\t\tNamen Gefallene\n\t\t\t\t<\/dd><\/dl><br style=\"clear: both\" \/>\n\t\t<\/div>\n<\/p>\n","protected":false},"excerpt":{"rendered":"<p>&nbsp; 93152 Nittendorf-Thumhausen &nbsp; Gedenkst\u00e4tte in der Dorfmitte. In der Mitte der Gedenkst\u00e4tte eine gro\u00dfe Halbs\u00e4ule, auf der Vorderseite ein Kreuz als Halbrelief. Am Stein eingemei\u00dfelt die Namen der Gefallenen. Die Inschrift lautet: &#8222;Den Lebenden zur Mahnung, den Toten zur &hellip; <a href=\"http:\/\/www.denkfried.de\/wp\/?page_id=22432\">Weiterlesen <span class=\"meta-nav\">&rarr;<\/span><\/a><\/p>\n","protected":false},"author":7,"featured_media":0,"parent":19363,"menu_order":0,"comment_status":"closed","ping_status":"open","template":"","meta":{"footnotes":""},"class_list":["post-22432","page","type-page","status-publish","hentry"],"_links":{"self":[{"href":"http:\/\/www.denkfried.de\/wp\/index.php?rest_route=\/wp\/v2\/pages\/22432","targetHints":{"allow":["GET"]}}],"collection":[{"href":"http:\/\/www.denkfried.de\/wp\/index.php?rest_route=\/wp\/v2\/pages"}],"about":[{"href":"http:\/\/www.denkfried.de\/wp\/index.php?rest_route=\/wp\/v2\/types\/page"}],"author":[{"embeddable":true,"href":"http:\/\/www.denkfried.de\/wp\/index.php?rest_route=\/wp\/v2\/users\/7"}],"replies":[{"embeddable":true,"href":"http:\/\/www.denkfried.de\/wp\/index.php?rest_route=%2Fwp%2Fv2%2Fcomments&post=22432"}],"version-history":[{"count":3,"href":"http:\/\/www.denkfried.de\/wp\/index.php?rest_route=\/wp\/v2\/pages\/22432\/revisions"}],"predecessor-version":[{"id":22442,"href":"http:\/\/www.denkfried.de\/wp\/index.php?rest_route=\/wp\/v2\/pages\/22432\/revisions\/22442"}],"up":[{"embeddable":true,"href":"http:\/\/www.denkfried.de\/wp\/index.php?rest_route=\/wp\/v2\/pages\/19363"}],"wp:attachment":[{"href":"http:\/\/www.denkfried.de\/wp\/index.php?rest_route=%2Fwp%2Fv2%2Fmedia&parent=22432"}],"curies":[{"name":"wp","href":"https:\/\/api.w.org\/{rel}","templated":true}]}}