{"id":19397,"date":"2012-03-20T23:58:54","date_gmt":"2012-03-20T22:58:54","guid":{"rendered":"http:\/\/www.denkfried.de\/wp\/?page_id=19397"},"modified":"2012-03-20T23:58:54","modified_gmt":"2012-03-20T22:58:54","slug":"schonhofen","status":"publish","type":"page","link":"http:\/\/www.denkfried.de\/wp\/?page_id=19397","title":{"rendered":"Sch\u00f6nhofen"},"content":{"rendered":"<p>&nbsp;<\/p>\n<p><span style=\"text-decoration: underline;\"><strong>93152 Nittendorf-Sch\u00f6nhofen<\/strong><\/span><\/p>\n<p>Gedenkst\u00e4tte in der Dorfmitte an der Stra\u00dfe nach Nittendorf. Eine dreiteilige Steintafel mit der Aufschrift:<\/p>\n<p>&#8222;Unseren Gefallenen und Vermi\u00dften&#8220;.<\/p>\n<p>Text: Hubert<div id='gallery-1' class='gallery galleryid-19397 gallery-columns-2 gallery-size-thumbnail'><dl class='gallery-item'>\n\t\t\t<dt class='gallery-icon landscape'>\n\t\t\t\t<a href='http:\/\/www.denkfried.de\/wp\/?attachment_id=19398'><img loading=\"lazy\" decoding=\"async\" width=\"150\" height=\"150\" src=\"http:\/\/www.denkfried.de\/wp\/wp-content\/uploads\/2012\/03\/KDM-Sch\u00f6nhofen-01-150x150.jpg\" class=\"attachment-thumbnail size-thumbnail\" alt=\"\" \/><\/a>\n\t\t\t<\/dt><\/dl><dl class='gallery-item'>\n\t\t\t<dt class='gallery-icon landscape'>\n\t\t\t\t<a href='http:\/\/www.denkfried.de\/wp\/?attachment_id=19399'><img loading=\"lazy\" decoding=\"async\" width=\"150\" height=\"150\" src=\"http:\/\/www.denkfried.de\/wp\/wp-content\/uploads\/2012\/03\/KDM-Sch\u00f6nhofen-02-150x150.jpg\" class=\"attachment-thumbnail size-thumbnail\" alt=\"\" \/><\/a>\n\t\t\t<\/dt><\/dl><br style=\"clear: both\" \/>\n\t\t<\/div>\n<\/p>\n","protected":false},"excerpt":{"rendered":"<p>&nbsp; 93152 Nittendorf-Sch\u00f6nhofen Gedenkst\u00e4tte in der Dorfmitte an der Stra\u00dfe nach Nittendorf. Eine dreiteilige Steintafel mit der Aufschrift: &#8222;Unseren Gefallenen und Vermi\u00dften&#8220;. Text: Hubert<\/p>\n","protected":false},"author":7,"featured_media":0,"parent":19363,"menu_order":0,"comment_status":"closed","ping_status":"open","template":"","meta":{"footnotes":""},"class_list":["post-19397","page","type-page","status-publish","hentry"],"_links":{"self":[{"href":"http:\/\/www.denkfried.de\/wp\/index.php?rest_route=\/wp\/v2\/pages\/19397","targetHints":{"allow":["GET"]}}],"collection":[{"href":"http:\/\/www.denkfried.de\/wp\/index.php?rest_route=\/wp\/v2\/pages"}],"about":[{"href":"http:\/\/www.denkfried.de\/wp\/index.php?rest_route=\/wp\/v2\/types\/page"}],"author":[{"embeddable":true,"href":"http:\/\/www.denkfried.de\/wp\/index.php?rest_route=\/wp\/v2\/users\/7"}],"replies":[{"embeddable":true,"href":"http:\/\/www.denkfried.de\/wp\/index.php?rest_route=%2Fwp%2Fv2%2Fcomments&post=19397"}],"version-history":[{"count":1,"href":"http:\/\/www.denkfried.de\/wp\/index.php?rest_route=\/wp\/v2\/pages\/19397\/revisions"}],"predecessor-version":[{"id":19400,"href":"http:\/\/www.denkfried.de\/wp\/index.php?rest_route=\/wp\/v2\/pages\/19397\/revisions\/19400"}],"up":[{"embeddable":true,"href":"http:\/\/www.denkfried.de\/wp\/index.php?rest_route=\/wp\/v2\/pages\/19363"}],"wp:attachment":[{"href":"http:\/\/www.denkfried.de\/wp\/index.php?rest_route=%2Fwp%2Fv2%2Fmedia&parent=19397"}],"curies":[{"name":"wp","href":"https:\/\/api.w.org\/{rel}","templated":true}]}}