{"id":16667,"date":"2011-12-27T15:20:26","date_gmt":"2011-12-27T14:20:26","guid":{"rendered":"http:\/\/www.denkfried.de\/wp\/?page_id=16667"},"modified":"2011-12-27T15:47:32","modified_gmt":"2011-12-27T14:47:32","slug":"militarwaisenhaus","status":"publish","type":"page","link":"http:\/\/www.denkfried.de\/wp\/?page_id=16667","title":{"rendered":"Milit\u00e4rwaisenhaus"},"content":{"rendered":"<p>&nbsp;<\/p>\n<p>Ehemaliges Milit\u00e4rwaisenhaus, Lindenstra\u00dfe 34<\/p>\n<p>Bericht und Bilder von Thomas <a href=\"http:\/\/potsdamer-ehrenmale.de.tl\/Hauptseite.htm\">Potsdamer-Ehrenmale.de<\/a><\/p>\n<div id='gallery-1' class='gallery galleryid-16667 gallery-columns-4 gallery-size-thumbnail'><dl class='gallery-item'>\n\t\t\t<dt class='gallery-icon landscape'>\n\t\t\t\t<a href='http:\/\/www.denkfried.de\/wp\/?attachment_id=16672'><img loading=\"lazy\" decoding=\"async\" width=\"150\" height=\"150\" src=\"http:\/\/www.denkfried.de\/wp\/wp-content\/uploads\/2011\/12\/DSCF1208-150x150.jpg\" class=\"attachment-thumbnail size-thumbnail\" alt=\"\" \/><\/a>\n\t\t\t<\/dt><\/dl><dl class='gallery-item'>\n\t\t\t<dt class='gallery-icon landscape'>\n\t\t\t\t<a href='http:\/\/www.denkfried.de\/wp\/?attachment_id=16673'><img loading=\"lazy\" decoding=\"async\" width=\"150\" height=\"150\" src=\"http:\/\/www.denkfried.de\/wp\/wp-content\/uploads\/2011\/12\/Gedenkstein-150x150.jpg\" class=\"attachment-thumbnail size-thumbnail\" alt=\"\" \/><\/a>\n\t\t\t<\/dt><\/dl>\n\t\t\t<br style='clear: both' \/>\n\t\t<\/div>\n\n<p><strong>Gedenkstein 1914-1918<\/strong><\/p>\n<p>Auf dem Gel\u00e4nde der Milit\u00e4rschule (an der Lindenstra\u00dfe) wurde am 29. Juni 1924 ein Gedenkstein (20 Zentner schwer) enth\u00fcllt: Ein eingemei\u00dfeltes Kreuz sowie die Jahreszahlen 1914 &#8211; 1918 und die Inschrift <em><strong>&#8222;Den Gefallenen zum Ged\u00e4chtnis&#8220;<\/strong><\/em> sind darauf zu sehen. Der Stein verschwindet nach 1945. Ein Bild von der Einweihung, konnte beim Bundesarchiv gefunden werden.<\/p>\n<p><strong>Gedenktafel 1813<\/strong><\/p>\n<p>Eine Gedenktafel wurde neben dem Eingang angebracht.<\/p>\n<address>Die Patriotin des Befreiungskampfes 1813\u00a0Freiwilliger J\u00e4ger im L\u00fctzowschen Freikorps\u00a0unter dem Namen August Renz,<\/address>\n<address>\u00a0<\/address>\n<address>Maria Christiana Eleonore Prochaska\u00a0*\u00a011.03.1785 \u2020\u00a005.10.1813<\/address>\n<address>\u00a0<\/address>\n<address>befand sich mit ihren Geschwistern w\u00e4hrend der Teilnahme ihres Vaters an den Feldz\u00fcgen Preu\u00dfens gegen das revolution\u00e4re Frankreich von 1794 bis 1797 in der Obhut des Gro\u00dfen Potsdamer Milit\u00e4rwaisenhauses und wurde hier betreut, unterrichtet und erzogen.<\/address>\n<address>\u00a0<\/address>\n<address>Ehemalige des Gro\u00dfen Milit\u00e4r-Waisenhauses Potsdam<\/address>\n<address>AGAPHI 1993<\/address>\n<p>&nbsp;<\/p>\n<p>&nbsp;<\/p>\n","protected":false},"excerpt":{"rendered":"<p>&nbsp; Ehemaliges Milit\u00e4rwaisenhaus, Lindenstra\u00dfe 34 Bericht und Bilder von Thomas Potsdamer-Ehrenmale.de Gedenkstein 1914-1918 Auf dem Gel\u00e4nde der Milit\u00e4rschule (an der Lindenstra\u00dfe) wurde am 29. Juni 1924 ein Gedenkstein (20 Zentner schwer) enth\u00fcllt: Ein eingemei\u00dfeltes Kreuz sowie die Jahreszahlen 1914 &#8211; &hellip; <a href=\"http:\/\/www.denkfried.de\/wp\/?page_id=16667\">Weiterlesen <span class=\"meta-nav\">&rarr;<\/span><\/a><\/p>\n","protected":false},"author":9,"featured_media":0,"parent":16534,"menu_order":0,"comment_status":"closed","ping_status":"open","template":"","meta":{"footnotes":""},"class_list":["post-16667","page","type-page","status-publish","hentry"],"_links":{"self":[{"href":"http:\/\/www.denkfried.de\/wp\/index.php?rest_route=\/wp\/v2\/pages\/16667","targetHints":{"allow":["GET"]}}],"collection":[{"href":"http:\/\/www.denkfried.de\/wp\/index.php?rest_route=\/wp\/v2\/pages"}],"about":[{"href":"http:\/\/www.denkfried.de\/wp\/index.php?rest_route=\/wp\/v2\/types\/page"}],"author":[{"embeddable":true,"href":"http:\/\/www.denkfried.de\/wp\/index.php?rest_route=\/wp\/v2\/users\/9"}],"replies":[{"embeddable":true,"href":"http:\/\/www.denkfried.de\/wp\/index.php?rest_route=%2Fwp%2Fv2%2Fcomments&post=16667"}],"version-history":[{"count":7,"href":"http:\/\/www.denkfried.de\/wp\/index.php?rest_route=\/wp\/v2\/pages\/16667\/revisions"}],"predecessor-version":[{"id":16677,"href":"http:\/\/www.denkfried.de\/wp\/index.php?rest_route=\/wp\/v2\/pages\/16667\/revisions\/16677"}],"up":[{"embeddable":true,"href":"http:\/\/www.denkfried.de\/wp\/index.php?rest_route=\/wp\/v2\/pages\/16534"}],"wp:attachment":[{"href":"http:\/\/www.denkfried.de\/wp\/index.php?rest_route=%2Fwp%2Fv2%2Fmedia&parent=16667"}],"curies":[{"name":"wp","href":"https:\/\/api.w.org\/{rel}","templated":true}]}}