{"id":15412,"date":"2011-11-19T18:49:26","date_gmt":"2011-11-19T17:49:26","guid":{"rendered":"http:\/\/www.denkfried.de\/wp\/?page_id=15412"},"modified":"2016-03-24T15:31:20","modified_gmt":"2016-03-24T14:31:20","slug":"frankfurto-vertriebenendenkmal","status":"publish","type":"page","link":"http:\/\/www.denkfried.de\/wp\/?page_id=15412","title":{"rendered":"&#8211; Frankf. Denkm\u00e4ler"},"content":{"rendered":"<p>&nbsp;<\/p>\n<p><strong>Frankfurt \/ Oder<\/strong><\/p>\n<p>Bericht und Bilder von Thomas\u00a0<a href=\"http:\/\/g-bb.jimdo.com\/\">Gefallenendenkm\u00e4ler Berlin\/Brandenburg<\/a><\/p>\n<div id='gallery-1' class='gallery galleryid-15412 gallery-columns-3 gallery-size-thumbnail'><dl class='gallery-item'>\n\t\t\t<dt class='gallery-icon portrait'>\n\t\t\t\t<a href='http:\/\/www.denkfried.de\/wp\/?attachment_id=15626'><img loading=\"lazy\" decoding=\"async\" width=\"150\" height=\"150\" src=\"http:\/\/www.denkfried.de\/wp\/wp-content\/uploads\/2011\/11\/DSCF1342-150x150.jpg\" class=\"attachment-thumbnail size-thumbnail\" alt=\"\" \/><\/a>\n\t\t\t<\/dt><\/dl><dl class='gallery-item'>\n\t\t\t<dt class='gallery-icon portrait'>\n\t\t\t\t<a href='http:\/\/www.denkfried.de\/wp\/?attachment_id=15628'><img loading=\"lazy\" decoding=\"async\" width=\"150\" height=\"150\" src=\"http:\/\/www.denkfried.de\/wp\/wp-content\/uploads\/2011\/11\/DSCF1346-150x150.jpg\" class=\"attachment-thumbnail size-thumbnail\" alt=\"\" \/><\/a>\n\t\t\t<\/dt><\/dl><dl class='gallery-item'>\n\t\t\t<dt class='gallery-icon portrait'>\n\t\t\t\t<a href='http:\/\/www.denkfried.de\/wp\/?attachment_id=15627'><img loading=\"lazy\" decoding=\"async\" width=\"150\" height=\"150\" src=\"http:\/\/www.denkfried.de\/wp\/wp-content\/uploads\/2011\/11\/DSCF1345-150x150.jpg\" class=\"attachment-thumbnail size-thumbnail\" alt=\"\" \/><\/a>\n\t\t\t<\/dt><\/dl><br style=\"clear: both\" \/><dl class='gallery-item'>\n\t\t\t<dt class='gallery-icon landscape'>\n\t\t\t\t<a href='http:\/\/www.denkfried.de\/wp\/?attachment_id=15639'><img loading=\"lazy\" decoding=\"async\" width=\"150\" height=\"150\" src=\"http:\/\/www.denkfried.de\/wp\/wp-content\/uploads\/2011\/11\/DSCF1356-150x150.jpg\" class=\"attachment-thumbnail size-thumbnail\" alt=\"\" \/><\/a>\n\t\t\t<\/dt><\/dl><dl class='gallery-item'>\n\t\t\t<dt class='gallery-icon portrait'>\n\t\t\t\t<a href='http:\/\/www.denkfried.de\/wp\/?attachment_id=15638'><img loading=\"lazy\" decoding=\"async\" width=\"150\" height=\"150\" src=\"http:\/\/www.denkfried.de\/wp\/wp-content\/uploads\/2011\/11\/DSCF1355-150x150.jpg\" class=\"attachment-thumbnail size-thumbnail\" alt=\"\" \/><\/a>\n\t\t\t<\/dt><\/dl><dl class='gallery-item'>\n\t\t\t<dt class='gallery-icon landscape'>\n\t\t\t\t<a href='http:\/\/www.denkfried.de\/wp\/?attachment_id=15640'><img loading=\"lazy\" decoding=\"async\" width=\"150\" height=\"150\" src=\"http:\/\/www.denkfried.de\/wp\/wp-content\/uploads\/2011\/11\/DSCF1357-150x150.jpg\" class=\"attachment-thumbnail size-thumbnail\" alt=\"\" \/><\/a>\n\t\t\t<\/dt><\/dl><br style=\"clear: both\" \/>\n\t\t<\/div>\n\n<p><em><strong>Heimkehrerehrenmal<\/strong>, <em>Nuhnenstra\u00dfe 40<\/em><\/em><\/p>\n<p><em>Unser Mahnmal f\u00fcr den Frieden<\/em>\u00a0ist das Mahnmal der Heimkehrer, die durch das\u00a0Heimkehrerlager Gronenfelde\u00a0aus der Kriegsgefangenschaft zur\u00fcck nach Deutschland kamen. Als weitere Inschrift ist zu lesen:\u00a0<em>Wir Heimkehrer mahnen! \u2013 V\u00f6lker entsagt dem Hass \u2013 Vers\u00f6hnt euch! Dient dem Frieden in Freiheit \u2013 Baut Br\u00fccken \u2026<\/em>\u00a0Errichtet wurde das Denkmal 1998 vom\u00a0<em>Verband der Heimkehrer, Kriegsgefangenen und Vermisstenangeh\u00f6rigen Deutschlands e.V.<\/em>\u00a0auf Initiative des<em>VDH \u2013 Landesverband Brandenburg<\/em>. Die Idee zum Werk stammte von\u00a0<em>Christian Roehl<\/em>\u00a0und\u00a0<em>Martin Garschke<\/em>, Entwurf und Ausf\u00fchrung lag bei Roehl.<span style=\"font-size: xx-small;\">\u00a0<\/span>Zu finden ist das Mahnmal vor der ehemaligen\u00a0<em>Hornkaserne<\/em>, dem heutigen Polizeipr\u00e4sidium.<\/p>\n<p><strong>Denkmal Tr\u00fcmmerfrau<\/strong>, Heilbronner Stra\u00dfe<\/p>\n<p>Als\u00a0Tr\u00fcmmerfrauen\u00a0werden die\u00a0Frauen\u00a0bezeichnet, die nach dem\u00a0Zweiten Weltkrieg\u00a0die deutschen und \u00f6sterreichischen St\u00e4dte von den Tr\u00fcmmern der zerbombten Geb\u00e4ude befreiten. Sie schufen damit die Grundvoraussetzung f\u00fcr den Fortbestand der Innenst\u00e4dte.<\/p>\n<p>Am Lichtspieltheater der Jugend steht eine am 1. Mai 1955 eingeweihte lebensgro\u00dfe Skulptur einer Tr\u00fcmmerfrau des Bildhauers Edmund Neutert.<\/p>\n","protected":false},"excerpt":{"rendered":"<p>&nbsp; Frankfurt \/ Oder Bericht und Bilder von Thomas\u00a0Gefallenendenkm\u00e4ler Berlin\/Brandenburg Heimkehrerehrenmal, Nuhnenstra\u00dfe 40 Unser Mahnmal f\u00fcr den Frieden\u00a0ist das Mahnmal der Heimkehrer, die durch das\u00a0Heimkehrerlager Gronenfelde\u00a0aus der Kriegsgefangenschaft zur\u00fcck nach Deutschland kamen. Als weitere Inschrift ist zu lesen:\u00a0Wir Heimkehrer mahnen! &hellip; <a href=\"http:\/\/www.denkfried.de\/wp\/?page_id=15412\">Weiterlesen <span class=\"meta-nav\">&rarr;<\/span><\/a><\/p>\n","protected":false},"author":9,"featured_media":0,"parent":4655,"menu_order":0,"comment_status":"closed","ping_status":"open","template":"","meta":{"footnotes":""},"class_list":["post-15412","page","type-page","status-publish","hentry"],"_links":{"self":[{"href":"http:\/\/www.denkfried.de\/wp\/index.php?rest_route=\/wp\/v2\/pages\/15412","targetHints":{"allow":["GET"]}}],"collection":[{"href":"http:\/\/www.denkfried.de\/wp\/index.php?rest_route=\/wp\/v2\/pages"}],"about":[{"href":"http:\/\/www.denkfried.de\/wp\/index.php?rest_route=\/wp\/v2\/types\/page"}],"author":[{"embeddable":true,"href":"http:\/\/www.denkfried.de\/wp\/index.php?rest_route=\/wp\/v2\/users\/9"}],"replies":[{"embeddable":true,"href":"http:\/\/www.denkfried.de\/wp\/index.php?rest_route=%2Fwp%2Fv2%2Fcomments&post=15412"}],"version-history":[{"count":13,"href":"http:\/\/www.denkfried.de\/wp\/index.php?rest_route=\/wp\/v2\/pages\/15412\/revisions"}],"predecessor-version":[{"id":40671,"href":"http:\/\/www.denkfried.de\/wp\/index.php?rest_route=\/wp\/v2\/pages\/15412\/revisions\/40671"}],"up":[{"embeddable":true,"href":"http:\/\/www.denkfried.de\/wp\/index.php?rest_route=\/wp\/v2\/pages\/4655"}],"wp:attachment":[{"href":"http:\/\/www.denkfried.de\/wp\/index.php?rest_route=%2Fwp%2Fv2%2Fmedia&parent=15412"}],"curies":[{"name":"wp","href":"https:\/\/api.w.org\/{rel}","templated":true}]}}