{"id":15059,"date":"2011-11-10T22:58:18","date_gmt":"2011-11-10T21:58:18","guid":{"rendered":"http:\/\/www.denkfried.de\/wp\/?page_id=15059"},"modified":"2015-07-25T10:41:55","modified_gmt":"2015-07-25T08:41:55","slug":"charlottenburg-gedenktafeln","status":"publish","type":"page","link":"http:\/\/www.denkfried.de\/wp\/?page_id=15059","title":{"rendered":"&#8211; Gedenktafeln"},"content":{"rendered":"<p>&nbsp;<\/p>\n<p><span style=\"text-decoration: underline;\"><strong>Berlin-Charlottenburg<\/strong><\/span><strong> &#8211; <\/strong><strong>Gedenktafeln<\/strong><\/p>\n<p>Bericht und Bilder von Thomas\u00a0<a href=\"http:\/\/g-bb.jimdo.com\/\">Gefallenendenkm\u00e4ler Berlin\/Brandenburg<\/a><\/p>\n<div id='gallery-1' class='gallery galleryid-15059 gallery-columns-4 gallery-size-thumbnail'><dl class='gallery-item'>\n\t\t\t<dt class='gallery-icon portrait'>\n\t\t\t\t<a href='http:\/\/www.denkfried.de\/wp\/?attachment_id=15063'><img loading=\"lazy\" decoding=\"async\" width=\"150\" height=\"150\" src=\"http:\/\/www.denkfried.de\/wp\/wp-content\/uploads\/2011\/11\/Tefel-rechts-150x150.jpg\" class=\"attachment-thumbnail size-thumbnail\" alt=\"\" aria-describedby=\"gallery-1-15063\" \/><\/a>\n\t\t\t<\/dt>\n\t\t\t\t<dd class='wp-caption-text gallery-caption' id='gallery-1-15063'>\n\t\t\t\tAmtsgericht\n\t\t\t\t<\/dd><\/dl><dl class='gallery-item'>\n\t\t\t<dt class='gallery-icon portrait'>\n\t\t\t\t<a href='http:\/\/www.denkfried.de\/wp\/?attachment_id=15062'><img loading=\"lazy\" decoding=\"async\" width=\"150\" height=\"150\" src=\"http:\/\/www.denkfried.de\/wp\/wp-content\/uploads\/2011\/11\/DSCF00541-150x150.jpg\" class=\"attachment-thumbnail size-thumbnail\" alt=\"\" aria-describedby=\"gallery-1-15062\" \/><\/a>\n\t\t\t<\/dt>\n\t\t\t\t<dd class='wp-caption-text gallery-caption' id='gallery-1-15062'>\n\t\t\t\tLandgericht\n\t\t\t\t<\/dd><\/dl><dl class='gallery-item'>\n\t\t\t<dt class='gallery-icon portrait'>\n\t\t\t\t<a href='http:\/\/www.denkfried.de\/wp\/?attachment_id=15072'><img loading=\"lazy\" decoding=\"async\" width=\"150\" height=\"150\" src=\"http:\/\/www.denkfried.de\/wp\/wp-content\/uploads\/2011\/11\/1914-1918-150x150.jpg\" class=\"attachment-thumbnail size-thumbnail\" alt=\"\" aria-describedby=\"gallery-1-15072\" \/><\/a>\n\t\t\t<\/dt>\n\t\t\t\t<dd class='wp-caption-text gallery-caption' id='gallery-1-15072'>\n\t\t\t\tHochschule der K\u00fcnste\n\t\t\t\t<\/dd><\/dl><dl class='gallery-item'>\n\t\t\t<dt class='gallery-icon portrait'>\n\t\t\t\t<a href='http:\/\/www.denkfried.de\/wp\/?attachment_id=15071'><img loading=\"lazy\" decoding=\"async\" width=\"150\" height=\"150\" src=\"http:\/\/www.denkfried.de\/wp\/wp-content\/uploads\/2011\/11\/1914-1918-2-150x150.jpg\" class=\"attachment-thumbnail size-thumbnail\" alt=\"\" aria-describedby=\"gallery-1-15071\" \/><\/a>\n\t\t\t<\/dt>\n\t\t\t\t<dd class='wp-caption-text gallery-caption' id='gallery-1-15071'>\n\t\t\t\tHochschule der K\u00fcnste\n\t\t\t\t<\/dd><\/dl><br style=\"clear: both\" \/>\n\t\t<\/div>\n\n<p><strong>1813-15 Gedenktafel<\/strong> in der Luisen-Kirche am Gierkeplatz. Hier gab es eine Gedenktafel die durch Bombenangriffe im zweiten Weltkrieg zerst\u00f6rt wurde. Die Kirche brannte bis auf die Grundmauer nieder. Ein Eisernes Kreuz und\u00a0Lorbeer Zweige zierte die Tafel, desweiteren gab es folgende Inschrift:<\/p>\n<p style=\"text-align: center;\"><em><strong>Mit Gott f\u00fcr K\u00f6nig und Vaterland<\/strong><\/em><\/p>\n<p style=\"text-align: center;\"><em><strong>Aus diesem Kirchspiel starben<\/strong><\/em><\/p>\n<p style=\"text-align: center;\"><em><strong>f\u00fcr K\u00f6nig und Vaterland<\/strong><\/em><\/p>\n<p style=\"text-align: center;\"><em><strong>in den Jahren 1813, 1814, 1815<\/strong><\/em><\/p>\n<p>\u00a0Hier waren 28 Namen Verzeichnet.<\/p>\n<p><strong>Gedenktafel <\/strong>Amtsgericht, Amtsgerichtplatz 1. Hier h\u00e4ngen im 1 OG zwei Tafeln f\u00fcr Gefallenen aus den Ersten Weltkrieg.<\/p>\n<p>Inschrift:<\/p>\n<address style=\"text-align: center;\"><em><strong>Es starben im Weltkriege<\/strong><\/em><\/address>\n<address style=\"text-align: center;\">\u00a0<\/address>\n<p style=\"text-align: left;\">Insgesamt sind hier 35 Namen verzeichnet.<\/p>\n<p><strong>Gedenktafel <\/strong>Landgericht, Tegeler Weg. Eine Ehrentafel im Erdgeschoss f\u00fcr die Gefallenen des Ersten Weltkrieges. Gefertigt von Hans Schellhorn 1921, folgende Inschrift ist zu lesen:<\/p>\n<address style=\"text-align: center;\"><em><strong>F\u00fcr das Vaterland starben<\/strong><\/em><\/address>\n<address style=\"text-align: center;\"><em><strong>Errichtet von den Beamten und Rechtsanw\u00e4lten<\/strong><\/em><\/address>\n<address style=\"text-align: center;\"><em><strong>des Landgerichts III in Berlin<\/strong><\/em><\/address>\n<address style=\"text-align: center;\">\u00a0<\/address>\n<p style=\"text-align: left;\">Insgesamt sind hier 48 Namen verzeichnet.<\/p>\n<p style=\"text-align: left;\"><strong>Gedenktafel <\/strong>Hochschule der K\u00fcnste, Hardenbergstra\u00dfe. Im Erdgeschoss hinter der Eingangshalle, gegen\u00fcber dem Eingang. Hier befindet sich links an der Wand eine steinernde Gedenktafel.<\/p>\n<p style=\"text-align: left;\">Inschrift:<\/p>\n<address style=\"text-align: center;\"><em><strong>In den Kriegsjahren 1914-1918<\/strong><\/em><\/address>\n<address style=\"text-align: center;\"><em><strong>Starben den Heldentod<\/strong><\/em><\/address>\n<address style=\"text-align: center;\"><em><strong>Die Studierenden, die Beamten<\/strong><\/em><\/address>\n<address style=\"text-align: center;\">\u00a0<\/address>\n<p style=\"text-align: left;\">Insgesamt sind hier 23 Namen verzeichnet.<\/p>\n<p style=\"text-align: left;\">Die Namen wurden in die Datenbank eingepflegt.<\/p>\n","protected":false},"excerpt":{"rendered":"<p>&nbsp; Berlin-Charlottenburg &#8211; Gedenktafeln Bericht und Bilder von Thomas\u00a0Gefallenendenkm\u00e4ler Berlin\/Brandenburg 1813-15 Gedenktafel in der Luisen-Kirche am Gierkeplatz. Hier gab es eine Gedenktafel die durch Bombenangriffe im zweiten Weltkrieg zerst\u00f6rt wurde. Die Kirche brannte bis auf die Grundmauer nieder. Ein Eisernes &hellip; <a href=\"http:\/\/www.denkfried.de\/wp\/?page_id=15059\">Weiterlesen <span class=\"meta-nav\">&rarr;<\/span><\/a><\/p>\n","protected":false},"author":9,"featured_media":0,"parent":16107,"menu_order":0,"comment_status":"closed","ping_status":"open","template":"","meta":{"footnotes":""},"class_list":["post-15059","page","type-page","status-publish","hentry"],"_links":{"self":[{"href":"http:\/\/www.denkfried.de\/wp\/index.php?rest_route=\/wp\/v2\/pages\/15059","targetHints":{"allow":["GET"]}}],"collection":[{"href":"http:\/\/www.denkfried.de\/wp\/index.php?rest_route=\/wp\/v2\/pages"}],"about":[{"href":"http:\/\/www.denkfried.de\/wp\/index.php?rest_route=\/wp\/v2\/types\/page"}],"author":[{"embeddable":true,"href":"http:\/\/www.denkfried.de\/wp\/index.php?rest_route=\/wp\/v2\/users\/9"}],"replies":[{"embeddable":true,"href":"http:\/\/www.denkfried.de\/wp\/index.php?rest_route=%2Fwp%2Fv2%2Fcomments&post=15059"}],"version-history":[{"count":27,"href":"http:\/\/www.denkfried.de\/wp\/index.php?rest_route=\/wp\/v2\/pages\/15059\/revisions"}],"predecessor-version":[{"id":38818,"href":"http:\/\/www.denkfried.de\/wp\/index.php?rest_route=\/wp\/v2\/pages\/15059\/revisions\/38818"}],"up":[{"embeddable":true,"href":"http:\/\/www.denkfried.de\/wp\/index.php?rest_route=\/wp\/v2\/pages\/16107"}],"wp:attachment":[{"href":"http:\/\/www.denkfried.de\/wp\/index.php?rest_route=%2Fwp%2Fv2%2Fmedia&parent=15059"}],"curies":[{"name":"wp","href":"https:\/\/api.w.org\/{rel}","templated":true}]}}