{"id":14793,"date":"2011-11-08T14:02:24","date_gmt":"2011-11-08T13:02:24","guid":{"rendered":"http:\/\/www.denkfried.de\/wp\/?page_id=14793"},"modified":"2012-09-15T19:26:16","modified_gmt":"2012-09-15T17:26:16","slug":"zossen-ot-nachst-neuendorf","status":"publish","type":"page","link":"http:\/\/www.denkfried.de\/wp\/?page_id=14793","title":{"rendered":"OT N\u00e4chst Neuendorf"},"content":{"rendered":"<p>&nbsp;<\/p>\n<p><span style=\"text-decoration: underline;\">15806 Zossen &#8211; <strong>OT N\u00e4chst Neuendorf<\/strong><\/span><\/p>\n<p>Bericht und Bilder von Thomas <a href=\"http:\/\/potsdamer-ehrenmale.de.tl\/Hauptseite.htm\">Potsdamer-Ehrenmale.de<\/a><\/p>\n<div id='gallery-1' class='gallery galleryid-14793 gallery-columns-3 gallery-size-thumbnail'><dl class='gallery-item'>\n\t\t\t<dt class='gallery-icon landscape'>\n\t\t\t\t<a href='http:\/\/www.denkfried.de\/wp\/?attachment_id=14799'><img loading=\"lazy\" decoding=\"async\" width=\"150\" height=\"150\" src=\"http:\/\/www.denkfried.de\/wp\/wp-content\/uploads\/2011\/11\/DSCF1290-150x150.jpg\" class=\"attachment-thumbnail size-thumbnail\" alt=\"\" \/><\/a>\n\t\t\t<\/dt><\/dl><dl class='gallery-item'>\n\t\t\t<dt class='gallery-icon portrait'>\n\t\t\t\t<a href='http:\/\/www.denkfried.de\/wp\/?attachment_id=14796'><img loading=\"lazy\" decoding=\"async\" width=\"150\" height=\"150\" src=\"http:\/\/www.denkfried.de\/wp\/wp-content\/uploads\/2011\/11\/DSCF1275-150x150.jpg\" class=\"attachment-thumbnail size-thumbnail\" alt=\"\" \/><\/a>\n\t\t\t<\/dt><\/dl><dl class='gallery-item'>\n\t\t\t<dt class='gallery-icon portrait'>\n\t\t\t\t<a href='http:\/\/www.denkfried.de\/wp\/?attachment_id=14797'><img loading=\"lazy\" decoding=\"async\" width=\"150\" height=\"150\" src=\"http:\/\/www.denkfried.de\/wp\/wp-content\/uploads\/2011\/11\/DSCF1276-150x150.jpg\" class=\"attachment-thumbnail size-thumbnail\" alt=\"\" \/><\/a>\n\t\t\t<\/dt><\/dl><br style=\"clear: both\" \/><dl class='gallery-item'>\n\t\t\t<dt class='gallery-icon portrait'>\n\t\t\t\t<a href='http:\/\/www.denkfried.de\/wp\/?attachment_id=14794'><img loading=\"lazy\" decoding=\"async\" width=\"150\" height=\"150\" src=\"http:\/\/www.denkfried.de\/wp\/wp-content\/uploads\/2011\/11\/DSCF1272-150x150.jpg\" class=\"attachment-thumbnail size-thumbnail\" alt=\"\" \/><\/a>\n\t\t\t<\/dt><\/dl><dl class='gallery-item'>\n\t\t\t<dt class='gallery-icon landscape'>\n\t\t\t\t<a href='http:\/\/www.denkfried.de\/wp\/?attachment_id=14795'><img loading=\"lazy\" decoding=\"async\" width=\"150\" height=\"150\" src=\"http:\/\/www.denkfried.de\/wp\/wp-content\/uploads\/2011\/11\/DSCF1273-150x150.jpg\" class=\"attachment-thumbnail size-thumbnail\" alt=\"\" \/><\/a>\n\t\t\t<\/dt><\/dl><dl class='gallery-item'>\n\t\t\t<dt class='gallery-icon landscape'>\n\t\t\t\t<a href='http:\/\/www.denkfried.de\/wp\/?attachment_id=14798'><img loading=\"lazy\" decoding=\"async\" width=\"150\" height=\"150\" src=\"http:\/\/www.denkfried.de\/wp\/wp-content\/uploads\/2011\/11\/DSCF1286-150x150.jpg\" class=\"attachment-thumbnail size-thumbnail\" alt=\"\" \/><\/a>\n\t\t\t<\/dt><\/dl><br style=\"clear: both\" \/>\n\t\t<\/div>\n\n<p>Eine Gedenkanlage an der Dorfstra\u00dfe, zwei Felsen sind f\u00fcr die Kriege 1813 und 1870-71.\u00a0Auf einem\u00a0gemauertem\u00a0Sockel ist eine Granitstele f\u00fcr die Gefallenen der beiden Weltkriege<\/p>\n<p style=\"text-align: center;\"><strong>Den Heldentod starben 1914-1918 Ehren den Gefallenen<\/strong><\/p>\n<p style=\"text-align: center;\"><strong>Den Gefallenen zum Gedenken den Lebenden zur Mahnung<\/strong><\/p>\n<p style=\"text-align: center;\"><strong>Die Gefallenen und Vermi\u00dften des 2. Weltkrieges 01.09.1939 bis 08.05.1945 der Gemeinde N\u00e4chst-Neuendorf<\/strong><\/p>\n<p><strong>Namen 1914-1918<\/strong><\/p>\n<address>Edmund Slowinsky R.I.R. 20 \u2020\u00a002.11.2914<\/address>\n<address>Emil Schulze G.G.R 4 \u2020\u00a019.03.1915<\/address>\n<address>Karl Kockert L.I.R. 12 \u2020\u00a027.07.1916<\/address>\n<address>Reinhold Kaiser Infanterie-Regiment 68 \u2020\u00a006.09.1916<\/address>\n<address>Fritz Pommer G.G.R. 5 \u2020\u00a005.11.1916<\/address>\n<address>Fritz Zeuke G.R. 12 \u2020\u00a019.04.1917<\/address>\n<address>Friedrich Fricke Reserve-Infanterie-Regiment 201 \u2020\u00a030.10.1917<\/address>\n<address>Hermann M\u00fcller A.R. 52 \u2020\u00a018.02.1918<\/address>\n<address>Otto Schulze Infanterie-Regiment 42 \u2020\u00a001.08.1918<\/address>\n<address>Willi J\u00e4ser Infanterie-Regiment 23 \u2020\u00a029.09.1918<\/address>\n<address>Otto Heinze Ersatz-Reserve 1 \u2020\u00a029.10.1918<\/address>\n<address>Otto Ohler Grenzschutz Ost \u2020\u00a014.02.1919<\/address>\n<address>\u00a0<\/address>\n<address><strong style=\"font-size: 16px; font-style: normal; line-height: 24px;\">Namen 1939-1945<\/strong><\/address>\n<address>\u00a0<\/address>\n<address>Johann Beck<\/address>\n<address>Gerhard Bochow<\/address>\n<address>Horst Bochow<\/address>\n<address>Fritz Briesenick<\/address>\n<address>Hugo Denke<\/address>\n<address>Erich Kotzte<\/address>\n<address>Ernst Kotzte<\/address>\n<address>Kurt Pollin<\/address>\n<address>Alfred Reetz<\/address>\n<address>Gerhard Reetz<\/address>\n<address>Konrad Schadow<\/address>\n<address>Walter Schulze<\/address>\n<address>Otto Streich<\/address>\n<address>Kurt Voeckler<\/address>\n<address>\u00a0<\/address>\n","protected":false},"excerpt":{"rendered":"<p>&nbsp; 15806 Zossen &#8211; OT N\u00e4chst Neuendorf Bericht und Bilder von Thomas Potsdamer-Ehrenmale.de Eine Gedenkanlage an der Dorfstra\u00dfe, zwei Felsen sind f\u00fcr die Kriege 1813 und 1870-71.\u00a0Auf einem\u00a0gemauertem\u00a0Sockel ist eine Granitstele f\u00fcr die Gefallenen der beiden Weltkriege Den Heldentod starben &hellip; <a href=\"http:\/\/www.denkfried.de\/wp\/?page_id=14793\">Weiterlesen <span class=\"meta-nav\">&rarr;<\/span><\/a><\/p>\n","protected":false},"author":9,"featured_media":0,"parent":24062,"menu_order":0,"comment_status":"closed","ping_status":"open","template":"","meta":{"footnotes":""},"class_list":["post-14793","page","type-page","status-publish","hentry"],"_links":{"self":[{"href":"http:\/\/www.denkfried.de\/wp\/index.php?rest_route=\/wp\/v2\/pages\/14793","targetHints":{"allow":["GET"]}}],"collection":[{"href":"http:\/\/www.denkfried.de\/wp\/index.php?rest_route=\/wp\/v2\/pages"}],"about":[{"href":"http:\/\/www.denkfried.de\/wp\/index.php?rest_route=\/wp\/v2\/types\/page"}],"author":[{"embeddable":true,"href":"http:\/\/www.denkfried.de\/wp\/index.php?rest_route=\/wp\/v2\/users\/9"}],"replies":[{"embeddable":true,"href":"http:\/\/www.denkfried.de\/wp\/index.php?rest_route=%2Fwp%2Fv2%2Fcomments&post=14793"}],"version-history":[{"count":16,"href":"http:\/\/www.denkfried.de\/wp\/index.php?rest_route=\/wp\/v2\/pages\/14793\/revisions"}],"predecessor-version":[{"id":14802,"href":"http:\/\/www.denkfried.de\/wp\/index.php?rest_route=\/wp\/v2\/pages\/14793\/revisions\/14802"}],"up":[{"embeddable":true,"href":"http:\/\/www.denkfried.de\/wp\/index.php?rest_route=\/wp\/v2\/pages\/24062"}],"wp:attachment":[{"href":"http:\/\/www.denkfried.de\/wp\/index.php?rest_route=%2Fwp%2Fv2%2Fmedia&parent=14793"}],"curies":[{"name":"wp","href":"https:\/\/api.w.org\/{rel}","templated":true}]}}