{"id":10450,"date":"2011-07-25T20:14:27","date_gmt":"2011-07-25T18:14:27","guid":{"rendered":"http:\/\/www.denkfried.de\/wp\/?page_id=10450"},"modified":"2015-12-27T20:27:38","modified_gmt":"2015-12-27T19:27:38","slug":"staaken","status":"publish","type":"page","link":"http:\/\/www.denkfried.de\/wp\/?page_id=10450","title":{"rendered":"Staaken"},"content":{"rendered":"<p>&nbsp;<\/p>\n<p><span style=\"text-decoration: underline;\"><strong>13591 Berlin-Staaken<\/strong><\/span> Dorfkirche<\/p>\n<p>Bericht und Bilder von Thomas\u00a0<a href=\"http:\/\/g-bb.jimdo.com\/\">Gefallenendenkm\u00e4ler Berlin\/Brandenburg<\/a><\/p>\n<div id='gallery-1' class='gallery galleryid-10450 gallery-columns-4 gallery-size-thumbnail'><dl class='gallery-item'>\n\t\t\t<dt class='gallery-icon portrait'>\n\t\t\t\t<a href='http:\/\/www.denkfried.de\/wp\/?attachment_id=36386'><img loading=\"lazy\" decoding=\"async\" width=\"150\" height=\"150\" src=\"http:\/\/www.denkfried.de\/wp\/wp-content\/uploads\/2011\/07\/Berlin-Staaken-Gedenktafel-150x150.jpg\" class=\"attachment-thumbnail size-thumbnail\" alt=\"\" \/><\/a>\n\t\t\t<\/dt><\/dl><dl class='gallery-item'>\n\t\t\t<dt class='gallery-icon landscape'>\n\t\t\t\t<a href='http:\/\/www.denkfried.de\/wp\/?attachment_id=10455'><img loading=\"lazy\" decoding=\"async\" width=\"150\" height=\"150\" src=\"http:\/\/www.denkfried.de\/wp\/wp-content\/uploads\/2011\/07\/Ehrenmal-Weltkriege-Bild-1-150x150.jpg\" class=\"attachment-thumbnail size-thumbnail\" alt=\"\" \/><\/a>\n\t\t\t<\/dt><\/dl><dl class='gallery-item'>\n\t\t\t<dt class='gallery-icon portrait'>\n\t\t\t\t<a href='http:\/\/www.denkfried.de\/wp\/?attachment_id=10456'><img loading=\"lazy\" decoding=\"async\" width=\"150\" height=\"150\" src=\"http:\/\/www.denkfried.de\/wp\/wp-content\/uploads\/2011\/07\/Ehrenmal-Weltkriege-Bild-2-150x150.jpg\" class=\"attachment-thumbnail size-thumbnail\" alt=\"\" \/><\/a>\n\t\t\t<\/dt><\/dl><dl class='gallery-item'>\n\t\t\t<dt class='gallery-icon landscape'>\n\t\t\t\t<a href='http:\/\/www.denkfried.de\/wp\/?attachment_id=10451'><img loading=\"lazy\" decoding=\"async\" width=\"150\" height=\"150\" src=\"http:\/\/www.denkfried.de\/wp\/wp-content\/uploads\/2011\/07\/Ehrenmal-Weltkriege-Bild-3-150x150.jpg\" class=\"attachment-thumbnail size-thumbnail\" alt=\"\" \/><\/a>\n\t\t\t<\/dt><\/dl><br style=\"clear: both\" \/><dl class='gallery-item'>\n\t\t\t<dt class='gallery-icon landscape'>\n\t\t\t\t<a href='http:\/\/www.denkfried.de\/wp\/?attachment_id=16455'><img loading=\"lazy\" decoding=\"async\" width=\"150\" height=\"150\" src=\"http:\/\/www.denkfried.de\/wp\/wp-content\/uploads\/2011\/07\/PICT0236-150x150.jpg\" class=\"attachment-thumbnail size-thumbnail\" alt=\"\" \/><\/a>\n\t\t\t<\/dt><\/dl><dl class='gallery-item'>\n\t\t\t<dt class='gallery-icon landscape'>\n\t\t\t\t<a href='http:\/\/www.denkfried.de\/wp\/?attachment_id=36396'><img loading=\"lazy\" decoding=\"async\" width=\"150\" height=\"150\" src=\"http:\/\/www.denkfried.de\/wp\/wp-content\/uploads\/2011\/07\/Berlin-Staaken-Sowjetisches-Ehrenmal-2-150x150.jpg\" class=\"attachment-thumbnail size-thumbnail\" alt=\"\" \/><\/a>\n\t\t\t<\/dt><\/dl><dl class='gallery-item'>\n\t\t\t<dt class='gallery-icon landscape'>\n\t\t\t\t<a href='http:\/\/www.denkfried.de\/wp\/?attachment_id=36394'><img loading=\"lazy\" decoding=\"async\" width=\"150\" height=\"150\" src=\"http:\/\/www.denkfried.de\/wp\/wp-content\/uploads\/2011\/07\/Berlin-Staaken-Sowjetisches-Ehrenmal-150x150.jpg\" class=\"attachment-thumbnail size-thumbnail\" alt=\"\" \/><\/a>\n\t\t\t<\/dt><\/dl><dl class='gallery-item'>\n\t\t\t<dt class='gallery-icon portrait'>\n\t\t\t\t<a href='http:\/\/www.denkfried.de\/wp\/?attachment_id=36395'><img loading=\"lazy\" decoding=\"async\" width=\"150\" height=\"150\" src=\"http:\/\/www.denkfried.de\/wp\/wp-content\/uploads\/2011\/07\/Berlin-Staaken-Sowjetisches-Ehrenmal-1-150x150.jpg\" class=\"attachment-thumbnail size-thumbnail\" alt=\"\" \/><\/a>\n\t\t\t<\/dt><\/dl><br style=\"clear: both\" \/>\n\t\t<\/div>\n\n<p><em>In der Dorfkirche befindet sich eine Gedenktafel f\u00fcr den\u00a0<strong>Befreiungskrieg 1813-15<\/strong>. Die originale Tafel wurde 1962 zerst\u00f6rt, die sp\u00e4ter nach Fotos rekonstruierte Gedenktafel h\u00e4ngt nun im Turmzimmer.<\/em><\/p>\n<address style=\"text-align: center;\"><em><strong>Im Rettungskampfe 1813-15 fanden den Tod<\/strong><\/em><\/address>\n<address style=\"text-align: center;\"><em><strong>f\u00fcr K\u00f6nig und Vaterland<\/strong><\/em><\/address>\n<address style=\"text-align: center;\">\u00a0<\/address>\n<address style=\"text-align: center;\">\n<address>Berghahn Joh. George Fried.<\/address>\n<address>D\u00f6ring Mich. Friedrich<\/address>\n<address>H\u00fcbner Joh. Friedrich<\/address>\n<address>Liefeld Christian Friedrich<\/address>\n<address>Liefeld\u00a0Karl Friedrich<\/address>\n<address>L\u00fcen Joachim Friedrich<\/address>\n<address>M\u00fcller\u00a0Karl Friedrich<\/address>\n<address>Teutge\u00a0Joh. Friedrich<\/address>\n<address>\u00a0\u00a0<\/address>\n<\/address>\n<p><strong>Denkmal<\/strong><\/p>\n<p>Das f\u00fcr die Gefallenen des\u00a0Ersten Weltkrieges\u00a0errichtete Denkmal befindet sich auf dem alten Kirchhof, an der Ostseite der Dorfkirche.<\/p>\n<address style=\"text-align: center;\"><em><strong>Seinen gefallenen S\u00f6hnen<\/strong><\/em><\/address>\n<address style=\"text-align: center;\"><em><strong>Das dankbare Staaken<\/strong><\/em><\/address>\n<address style=\"text-align: center;\"><em><strong>1914-1918<\/strong><\/em><\/address>\n<address style=\"text-align: center;\">\u00a0<\/address>\n<p>Auf dem Sockel wurden sp\u00e4ter zur gleichzeitigen Erinnerung an die Gefallenen des Zweiten Weltkrieges, die Jahreszahlen\u00a0<strong>1939-1945\u00a0<\/strong>hinzugesetzt.<\/p>\n<p>Das Gedenkkreuz vom Oberstabsarzt Pfautsch auf dem Kirchhof, wurde nach\u00a0Aufl\u00f6sung\u00a0der Grabst\u00e4tte in Ludwigslust, nach Staaken \u00fcberf\u00fchrt.\u00a0Pfautsch war als Pastorensohn in Staaken geboren.<\/p>\n<p><strong>Sowjetisches Ehrenmal<\/strong><\/p>\n<address>\u00a0<\/address>\n","protected":false},"excerpt":{"rendered":"<p>&nbsp; 13591 Berlin-Staaken Dorfkirche Bericht und Bilder von Thomas\u00a0Gefallenendenkm\u00e4ler Berlin\/Brandenburg In der Dorfkirche befindet sich eine Gedenktafel f\u00fcr den\u00a0Befreiungskrieg 1813-15. Die originale Tafel wurde 1962 zerst\u00f6rt, die sp\u00e4ter nach Fotos rekonstruierte Gedenktafel h\u00e4ngt nun im Turmzimmer. Im Rettungskampfe 1813-15 fanden &hellip; <a href=\"http:\/\/www.denkfried.de\/wp\/?page_id=10450\">Weiterlesen <span class=\"meta-nav\">&rarr;<\/span><\/a><\/p>\n","protected":false},"author":2,"featured_media":0,"parent":4568,"menu_order":0,"comment_status":"closed","ping_status":"open","template":"","meta":{"footnotes":""},"class_list":["post-10450","page","type-page","status-publish","hentry"],"_links":{"self":[{"href":"http:\/\/www.denkfried.de\/wp\/index.php?rest_route=\/wp\/v2\/pages\/10450","targetHints":{"allow":["GET"]}}],"collection":[{"href":"http:\/\/www.denkfried.de\/wp\/index.php?rest_route=\/wp\/v2\/pages"}],"about":[{"href":"http:\/\/www.denkfried.de\/wp\/index.php?rest_route=\/wp\/v2\/types\/page"}],"author":[{"embeddable":true,"href":"http:\/\/www.denkfried.de\/wp\/index.php?rest_route=\/wp\/v2\/users\/2"}],"replies":[{"embeddable":true,"href":"http:\/\/www.denkfried.de\/wp\/index.php?rest_route=%2Fwp%2Fv2%2Fcomments&post=10450"}],"version-history":[{"count":27,"href":"http:\/\/www.denkfried.de\/wp\/index.php?rest_route=\/wp\/v2\/pages\/10450\/revisions"}],"predecessor-version":[{"id":39948,"href":"http:\/\/www.denkfried.de\/wp\/index.php?rest_route=\/wp\/v2\/pages\/10450\/revisions\/39948"}],"up":[{"embeddable":true,"href":"http:\/\/www.denkfried.de\/wp\/index.php?rest_route=\/wp\/v2\/pages\/4568"}],"wp:attachment":[{"href":"http:\/\/www.denkfried.de\/wp\/index.php?rest_route=%2Fwp%2Fv2%2Fmedia&parent=10450"}],"curies":[{"name":"wp","href":"https:\/\/api.w.org\/{rel}","templated":true}]}}