{"id":10366,"date":"2011-07-23T15:22:08","date_gmt":"2011-07-23T13:22:08","guid":{"rendered":"http:\/\/www.denkfried.de\/wp\/?page_id=10366"},"modified":"2011-07-23T15:22:08","modified_gmt":"2011-07-23T13:22:08","slug":"igensdorf-denkmal","status":"publish","type":"page","link":"http:\/\/www.denkfried.de\/wp\/?page_id=10366","title":{"rendered":"Igensdorf   (Denkmal)"},"content":{"rendered":"<p>&nbsp;<\/p>\n<p><span style=\"text-decoration: underline;\"><strong>91338 Igensdorf<\/strong><\/span><\/p>\n<p>&nbsp;<\/p>\n<p><em>Bericht und Fotos von Josef M. (md11)<\/em><\/p>\n<p><em>Gedenktafel f\u00fcr die Gefallenen Soldaten des 1.Weltkrieges 1914-1918,<\/em><br \/>\n<em>vom Markt Igensdorf und den Ortsteilen- Dachstadt,Etlaswind,Frohnhof,Letten,Oberlindelbach,Unterlindelbach,<\/em><br \/>\n<em>Mitteldorf,Pettensiedel und St\u00f6ckach.<\/em><\/p>\n<p><em>Der Markt Igensdorf befindet sich in der Fr\u00e4nkische Schweiz und geh\u00f6rt zum Landkreis Forchheim.Die Gedenktafel befindet sich im Hof der St.Georgs Kirche in Igensdorf.<\/em><\/p>\n<p><em>Weil die Gedenktafel schlecht lesbar ist,liste ich die ganzen Namen mal auf.<\/em><\/p>\n<p><em>Igensdorf<\/em><br \/>\n<em>Johann Grasser<\/em><br \/>\n<em>Konr.Habermann<\/em><br \/>\n<em>Joh.Gg.Habermann<\/em><br \/>\n<em>Andreas Meyer<\/em><br \/>\n<em>Hans Rauh<\/em><br \/>\n<em>Georg V\u00f6lkel<\/em><br \/>\n<em>Wolfgang Weber<\/em><\/p>\n<p><em>Dachstadt<\/em><br \/>\n<em>Heinrich Friedrich<\/em><br \/>\n<em>Johann Friedrich<\/em><br \/>\n<em>Johann Hofmann<\/em><br \/>\n<em>Andreas Maussner<\/em><br \/>\n<em>Johann Wittmann<\/em><br \/>\n<em>Johann W\u00f6lfel<\/em><\/p>\n<p><em>Etlaswind<\/em><br \/>\n<em>Lorenz Alt<\/em><br \/>\n<em>Ernst Kuhn<\/em><br \/>\n<em>Georg Weiher<\/em><\/p>\n<p><em>Frohnhof<\/em><br \/>\n<em>Joh.Georg Bayer<\/em><br \/>\n<em>Johann Grasser<\/em><br \/>\n<em>Joh.Heinr.Pr\u00fctting<\/em><br \/>\n<em>Heinrich Richter<\/em><\/p>\n<p><em>Letten<\/em><br \/>\n<em>Friedrich Eckert<\/em><br \/>\n<em>Konrad Polster<\/em><\/p>\n<p><em>Oberlindelbach<\/em><br \/>\n<em>Georg Fink<\/em><br \/>\n<em>Ernst Fink<\/em><br \/>\n<em>Joh.Gg.Gebhardt<\/em><br \/>\n<em>Georg Heinlein<\/em><br \/>\n<em>Joh.Gg.Regelein<\/em><br \/>\n<em>Johann Wedel<\/em><\/p>\n<p><em>Unterlindelbach<\/em><br \/>\n<em>Johann Fink<\/em><br \/>\n<em>Johann Gebhardt<\/em><br \/>\n<em>Georg Rank<\/em><br \/>\n<em>Joh.Georg Weber<\/em><\/p>\n<p><em>Mitteldorf<\/em><br \/>\n<em>Konr.Windisch<\/em><\/p>\n<p><em>Pettensiedel<\/em><br \/>\n<em>Johann Bauer<\/em><br \/>\n<em>Johann Giering<\/em><br \/>\n<em>Michael Giering<\/em><br \/>\n<em>Johann Meier<\/em><br \/>\n<em>Heinrich Meier<\/em><br \/>\n<em>Joh.Gg.Meier<\/em><br \/>\n<em>Johann Nepf<\/em><br \/>\n<em>Georg Polster<\/em><br \/>\n<em>Johann Schmidt<\/em><br \/>\n<em>Johann Unthelm<\/em><\/p>\n<p><em>St\u00f6ckach<\/em><br \/>\n<em>Georg Ulm<\/em><\/p>\n<div id='gallery-1' class='gallery galleryid-10366 gallery-columns-4 gallery-size-thumbnail'><dl class='gallery-item'>\n\t\t\t<dt class='gallery-icon landscape'>\n\t\t\t\t<a href='http:\/\/www.denkfried.de\/wp\/?attachment_id=10367'><img loading=\"lazy\" decoding=\"async\" width=\"150\" height=\"150\" src=\"http:\/\/www.denkfried.de\/wp\/wp-content\/uploads\/2011\/07\/41-150x150.jpg\" class=\"attachment-thumbnail size-thumbnail\" alt=\"\" \/><\/a>\n\t\t\t<\/dt><\/dl><dl class='gallery-item'>\n\t\t\t<dt class='gallery-icon landscape'>\n\t\t\t\t<a href='http:\/\/www.denkfried.de\/wp\/?attachment_id=10368'><img loading=\"lazy\" decoding=\"async\" width=\"150\" height=\"150\" src=\"http:\/\/www.denkfried.de\/wp\/wp-content\/uploads\/2011\/07\/31-150x150.jpg\" class=\"attachment-thumbnail size-thumbnail\" alt=\"\" \/><\/a>\n\t\t\t<\/dt><\/dl>\n\t\t\t<br style='clear: both' \/>\n\t\t<\/div>\n\n","protected":false},"excerpt":{"rendered":"<p>&nbsp; 91338 Igensdorf &nbsp; Bericht und Fotos von Josef M. (md11) Gedenktafel f\u00fcr die Gefallenen Soldaten des 1.Weltkrieges 1914-1918, vom Markt Igensdorf und den Ortsteilen- Dachstadt,Etlaswind,Frohnhof,Letten,Oberlindelbach,Unterlindelbach, Mitteldorf,Pettensiedel und St\u00f6ckach. Der Markt Igensdorf befindet sich in der Fr\u00e4nkische Schweiz und geh\u00f6rt &hellip; <a href=\"http:\/\/www.denkfried.de\/wp\/?page_id=10366\">Weiterlesen <span class=\"meta-nav\">&rarr;<\/span><\/a><\/p>\n","protected":false},"author":2,"featured_media":0,"parent":3387,"menu_order":0,"comment_status":"closed","ping_status":"open","template":"","meta":{"footnotes":""},"class_list":["post-10366","page","type-page","status-publish","hentry"],"_links":{"self":[{"href":"http:\/\/www.denkfried.de\/wp\/index.php?rest_route=\/wp\/v2\/pages\/10366","targetHints":{"allow":["GET"]}}],"collection":[{"href":"http:\/\/www.denkfried.de\/wp\/index.php?rest_route=\/wp\/v2\/pages"}],"about":[{"href":"http:\/\/www.denkfried.de\/wp\/index.php?rest_route=\/wp\/v2\/types\/page"}],"author":[{"embeddable":true,"href":"http:\/\/www.denkfried.de\/wp\/index.php?rest_route=\/wp\/v2\/users\/2"}],"replies":[{"embeddable":true,"href":"http:\/\/www.denkfried.de\/wp\/index.php?rest_route=%2Fwp%2Fv2%2Fcomments&post=10366"}],"version-history":[{"count":3,"href":"http:\/\/www.denkfried.de\/wp\/index.php?rest_route=\/wp\/v2\/pages\/10366\/revisions"}],"predecessor-version":[{"id":10371,"href":"http:\/\/www.denkfried.de\/wp\/index.php?rest_route=\/wp\/v2\/pages\/10366\/revisions\/10371"}],"up":[{"embeddable":true,"href":"http:\/\/www.denkfried.de\/wp\/index.php?rest_route=\/wp\/v2\/pages\/3387"}],"wp:attachment":[{"href":"http:\/\/www.denkfried.de\/wp\/index.php?rest_route=%2Fwp%2Fv2%2Fmedia&parent=10366"}],"curies":[{"name":"wp","href":"https:\/\/api.w.org\/{rel}","templated":true}]}}